{"id":77,"date":"2014-02-06T15:44:22","date_gmt":"2014-02-06T14:44:22","guid":{"rendered":"http:\/\/www.escalade.pro\/news\/?page_id=77"},"modified":"2025-04-09T11:07:16","modified_gmt":"2025-04-09T09:07:16","slug":"initiation-escalade","status":"publish","type":"page","link":"https:\/\/www.escalade.pro\/news\/initiation-escalade\/","title":{"rendered":"Initiation escalade"},"content":{"rendered":"<p><a href=\"https:\/\/www.escalade.pro\/news\/wp-content\/uploads\/2023\/07\/porte2.jpeg\"><img loading=\"lazy\" decoding=\"async\" class=\"size-medium wp-image-23154 alignright\" src=\"https:\/\/www.escalade.pro\/news\/wp-content\/uploads\/2023\/07\/porte2-225x300.jpeg\" alt=\"escalade haute savoie porte d'age\" width=\"225\" height=\"300\" srcset=\"https:\/\/www.escalade.pro\/news\/wp-content\/uploads\/2023\/07\/porte2-225x300.jpeg 225w, https:\/\/www.escalade.pro\/news\/wp-content\/uploads\/2023\/07\/porte2-768x1024.jpeg 768w, https:\/\/www.escalade.pro\/news\/wp-content\/uploads\/2023\/07\/porte2-1152x1536.jpeg 1152w, https:\/\/www.escalade.pro\/news\/wp-content\/uploads\/2023\/07\/porte2-400x533.jpeg 400w, https:\/\/www.escalade.pro\/news\/wp-content\/uploads\/2023\/07\/porte2.jpeg 1536w\" sizes=\"auto, (max-width: 225px) 100vw, 225px\" \/><\/a><strong>D\u00e8s l&rsquo;\u00e2ge de 6 ans, il est possible de d\u00e9couvrir l&rsquo;escalade.<\/strong> Apprendre le noeud de huit, assurer son partenaire, s&rsquo;asseoir dans le baudrier pour descendre et donc faire confiance \u00e0 ce m\u00eame partenaire&#8230; toutes ces d\u00e9couvertes et premi\u00e8res \u00e9motions restent inoubliables.<\/p>\n<p><strong>Rejoignez nous pour d\u00e9couvrir l&rsquo;escalade en toute s\u00e9curit\u00e9 lors d&rsquo;une s\u00e9ance qui sera adapt\u00e9e \u00e0 votre forme physique et \u00e0 votre \u00e2ge.<\/strong> Cette initiation ne sera qu&rsquo;un commencement et vous donnera envie d&rsquo;aller plus loin.<br \/>\n<strong>Les s\u00e9ances d&rsquo;initiation d&rsquo;escalade sont possibles en salle ou en falaise (c&rsquo;est le mieux \u00e9videmment), sur des dur\u00e9es de 2h, 3h, ou une journ\u00e9e.<\/strong><\/p>\n<h6><u><strong>Tarifs:<\/strong><\/u><\/h6>\n<table style=\"border-collapse: collapse; width: 100%; height: 264px;\">\n<tbody>\n<tr style=\"height: 192px;\">\n<td style=\"width: 14.2857%; height: 192px; text-align: center;\">&nbsp;<\/td>\n<td style=\"width: 14.2857%; height: 192px; text-align: left;\">Salles <a href=\"https:\/\/www.escalade.pro\/news\/salle-escalade-entrainement-magland\/\">Arqu\u00e9e Libre<\/a>, Mont Blanc Escalade, Arkose, Le Topo (o\u00f9 il vous faudra payer mon entr\u00e9e) &#8211; Blocs de M\u00e9donnet<\/td>\n<td style=\"width: 14.2857%; height: 192px; text-align: left;\">Falaises de la vall\u00e9e de l\u2019Arve et du Giffre<\/td>\n<td style=\"width: 14.2857%; height: 192px; text-align: left;\">Salles commerciales de Haute Savoie et du canton de Gen\u00e8ve<\/td>\n<td style=\"width: 14.2857%; height: 192px; text-align: left;\">Falaises et blocs de Haute Savoie et du canton de Gen\u00e8ve<\/td>\n<td style=\"width: 14.2857%; height: 192px; text-align: left;\">Suisse Romande (Valais, Vaud) et Savoie<\/td>\n<td style=\"width: 14.2857%; height: 192px; text-align: left;\">Plus loin<\/td>\n<\/tr>\n<tr style=\"height: 24px;\">\n<td style=\"width: 14.2857%; height: 24px;\">2 heures<\/td>\n<td style=\"width: 14.2857%; height: 24px; text-align: center;\">130\u20ac<\/td>\n<td style=\"width: 14.2857%; height: 24px; text-align: center;\">\/<\/td>\n<td style=\"width: 14.2857%; height: 24px; text-align: center;\">150\u20ac<\/td>\n<td style=\"width: 14.2857%; height: 24px; text-align: center;\">\/<\/td>\n<td style=\"width: 14.2857%; height: 24px; text-align: center;\">170\u20ac (indoor)<\/td>\n<td style=\"width: 14.2857%; height: 24px; text-align: center;\">\/<\/td>\n<\/tr>\n<tr style=\"height: 24px;\">\n<td style=\"width: 14.2857%; height: 24px;\">3 heures<\/td>\n<td style=\"width: 14.2857%; height: 24px; text-align: center;\">190\u20ac<\/td>\n<td style=\"width: 14.2857%; height: 24px; text-align: center;\">190\u20ac<\/td>\n<td style=\"width: 14.2857%; height: 24px; text-align: center;\">210\u20ac<\/td>\n<td style=\"width: 14.2857%; height: 24px; text-align: center;\">210\u20ac<\/td>\n<td style=\"width: 14.2857%; height: 24px; text-align: center;\">250\u20ac<\/td>\n<td style=\"width: 14.2857%; height: 24px; text-align: center;\">\/<\/td>\n<\/tr>\n<tr style=\"height: 24px;\">\n<td style=\"width: 14.2857%; height: 24px;\">journ\u00e9e (8h)<\/td>\n<td style=\"width: 14.2857%; height: 24px; text-align: center;\">\/<\/td>\n<td style=\"width: 14.2857%; height: 24px; text-align: center;\">340\u20ac<\/td>\n<td style=\"width: 14.2857%; height: 24px; text-align: center;\">\/<\/td>\n<td style=\"width: 14.2857%; height: 24px; text-align: center;\">360\u20ac<\/td>\n<td style=\"width: 14.2857%; height: 24px; text-align: center;\">420\u20ac<\/td>\n<td style=\"width: 14.2857%; height: 24px; text-align: center;\">sur devis<\/td>\n<\/tr>\n<\/tbody>\n<\/table>\n<p>Voir <a href=\"https:\/\/www.escalade.pro\/news\/autres-2\/conditions-generales-vente\/\">conditions g\u00e9n\u00e9rales de vente<\/a>.<\/p>\n","protected":false},"excerpt":{"rendered":"<p>D\u00e8s l&rsquo;\u00e2ge de 6 ans, il est possible de d\u00e9couvrir l&rsquo;escalade. Apprendre le noeud de huit, assurer son partenaire, s&rsquo;asseoir dans le baudrier pour descendre et donc faire confiance \u00e0 son partenaire&#8230; toutes ces d\u00e9couvertes et premi\u00e8res \u00e9motions restent inoubliables.<\/p>\n","protected":false},"author":1,"featured_media":16711,"parent":0,"menu_order":1,"comment_status":"closed","ping_status":"closed","template":"","meta":{"colormag_page_container_layout":"no_sidebar_full_width","colormag_page_sidebar_layout":"no_sidebar","_monsterinsights_skip_tracking":false,"_monsterinsights_sitenote_active":false,"_monsterinsights_sitenote_note":"","_monsterinsights_sitenote_category":0,"ngg_post_thumbnail":0,"jetpack_post_was_ever_published":false,"footnotes":""},"class_list":["post-77","page","type-page","status-publish","has-post-thumbnail","hentry"],"yoast_head":"<!-- This site is optimized with the Yoast SEO plugin v27.4 - https:\/\/yoast.com\/product\/yoast-seo-wordpress\/ -->\n<title>Initiation escalade Chamonix - Grimpisme et Varappe<\/title>\n<meta name=\"description\" content=\"D\u00e8s l&#039;\u00e2ge de 6 ans, il est possible de d\u00e9couvrir l&#039;escalade avec une s\u00e9ance d&#039;initiation. Apprendre le noeud de huit, assurer son partenaire, s&#039;asseoir dans le baudrier pour descendre et donc faire confiance \u00e0 son partenaire... toutes ces d\u00e9couvertes et premi\u00e8res \u00e9motions restent inoubliables.\" \/>\n<meta name=\"robots\" content=\"index, follow, max-snippet:-1, max-image-preview:large, max-video-preview:-1\" \/>\n<link rel=\"canonical\" href=\"https:\/\/www.escalade.pro\/news\/initiation-escalade\/\" \/>\n<meta property=\"og:locale\" content=\"fr_FR\" \/>\n<meta property=\"og:type\" content=\"article\" \/>\n<meta property=\"og:title\" content=\"Initiation escalade Chamonix - Grimpisme et Varappe\" \/>\n<meta property=\"og:description\" content=\"D\u00e8s l&#039;\u00e2ge de 6 ans, il est possible de d\u00e9couvrir l&#039;escalade avec une s\u00e9ance d&#039;initiation. Apprendre le noeud de huit, assurer son partenaire, s&#039;asseoir dans le baudrier pour descendre et donc faire confiance \u00e0 son partenaire... toutes ces d\u00e9couvertes et premi\u00e8res \u00e9motions restent inoubliables.\" \/>\n<meta property=\"og:url\" content=\"https:\/\/www.escalade.pro\/news\/initiation-escalade\/\" \/>\n<meta property=\"og:site_name\" content=\"L&#039;Arqu\u00e9e Libre - Fred Vionnet entraineur\/moniteur escalade\" \/>\n<meta property=\"article:publisher\" content=\"https:\/\/www.facebook.com\/grimpisme\/\" \/>\n<meta property=\"article:modified_time\" content=\"2025-04-09T09:07:16+00:00\" \/>\n<meta property=\"og:image\" content=\"https:\/\/www.escalade.pro\/news\/wp-content\/uploads\/2018\/08\/initiation-escalade.jpg\" \/>\n\t<meta property=\"og:image:width\" content=\"500\" \/>\n\t<meta property=\"og:image:height\" content=\"667\" \/>\n\t<meta property=\"og:image:type\" content=\"image\/jpeg\" \/>\n<meta name=\"twitter:card\" content=\"summary_large_image\" \/>\n<meta name=\"twitter:label1\" content=\"Dur\u00e9e de lecture estim\u00e9e\" \/>\n\t<meta name=\"twitter:data1\" content=\"2 minutes\" \/>\n<script type=\"application\/ld+json\" class=\"yoast-schema-graph\">{\"@context\":\"https:\\\/\\\/schema.org\",\"@graph\":[{\"@type\":\"WebPage\",\"@id\":\"https:\\\/\\\/www.escalade.pro\\\/news\\\/initiation-escalade\\\/\",\"url\":\"https:\\\/\\\/www.escalade.pro\\\/news\\\/initiation-escalade\\\/\",\"name\":\"Initiation escalade Chamonix - Grimpisme et Varappe\",\"isPartOf\":{\"@id\":\"https:\\\/\\\/www.escalade.pro\\\/news\\\/#website\"},\"primaryImageOfPage\":{\"@id\":\"https:\\\/\\\/www.escalade.pro\\\/news\\\/initiation-escalade\\\/#primaryimage\"},\"image\":{\"@id\":\"https:\\\/\\\/www.escalade.pro\\\/news\\\/initiation-escalade\\\/#primaryimage\"},\"thumbnailUrl\":\"https:\\\/\\\/www.escalade.pro\\\/news\\\/wp-content\\\/uploads\\\/2018\\\/08\\\/initiation-escalade.jpg\",\"datePublished\":\"2014-02-06T14:44:22+00:00\",\"dateModified\":\"2025-04-09T09:07:16+00:00\",\"description\":\"D\u00e8s l'\u00e2ge de 6 ans, il est possible de d\u00e9couvrir l'escalade avec une s\u00e9ance d'initiation. Apprendre le noeud de huit, assurer son partenaire, s'asseoir dans le baudrier pour descendre et donc faire confiance \u00e0 son partenaire... toutes ces d\u00e9couvertes et premi\u00e8res \u00e9motions restent inoubliables.\",\"breadcrumb\":{\"@id\":\"https:\\\/\\\/www.escalade.pro\\\/news\\\/initiation-escalade\\\/#breadcrumb\"},\"inLanguage\":\"fr-FR\",\"potentialAction\":[{\"@type\":\"ReadAction\",\"target\":[\"https:\\\/\\\/www.escalade.pro\\\/news\\\/initiation-escalade\\\/\"]}]},{\"@type\":\"ImageObject\",\"inLanguage\":\"fr-FR\",\"@id\":\"https:\\\/\\\/www.escalade.pro\\\/news\\\/initiation-escalade\\\/#primaryimage\",\"url\":\"https:\\\/\\\/www.escalade.pro\\\/news\\\/wp-content\\\/uploads\\\/2018\\\/08\\\/initiation-escalade.jpg\",\"contentUrl\":\"https:\\\/\\\/www.escalade.pro\\\/news\\\/wp-content\\\/uploads\\\/2018\\\/08\\\/initiation-escalade.jpg\",\"width\":500,\"height\":667,\"caption\":\"initiation escalade\"},{\"@type\":\"BreadcrumbList\",\"@id\":\"https:\\\/\\\/www.escalade.pro\\\/news\\\/initiation-escalade\\\/#breadcrumb\",\"itemListElement\":[{\"@type\":\"ListItem\",\"position\":1,\"name\":\"Accueil\",\"item\":\"https:\\\/\\\/www.escalade.pro\\\/news\\\/\"},{\"@type\":\"ListItem\",\"position\":2,\"name\":\"Initiation escalade\"}]},{\"@type\":\"WebSite\",\"@id\":\"https:\\\/\\\/www.escalade.pro\\\/news\\\/#website\",\"url\":\"https:\\\/\\\/www.escalade.pro\\\/news\\\/\",\"name\":\"L&#039;Arqu\u00e9e Libre - Fred Vionnet entraineur\\\/moniteur escalade\",\"description\":\"Coaching et entrainement escalade. Buoux, C\u00e9\u00fcse et Fontainebleau.\",\"publisher\":{\"@id\":\"https:\\\/\\\/www.escalade.pro\\\/news\\\/#organization\"},\"potentialAction\":[{\"@type\":\"SearchAction\",\"target\":{\"@type\":\"EntryPoint\",\"urlTemplate\":\"https:\\\/\\\/www.escalade.pro\\\/news\\\/?s={search_term_string}\"},\"query-input\":{\"@type\":\"PropertyValueSpecification\",\"valueRequired\":true,\"valueName\":\"search_term_string\"}}],\"inLanguage\":\"fr-FR\"},{\"@type\":\"Organization\",\"@id\":\"https:\\\/\\\/www.escalade.pro\\\/news\\\/#organization\",\"name\":\"L&#039;Arqu\u00e9e Libre - Fred Vionnet entraineur\\\/moniteur escalade\",\"url\":\"https:\\\/\\\/www.escalade.pro\\\/news\\\/\",\"logo\":{\"@type\":\"ImageObject\",\"inLanguage\":\"fr-FR\",\"@id\":\"https:\\\/\\\/www.escalade.pro\\\/news\\\/#\\\/schema\\\/logo\\\/image\\\/\",\"url\":\"https:\\\/\\\/www.escalade.pro\\\/news\\\/wp-content\\\/uploads\\\/2026\\\/04\\\/logo-wp-AL-avril-2026-1.jpg\",\"contentUrl\":\"https:\\\/\\\/www.escalade.pro\\\/news\\\/wp-content\\\/uploads\\\/2026\\\/04\\\/logo-wp-AL-avril-2026-1.jpg\",\"width\":1955,\"height\":902,\"caption\":\"L&#039;Arqu\u00e9e Libre - Fred Vionnet entraineur\\\/moniteur escalade\"},\"image\":{\"@id\":\"https:\\\/\\\/www.escalade.pro\\\/news\\\/#\\\/schema\\\/logo\\\/image\\\/\"},\"sameAs\":[\"https:\\\/\\\/www.facebook.com\\\/grimpisme\\\/\",\"https:\\\/\\\/www.instagram.com\\\/grimpisme\\\/\",\"https:\\\/\\\/www.linkedin.com\\\/in\\\/fred-vionnet-6284b96a\\\/\",\"https:\\\/\\\/fr.pinterest.com\\\/grimpisme\\\/\",\"https:\\\/\\\/www.youtube.com\\\/@grimpisme\"]}]}<\/script>\n<!-- \/ Yoast SEO plugin. -->","yoast_head_json":{"title":"Initiation escalade Chamonix - Grimpisme et Varappe","description":"D\u00e8s l'\u00e2ge de 6 ans, il est possible de d\u00e9couvrir l'escalade avec une s\u00e9ance d'initiation. Apprendre le noeud de huit, assurer son partenaire, s'asseoir dans le baudrier pour descendre et donc faire confiance \u00e0 son partenaire... toutes ces d\u00e9couvertes et premi\u00e8res \u00e9motions restent inoubliables.","robots":{"index":"index","follow":"follow","max-snippet":"max-snippet:-1","max-image-preview":"max-image-preview:large","max-video-preview":"max-video-preview:-1"},"canonical":"https:\/\/www.escalade.pro\/news\/initiation-escalade\/","og_locale":"fr_FR","og_type":"article","og_title":"Initiation escalade Chamonix - Grimpisme et Varappe","og_description":"D\u00e8s l'\u00e2ge de 6 ans, il est possible de d\u00e9couvrir l'escalade avec une s\u00e9ance d'initiation. Apprendre le noeud de huit, assurer son partenaire, s'asseoir dans le baudrier pour descendre et donc faire confiance \u00e0 son partenaire... toutes ces d\u00e9couvertes et premi\u00e8res \u00e9motions restent inoubliables.","og_url":"https:\/\/www.escalade.pro\/news\/initiation-escalade\/","og_site_name":"L&#039;Arqu\u00e9e Libre - Fred Vionnet entraineur\/moniteur escalade","article_publisher":"https:\/\/www.facebook.com\/grimpisme\/","article_modified_time":"2025-04-09T09:07:16+00:00","og_image":[{"width":500,"height":667,"url":"https:\/\/www.escalade.pro\/news\/wp-content\/uploads\/2018\/08\/initiation-escalade.jpg","type":"image\/jpeg"}],"twitter_card":"summary_large_image","twitter_misc":{"Dur\u00e9e de lecture estim\u00e9e":"2 minutes"},"schema":{"@context":"https:\/\/schema.org","@graph":[{"@type":"WebPage","@id":"https:\/\/www.escalade.pro\/news\/initiation-escalade\/","url":"https:\/\/www.escalade.pro\/news\/initiation-escalade\/","name":"Initiation escalade Chamonix - Grimpisme et Varappe","isPartOf":{"@id":"https:\/\/www.escalade.pro\/news\/#website"},"primaryImageOfPage":{"@id":"https:\/\/www.escalade.pro\/news\/initiation-escalade\/#primaryimage"},"image":{"@id":"https:\/\/www.escalade.pro\/news\/initiation-escalade\/#primaryimage"},"thumbnailUrl":"https:\/\/www.escalade.pro\/news\/wp-content\/uploads\/2018\/08\/initiation-escalade.jpg","datePublished":"2014-02-06T14:44:22+00:00","dateModified":"2025-04-09T09:07:16+00:00","description":"D\u00e8s l'\u00e2ge de 6 ans, il est possible de d\u00e9couvrir l'escalade avec une s\u00e9ance d'initiation. Apprendre le noeud de huit, assurer son partenaire, s'asseoir dans le baudrier pour descendre et donc faire confiance \u00e0 son partenaire... toutes ces d\u00e9couvertes et premi\u00e8res \u00e9motions restent inoubliables.","breadcrumb":{"@id":"https:\/\/www.escalade.pro\/news\/initiation-escalade\/#breadcrumb"},"inLanguage":"fr-FR","potentialAction":[{"@type":"ReadAction","target":["https:\/\/www.escalade.pro\/news\/initiation-escalade\/"]}]},{"@type":"ImageObject","inLanguage":"fr-FR","@id":"https:\/\/www.escalade.pro\/news\/initiation-escalade\/#primaryimage","url":"https:\/\/www.escalade.pro\/news\/wp-content\/uploads\/2018\/08\/initiation-escalade.jpg","contentUrl":"https:\/\/www.escalade.pro\/news\/wp-content\/uploads\/2018\/08\/initiation-escalade.jpg","width":500,"height":667,"caption":"initiation escalade"},{"@type":"BreadcrumbList","@id":"https:\/\/www.escalade.pro\/news\/initiation-escalade\/#breadcrumb","itemListElement":[{"@type":"ListItem","position":1,"name":"Accueil","item":"https:\/\/www.escalade.pro\/news\/"},{"@type":"ListItem","position":2,"name":"Initiation escalade"}]},{"@type":"WebSite","@id":"https:\/\/www.escalade.pro\/news\/#website","url":"https:\/\/www.escalade.pro\/news\/","name":"L&#039;Arqu\u00e9e Libre - Fred Vionnet entraineur\/moniteur escalade","description":"Coaching et entrainement escalade. Buoux, C\u00e9\u00fcse et Fontainebleau.","publisher":{"@id":"https:\/\/www.escalade.pro\/news\/#organization"},"potentialAction":[{"@type":"SearchAction","target":{"@type":"EntryPoint","urlTemplate":"https:\/\/www.escalade.pro\/news\/?s={search_term_string}"},"query-input":{"@type":"PropertyValueSpecification","valueRequired":true,"valueName":"search_term_string"}}],"inLanguage":"fr-FR"},{"@type":"Organization","@id":"https:\/\/www.escalade.pro\/news\/#organization","name":"L&#039;Arqu\u00e9e Libre - Fred Vionnet entraineur\/moniteur escalade","url":"https:\/\/www.escalade.pro\/news\/","logo":{"@type":"ImageObject","inLanguage":"fr-FR","@id":"https:\/\/www.escalade.pro\/news\/#\/schema\/logo\/image\/","url":"https:\/\/www.escalade.pro\/news\/wp-content\/uploads\/2026\/04\/logo-wp-AL-avril-2026-1.jpg","contentUrl":"https:\/\/www.escalade.pro\/news\/wp-content\/uploads\/2026\/04\/logo-wp-AL-avril-2026-1.jpg","width":1955,"height":902,"caption":"L&#039;Arqu\u00e9e Libre - Fred Vionnet entraineur\/moniteur escalade"},"image":{"@id":"https:\/\/www.escalade.pro\/news\/#\/schema\/logo\/image\/"},"sameAs":["https:\/\/www.facebook.com\/grimpisme\/","https:\/\/www.instagram.com\/grimpisme\/","https:\/\/www.linkedin.com\/in\/fred-vionnet-6284b96a\/","https:\/\/fr.pinterest.com\/grimpisme\/","https:\/\/www.youtube.com\/@grimpisme"]}]}},"jetpack_sharing_enabled":true,"jetpack_shortlink":"https:\/\/wp.me\/P68Rw6-1f","jetpack-related-posts":[{"id":26349,"url":"https:\/\/www.escalade.pro\/news\/reathletisation-retour-blessure\/","url_meta":{"origin":77,"position":0},"title":"R\u00e9athl\u00e9tisation et retour de blessure","author":"Fred Vionnet","date":"17 novembre 2024","format":false,"excerpt":"En collaboration avec votre kin\u00e9sith\u00e9rapeute, votre m\u00e9decin ou votre physio, je vous accompagne pour votre retour \u00e0 l'escalade. Reprise de l'activit\u00e9, reprise de l'entra\u00eenement, r\u00e9athl\u00e9tisation, travail de de la confiance etc. Comptez sur mon exp\u00e9rience.","rel":"","context":"Article similaire","block_context":{"text":"Article similaire","link":""},"img":{"alt_text":"entrainement escalade","src":"https:\/\/i0.wp.com\/www.escalade.pro\/news\/wp-content\/uploads\/2024\/09\/IMG_3778.jpg?resize=350%2C200&ssl=1","width":350,"height":200,"srcset":"https:\/\/i0.wp.com\/www.escalade.pro\/news\/wp-content\/uploads\/2024\/09\/IMG_3778.jpg?resize=350%2C200&ssl=1 1x, https:\/\/i0.wp.com\/www.escalade.pro\/news\/wp-content\/uploads\/2024\/09\/IMG_3778.jpg?resize=525%2C300&ssl=1 1.5x, https:\/\/i0.wp.com\/www.escalade.pro\/news\/wp-content\/uploads\/2024\/09\/IMG_3778.jpg?resize=700%2C400&ssl=1 2x"},"classes":[]},{"id":22685,"url":"https:\/\/www.escalade.pro\/news\/formation-preparation-mentale-escalade\/","url_meta":{"origin":77,"position":1},"title":"Formation \u00ab\u00a0Entra\u00eenement mental, confiance et peur de la chute\u00a0\u00bb &#8211; La \u00ab\u00a0peur du vol\u00a0\u00bb, et plus encore!","author":"Fred Vionnet","date":"26 mars 2023","format":false,"excerpt":"Plaisir, confiance et progression : apprendre \u00e0 se concentrer et \u00e0 accepter ses peurs lors de la grimpe en falaise.","rel":"","context":"Article similaire","block_context":{"text":"Article similaire","link":""},"img":{"alt_text":"peur vol escalade","src":"https:\/\/i0.wp.com\/www.escalade.pro\/news\/wp-content\/uploads\/2019\/01\/68732_444307377012_3060098_n.jpg?resize=350%2C200&ssl=1","width":350,"height":200},"classes":[]},{"id":27461,"url":"https:\/\/www.escalade.pro\/news\/entrainements-collectifs-automne-2025-printemps-26\/","url_meta":{"origin":77,"position":2},"title":"Entra\u00eenements collectifs escalade automne 2025 &#8211; printemps 2026","author":"Fred Vionnet","date":"9 juin 2025","format":false,"excerpt":"Entrainements collectifs escalade \u00e0 l'Arqu\u00e9e Libre (Magland). Pour les bloqueurs et les falaisistes, le soir en semaine. Groupes de 5 grimpeurs maximum. Mais aussi des entra\u00eenements escalade en falaise le samedi apr\u00e8s-midi.","rel":"","context":"Article similaire","block_context":{"text":"Article similaire","link":""},"img":{"alt_text":"entrainement collectif escalade arquee libre","src":"https:\/\/i0.wp.com\/www.escalade.pro\/news\/wp-content\/uploads\/2025\/06\/entrainement-collectif-2025-26-2.jpg?resize=350%2C200&ssl=1","width":350,"height":200},"classes":[]},{"id":23306,"url":"https:\/\/www.escalade.pro\/news\/atelier-grimper-progresser\/","url_meta":{"origin":77,"position":3},"title":"Atelier \/ workshop \u00ab\u00a0grimper et progresser en escalade\u00a0\u00bb","author":"Fred Vionnet","date":"27 juillet 2023","format":false,"excerpt":"Un atelier pour partager avec vous ma vision de l'escalade et d'un entra\u00eenement efficace. Pour vous aider \u00e0 avoir du recul sur votre pratique, afin de l'optimiser, et mettre en place une progression bas\u00e9e sur le plaisir de grimper et la motivation.","rel":"","context":"Article similaire","block_context":{"text":"Article similaire","link":""},"img":{"alt_text":"escalade climbing entrainement training moonboard","src":"https:\/\/i0.wp.com\/www.escalade.pro\/news\/wp-content\/uploads\/2024\/08\/IMG_3621.jpg?resize=350%2C200&ssl=1","width":350,"height":200,"srcset":"https:\/\/i0.wp.com\/www.escalade.pro\/news\/wp-content\/uploads\/2024\/08\/IMG_3621.jpg?resize=350%2C200&ssl=1 1x, https:\/\/i0.wp.com\/www.escalade.pro\/news\/wp-content\/uploads\/2024\/08\/IMG_3621.jpg?resize=525%2C300&ssl=1 1.5x, https:\/\/i0.wp.com\/www.escalade.pro\/news\/wp-content\/uploads\/2024\/08\/IMG_3621.jpg?resize=700%2C400&ssl=1 2x"},"classes":[]},{"id":19497,"url":"https:\/\/www.escalade.pro\/news\/weekend-progression-escalade-buoux\/","url_meta":{"origin":77,"position":4},"title":"Weekend progression escalade \u00e0 Buoux","author":"Fred Vionnet","date":"14 juillet 2020","format":false,"excerpt":"On y trouve beaucoup de voies, int\u00e9ressantes pour leur tr\u00e8s grande majorit\u00e9, et ce d\u00e8s le 5c. Bien s\u00fbr l\u2019escalade sur ce rocher \u00e0 trous est exigeante, technique, demande calme et anticipation. Car ici on ne consomme pas, on apprend et on savoure.","rel":"","context":"Article similaire","block_context":{"text":"Article similaire","link":""},"img":{"alt_text":"stage escalade buoux","src":"https:\/\/i0.wp.com\/www.escalade.pro\/news\/wp-content\/uploads\/2019\/01\/escalade_buoux-1.jpg?resize=350%2C200&ssl=1","width":350,"height":200},"classes":[]},{"id":27512,"url":"https:\/\/www.escalade.pro\/news\/arquee-academy-entrainement-escalade-jeunes\/","url_meta":{"origin":77,"position":5},"title":"Arqu\u00e9e Academy &#8211; Entra\u00eenement escalade pour les jeunes 11\/17 ans","author":"Fred Vionnet","date":"16 juin 2025","format":false,"excerpt":"Groupe d'entrainement escalade pour les jeunes grimpeurs de 11 \u00e0 17 ans. Le mardis soirs \u00e0 l'Arqu\u00e9e Libre, Magland.","rel":"","context":"Article similaire","block_context":{"text":"Article similaire","link":""},"img":{"alt_text":"competition escalade bloc boulder climbing","src":"https:\/\/i0.wp.com\/www.escalade.pro\/news\/wp-content\/uploads\/2025\/05\/IMG_5001.jpg?resize=350%2C200&ssl=1","width":350,"height":200,"srcset":"https:\/\/i0.wp.com\/www.escalade.pro\/news\/wp-content\/uploads\/2025\/05\/IMG_5001.jpg?resize=350%2C200&ssl=1 1x, https:\/\/i0.wp.com\/www.escalade.pro\/news\/wp-content\/uploads\/2025\/05\/IMG_5001.jpg?resize=525%2C300&ssl=1 1.5x, https:\/\/i0.wp.com\/www.escalade.pro\/news\/wp-content\/uploads\/2025\/05\/IMG_5001.jpg?resize=700%2C400&ssl=1 2x"},"classes":[]}],"_links":{"self":[{"href":"https:\/\/www.escalade.pro\/news\/wp-json\/wp\/v2\/pages\/77","targetHints":{"allow":["GET"]}}],"collection":[{"href":"https:\/\/www.escalade.pro\/news\/wp-json\/wp\/v2\/pages"}],"about":[{"href":"https:\/\/www.escalade.pro\/news\/wp-json\/wp\/v2\/types\/page"}],"author":[{"embeddable":true,"href":"https:\/\/www.escalade.pro\/news\/wp-json\/wp\/v2\/users\/1"}],"replies":[{"embeddable":true,"href":"https:\/\/www.escalade.pro\/news\/wp-json\/wp\/v2\/comments?post=77"}],"version-history":[{"count":39,"href":"https:\/\/www.escalade.pro\/news\/wp-json\/wp\/v2\/pages\/77\/revisions"}],"predecessor-version":[{"id":27111,"href":"https:\/\/www.escalade.pro\/news\/wp-json\/wp\/v2\/pages\/77\/revisions\/27111"}],"wp:featuredmedia":[{"embeddable":true,"href":"https:\/\/www.escalade.pro\/news\/wp-json\/wp\/v2\/media\/16711"}],"wp:attachment":[{"href":"https:\/\/www.escalade.pro\/news\/wp-json\/wp\/v2\/media?parent=77"}],"curies":[{"name":"wp","href":"https:\/\/api.w.org\/{rel}","templated":true}]}}