{"id":18007,"date":"2019-05-16T14:11:45","date_gmt":"2019-05-16T12:11:45","guid":{"rendered":"https:\/\/www.escalade.pro\/news\/?page_id=18007"},"modified":"2026-04-30T11:06:11","modified_gmt":"2026-04-30T09:06:11","slug":"photos-videos","status":"publish","type":"page","link":"https:\/\/www.escalade.pro\/news\/photos-videos\/","title":{"rendered":"Mon actu d&rsquo;entraineur escalade, moniteur et grimpeur au quotidien"},"content":{"rendered":"<p>Cette page, c&rsquo;est mon compte <a href=\"https:\/\/www.instagram.com\/grimpisme\/\" target=\"_blank\" rel=\"noopener noreferrer\">Instagram<\/a>, en direct. Pour suivre mon actualit\u00e9 et mes activit\u00e9s au quotidien, ou presque. Je partage aussi des vid\u00e9os ou autres contenus qui m&rsquo;int\u00e9ressent. C&rsquo;est donc plus personnel que le \u00ab\u00a0politiquement correct\/incorrect\u00a0\u00bb des r\u00e9seaux sociaux.<br \/>\nActus <a href=\"https:\/\/www.escalade.pro\/news\/archives-2025\/\">2025 via ce lien<\/a>, <a href=\"https:\/\/www.escalade.pro\/news\/actualites-archives-2024\/\">2024 ici<\/a>, <a href=\"https:\/\/www.escalade.pro\/news\/archives-2023\/\">2023 par l\u00e0<\/a>. Pour l&rsquo;ann\u00e9e 2022 et les pr\u00e9c\u00e9dentes, c&rsquo;est par <a href=\"https:\/\/www.escalade.pro\/news\/archives-actus-2022\/\">ici<\/a>.<\/p>\n<p>Vous pouvez \u00e9galement suivre mes photos et vid\u00e9os d&rsquo;escalade sur <a href=\"https:\/\/www.youtube.com\/user\/grimpisme\/videos\" target=\"_blank\" rel=\"noopener noreferrer\">YouTube<\/a>, <a href=\"https:\/\/www.facebook.com\/fredericvionnet\/\" target=\"_blank\" rel=\"noopener noreferrer\">Facebook<\/a>, <a href=\"https:\/\/www.threads.com\/@arqueelibre\" target=\"_blank\" rel=\"noopener\">Threads<\/a> et <a href=\"https:\/\/fr.pinterest.com\/arqueelibre\/\" target=\"_blank\" rel=\"noopener\">Pinterest<\/a>.<br \/>\nPour ce qui est de mon r\u00e9seau professionnel, c&rsquo;est sur <a href=\"https:\/\/www.linkedin.com\/in\/fred-vionnet-6284b96a\/\" target=\"_blank\" rel=\"noopener\">LinkedIn<\/a>.<\/p>\n<hr \/>\n<p>Un podcast que j\u2019ai eu la chance d\u2019enregistrer avec <a href=\"https:\/\/www.mentalcamp.fr\/capsule-escalade\/\">\u202aJonathan Bel Legroux\u202c de \u202aMental Camp<\/a>. On ne parle que de mental. J\u2019esp\u00e8re que cela vous plaira.<\/p>\n<p><iframe id=\"ausha-TmxZ\" style=\"border: none; width: 100%; height: 220px;\" src=\"https:\/\/player.ausha.co\/?podcastId=bre9xLFgLDPY&amp;color=%23751cbf&amp;v=3&amp;playerId=ausha-TmxZ\" name=\"Ausha Podcast Player\" height=\"220\" frameborder=\"0\"><\/iframe><script src=\"https:\/\/player.ausha.co\/ausha-player.js\"><\/script><\/p>\n<hr \/>\n<div id='gallery-1' class='gallery galleryid-18007 gallery-columns-3 gallery-size-colormag-featured-image'><figure class='gallery-item'>\n\t\t\t<div class='gallery-icon landscape'>\n\t\t\t\t<a title=\"1E6C9F91-8D9B-4FAB-8B0A-5D643D23776E\" href='https:\/\/www.escalade.pro\/news\/wp-content\/uploads\/2026\/04\/1E6C9F91-8D9B-4FAB-8B0A-5D643D23776E.jpg'><img loading=\"lazy\" decoding=\"async\" width=\"800\" height=\"445\" src=\"https:\/\/www.escalade.pro\/news\/wp-content\/uploads\/2026\/04\/1E6C9F91-8D9B-4FAB-8B0A-5D643D23776E-800x445.jpg\" class=\"attachment-colormag-featured-image size-colormag-featured-image\" alt=\"arqu\u00e9\u00e9 libre climbing gym entrainement magland salle escalade\" aria-describedby=\"gallery-1-29529\" \/><\/a>\n\t\t\t<\/div>\n\t\t\t\t<figcaption class='wp-caption-text gallery-caption' id='gallery-1-29529'>\n\t\t\t\tUn crois\u00e9 fatiguant dans une jolie boucle de r\u00e9si. 27 avril 2026.\n\t\t\t\t<\/figcaption><\/figure><figure class='gallery-item'>\n\t\t\t<div class='gallery-icon portrait'>\n\t\t\t\t<a title=\"IMG_6572\" href='https:\/\/www.escalade.pro\/news\/wp-content\/uploads\/2026\/04\/IMG_6572.jpg'><img loading=\"lazy\" decoding=\"async\" width=\"742\" height=\"445\" src=\"https:\/\/www.escalade.pro\/news\/wp-content\/uploads\/2026\/04\/IMG_6572-742x445.jpg\" class=\"attachment-colormag-featured-image size-colormag-featured-image\" alt=\"escalade climbing haute savoie\" aria-describedby=\"gallery-1-29530\" \/><\/a>\n\t\t\t<\/div>\n\t\t\t\t<figcaption class='wp-caption-text gallery-caption' id='gallery-1-29530'>\n\t\t\t\tRedescente tardive de la falaise &lsquo;Sous les Glaciers\u00a0\u00bb, au dessus de l&rsquo;Arqu\u00e9e Libre, notre maison. 26 avril 2026.\n\t\t\t\t<\/figcaption><\/figure><figure class='gallery-item'>\n\t\t\t<div class='gallery-icon portrait'>\n\t\t\t\t<a title=\"IMG_6564\" href='https:\/\/www.escalade.pro\/news\/wp-content\/uploads\/2026\/04\/IMG_6564.jpg'><img loading=\"lazy\" decoding=\"async\" width=\"686\" height=\"445\" src=\"https:\/\/www.escalade.pro\/news\/wp-content\/uploads\/2026\/04\/IMG_6564-686x445.jpg\" class=\"attachment-colormag-featured-image size-colormag-featured-image\" alt=\"escalade anthon haute savoie\" aria-describedby=\"gallery-1-29498\" \/><\/a>\n\t\t\t<\/div>\n\t\t\t\t<figcaption class='wp-caption-text gallery-caption' id='gallery-1-29498'>\n\t\t\t\tReprise du travail&#8230; en falaise (Anthon)! Merci Jean. 21 avril 2026.\n\t\t\t\t<\/figcaption><\/figure>\n\t\t<\/div>\n\n<hr \/>\n<p>Si notre m\u00e9tier t&rsquo;int\u00e9resse, je t&rsquo;invite \u00e0 \u00e9couter ce podcast de Jonathan Bel Legroux (<a href=\"https:\/\/jonathan-bel-legroux.com\/\" target=\"_blank\" rel=\"noopener\">jonathan-bel-legroux.com\/<\/a>) avec Kevin Arc (<a href=\"https:\/\/www.kevinarc-coaching.com\/\" target=\"_blank\" rel=\"noopener\">www.kevinarc-coaching.com\/<\/a>). Tu en apprendras \u00e9galement beaucoup sur l&rsquo;entrainement. <br \/>\nJ&rsquo;ai \u00e9norm\u00e9ment de points communs avec la vision de Kevin.<\/p>\n<p><iframe id=\"ausha-564a\" style=\"border: none; width: 100%; height: 220px;\" src=\"https:\/\/player.ausha.co\/?podcastId=LjaNkCNp8JX6&amp;v=3&amp;playerId=ausha-564a\" name=\"Ausha Podcast Player\" height=\"220\" frameborder=\"0\"><\/iframe><script src=\"https:\/\/player.ausha.co\/ausha-player.js\"><\/script><\/p>\n<hr \/>\n<p><img loading=\"lazy\" decoding=\"async\" class=\"alignleft size-medium wp-image-29492\" src=\"https:\/\/www.escalade.pro\/news\/wp-content\/uploads\/2026\/04\/logo-wp-AL-avril-2026-1-300x138.jpg\" alt=\"fred vionnet coach escalade arquee libre\" width=\"300\" height=\"138\" srcset=\"https:\/\/www.escalade.pro\/news\/wp-content\/uploads\/2026\/04\/logo-wp-AL-avril-2026-1-300x138.jpg 300w, https:\/\/www.escalade.pro\/news\/wp-content\/uploads\/2026\/04\/logo-wp-AL-avril-2026-1-1024x472.jpg 1024w, https:\/\/www.escalade.pro\/news\/wp-content\/uploads\/2026\/04\/logo-wp-AL-avril-2026-1-768x354.jpg 768w, https:\/\/www.escalade.pro\/news\/wp-content\/uploads\/2026\/04\/logo-wp-AL-avril-2026-1-1536x709.jpg 1536w, https:\/\/www.escalade.pro\/news\/wp-content\/uploads\/2026\/04\/logo-wp-AL-avril-2026-1-400x185.jpg 400w, https:\/\/www.escalade.pro\/news\/wp-content\/uploads\/2026\/04\/logo-wp-AL-avril-2026-1.jpg 1955w\" sizes=\"auto, (max-width: 300px) 100vw, 300px\" \/><\/p>\n<p>Une page qui se tourne aujourd\u2019hui. Il est grand temps de mettre l\u2019identit\u00e9 et le visuel Grimpisme dans le grenier \u00e0 souvenirs.<\/p>\n<p>&nbsp;<\/p>\n<p>L\u2019<a href=\"https:\/\/www.escalade.pro\/news\/salle-escalade-entrainement-magland\/\">ARQUEE LIBRE<\/a> est mon lieu d\u2019entrainement, de vie et de travail depuis une ann\u00e9e d\u00e9j\u00e0.<br \/>\nEt vive la grimpe sur le vrai rocher!<\/p>\n<hr \/>\n<p>Deux semaines de r\u00eave dans les gorges du Verdon. <strong>Un rocher incroyable, une nature magnifique, et toujours un brin d&rsquo;aventure.<\/strong> Cela faisait trop longtemps et je vais essayer d&rsquo;y retourner chaque ann\u00e9e. <br \/>\nPlus d&rsquo;infos ici sur les <a href=\"https:\/\/www.escalade.pro\/news\/stage-grandes-voies-escalade-verdon\/\">Gorges du Verdon<\/a>.<\/p>\n<div id='gallery-2' class='gallery galleryid-18007 gallery-columns-3 gallery-size-colormag-featured-image'><figure class='gallery-item'>\n\t\t\t<div class='gallery-icon portrait'>\n\t\t\t\t<a title=\"IMG_6455\" href='https:\/\/www.escalade.pro\/news\/wp-content\/uploads\/2026\/04\/IMG_6455.jpg'><img loading=\"lazy\" decoding=\"async\" width=\"604\" height=\"445\" src=\"https:\/\/www.escalade.pro\/news\/wp-content\/uploads\/2026\/04\/IMG_6455-604x445.jpg\" class=\"attachment-colormag-featured-image size-colormag-featured-image\" alt=\"escalade climbing verdon\" \/><\/a>\n\t\t\t<\/div><\/figure><figure class='gallery-item'>\n\t\t\t<div class='gallery-icon landscape'>\n\t\t\t\t<a title=\"IMG_6457\" href='https:\/\/www.escalade.pro\/news\/wp-content\/uploads\/2026\/04\/IMG_6457.jpg'><img loading=\"lazy\" decoding=\"async\" width=\"800\" height=\"445\" src=\"https:\/\/www.escalade.pro\/news\/wp-content\/uploads\/2026\/04\/IMG_6457-800x445.jpg\" class=\"attachment-colormag-featured-image size-colormag-featured-image\" alt=\"escalade climbing verdon\" \/><\/a>\n\t\t\t<\/div><\/figure><figure class='gallery-item'>\n\t\t\t<div class='gallery-icon landscape'>\n\t\t\t\t<a title=\"IMG_6458\" href='https:\/\/www.escalade.pro\/news\/wp-content\/uploads\/2026\/04\/IMG_6458.jpg'><img loading=\"lazy\" decoding=\"async\" width=\"800\" height=\"445\" src=\"https:\/\/www.escalade.pro\/news\/wp-content\/uploads\/2026\/04\/IMG_6458-800x445.jpg\" class=\"attachment-colormag-featured-image size-colormag-featured-image\" alt=\"escalade climbing verdon\" \/><\/a>\n\t\t\t<\/div><\/figure><figure class='gallery-item'>\n\t\t\t<div class='gallery-icon portrait'>\n\t\t\t\t<a title=\"IMG_6466\" href='https:\/\/www.escalade.pro\/news\/wp-content\/uploads\/2026\/04\/IMG_6466.jpg'><img loading=\"lazy\" decoding=\"async\" width=\"600\" height=\"445\" src=\"https:\/\/www.escalade.pro\/news\/wp-content\/uploads\/2026\/04\/IMG_6466-600x445.jpg\" class=\"attachment-colormag-featured-image size-colormag-featured-image\" alt=\"escalade climbing verdon\" \/><\/a>\n\t\t\t<\/div><\/figure><figure class='gallery-item'>\n\t\t\t<div class='gallery-icon portrait'>\n\t\t\t\t<a title=\"IMG_6467\" href='https:\/\/www.escalade.pro\/news\/wp-content\/uploads\/2026\/04\/IMG_6467.jpg'><img loading=\"lazy\" decoding=\"async\" width=\"600\" height=\"445\" src=\"https:\/\/www.escalade.pro\/news\/wp-content\/uploads\/2026\/04\/IMG_6467-600x445.jpg\" class=\"attachment-colormag-featured-image size-colormag-featured-image\" alt=\"escalade climbing verdon\" \/><\/a>\n\t\t\t<\/div><\/figure><figure class='gallery-item'>\n\t\t\t<div class='gallery-icon landscape'>\n\t\t\t\t<a title=\"IMG_6486\" href='https:\/\/www.escalade.pro\/news\/wp-content\/uploads\/2026\/04\/IMG_6486.jpg'><img loading=\"lazy\" decoding=\"async\" width=\"800\" height=\"445\" src=\"https:\/\/www.escalade.pro\/news\/wp-content\/uploads\/2026\/04\/IMG_6486-800x445.jpg\" class=\"attachment-colormag-featured-image size-colormag-featured-image\" alt=\"escalade climbing verdon\" \/><\/a>\n\t\t\t<\/div><\/figure><figure class='gallery-item'>\n\t\t\t<div class='gallery-icon portrait'>\n\t\t\t\t<a title=\"IMG_6489\" href='https:\/\/www.escalade.pro\/news\/wp-content\/uploads\/2026\/04\/IMG_6489.jpg'><img loading=\"lazy\" decoding=\"async\" width=\"600\" height=\"445\" src=\"https:\/\/www.escalade.pro\/news\/wp-content\/uploads\/2026\/04\/IMG_6489-600x445.jpg\" class=\"attachment-colormag-featured-image size-colormag-featured-image\" alt=\"escalade climbing verdon\" \/><\/a>\n\t\t\t<\/div><\/figure><figure class='gallery-item'>\n\t\t\t<div class='gallery-icon landscape'>\n\t\t\t\t<a title=\"IMG_6544\" href='https:\/\/www.escalade.pro\/news\/wp-content\/uploads\/2026\/04\/IMG_6544.jpg'><img loading=\"lazy\" decoding=\"async\" width=\"800\" height=\"445\" src=\"https:\/\/www.escalade.pro\/news\/wp-content\/uploads\/2026\/04\/IMG_6544-800x445.jpg\" class=\"attachment-colormag-featured-image size-colormag-featured-image\" alt=\"escalade climbing verdon\" \/><\/a>\n\t\t\t<\/div><\/figure><figure class='gallery-item'>\n\t\t\t<div class='gallery-icon landscape'>\n\t\t\t\t<a title=\"IMG_6551\" href='https:\/\/www.escalade.pro\/news\/wp-content\/uploads\/2026\/04\/IMG_6551.jpg'><img loading=\"lazy\" decoding=\"async\" width=\"800\" height=\"445\" src=\"https:\/\/www.escalade.pro\/news\/wp-content\/uploads\/2026\/04\/IMG_6551-800x445.jpg\" class=\"attachment-colormag-featured-image size-colormag-featured-image\" alt=\"escalade climbing verdon\" \/><\/a>\n\t\t\t<\/div><\/figure><figure class='gallery-item'>\n\t\t\t<div class='gallery-icon portrait'>\n\t\t\t\t<a title=\"IMG_6555\" href='https:\/\/www.escalade.pro\/news\/wp-content\/uploads\/2026\/04\/IMG_6555.jpg'><img loading=\"lazy\" decoding=\"async\" width=\"600\" height=\"445\" src=\"https:\/\/www.escalade.pro\/news\/wp-content\/uploads\/2026\/04\/IMG_6555-600x445.jpg\" class=\"attachment-colormag-featured-image size-colormag-featured-image\" alt=\"escalade climbing verdon\" \/><\/a>\n\t\t\t<\/div><\/figure><figure class='gallery-item'>\n\t\t\t<div class='gallery-icon portrait'>\n\t\t\t\t<a title=\"IMG_6559\" href='https:\/\/www.escalade.pro\/news\/wp-content\/uploads\/2026\/04\/IMG_6559.jpg'><img loading=\"lazy\" decoding=\"async\" width=\"600\" height=\"445\" src=\"https:\/\/www.escalade.pro\/news\/wp-content\/uploads\/2026\/04\/IMG_6559-600x445.jpg\" class=\"attachment-colormag-featured-image size-colormag-featured-image\" alt=\"escalade climbing verdon\" \/><\/a>\n\t\t\t<\/div><\/figure><figure class='gallery-item'>\n\t\t\t<div class='gallery-icon portrait'>\n\t\t\t\t<a title=\"WhatsApp Image 2026-04-19 at 12.10.49\" href='https:\/\/www.escalade.pro\/news\/wp-content\/uploads\/2026\/04\/WhatsApp-Image-2026-04-19-at-12.10.49.jpg'><img loading=\"lazy\" decoding=\"async\" width=\"600\" height=\"445\" src=\"https:\/\/www.escalade.pro\/news\/wp-content\/uploads\/2026\/04\/WhatsApp-Image-2026-04-19-at-12.10.49-600x445.jpg\" class=\"attachment-colormag-featured-image size-colormag-featured-image\" alt=\"escalade climbing verdon\" \/><\/a>\n\t\t\t<\/div><\/figure><figure class='gallery-item'>\n\t\t\t<div class='gallery-icon portrait'>\n\t\t\t\t<a title=\"WhatsApp Image 2026-04-19 at 12.10.50\" href='https:\/\/www.escalade.pro\/news\/wp-content\/uploads\/2026\/04\/WhatsApp-Image-2026-04-19-at-12.10.50.jpg'><img loading=\"lazy\" decoding=\"async\" width=\"600\" height=\"445\" src=\"https:\/\/www.escalade.pro\/news\/wp-content\/uploads\/2026\/04\/WhatsApp-Image-2026-04-19-at-12.10.50-600x445.jpg\" class=\"attachment-colormag-featured-image size-colormag-featured-image\" alt=\"escalade climbing verdon\" \/><\/a>\n\t\t\t<\/div><\/figure><figure class='gallery-item'>\n\t\t\t<div class='gallery-icon portrait'>\n\t\t\t\t<a title=\"WhatsApp Image 2026-04-19 at 12.10.51\" href='https:\/\/www.escalade.pro\/news\/wp-content\/uploads\/2026\/04\/WhatsApp-Image-2026-04-19-at-12.10.51.jpg'><img loading=\"lazy\" decoding=\"async\" width=\"600\" height=\"445\" src=\"https:\/\/www.escalade.pro\/news\/wp-content\/uploads\/2026\/04\/WhatsApp-Image-2026-04-19-at-12.10.51-600x445.jpg\" class=\"attachment-colormag-featured-image size-colormag-featured-image\" alt=\"escalade climbing verdon\" \/><\/a>\n\t\t\t<\/div><\/figure><figure class='gallery-item'>\n\t\t\t<div class='gallery-icon landscape'>\n\t\t\t\t<a title=\"72ED1DED-CCA6-4300-9196-6B55CC1B99E1\" href='https:\/\/www.escalade.pro\/news\/wp-content\/uploads\/2026\/04\/72ED1DED-CCA6-4300-9196-6B55CC1B99E1.jpg'><img loading=\"lazy\" decoding=\"async\" width=\"800\" height=\"445\" src=\"https:\/\/www.escalade.pro\/news\/wp-content\/uploads\/2026\/04\/72ED1DED-CCA6-4300-9196-6B55CC1B99E1-800x445.jpg\" class=\"attachment-colormag-featured-image size-colormag-featured-image\" alt=\"escalade climbing verdon\" \/><\/a>\n\t\t\t<\/div><\/figure><figure class='gallery-item'>\n\t\t\t<div class='gallery-icon portrait'>\n\t\t\t\t<a title=\"ce3c23a1-257e-44e7-b93a-e8f508674bff\" href='https:\/\/www.escalade.pro\/news\/wp-content\/uploads\/2026\/04\/ce3c23a1-257e-44e7-b93a-e8f508674bff.jpg'><img loading=\"lazy\" decoding=\"async\" width=\"600\" height=\"445\" src=\"https:\/\/www.escalade.pro\/news\/wp-content\/uploads\/2026\/04\/ce3c23a1-257e-44e7-b93a-e8f508674bff-600x445.jpg\" class=\"attachment-colormag-featured-image size-colormag-featured-image\" alt=\"escalade climbing verdon\" \/><\/a>\n\t\t\t<\/div><\/figure><figure class='gallery-item'>\n\t\t\t<div class='gallery-icon portrait'>\n\t\t\t\t<a title=\"df5afe90-00da-4ddb-89c9-5d68544732d7\" href='https:\/\/www.escalade.pro\/news\/wp-content\/uploads\/2026\/04\/df5afe90-00da-4ddb-89c9-5d68544732d7.jpg'><img loading=\"lazy\" decoding=\"async\" width=\"600\" height=\"445\" src=\"https:\/\/www.escalade.pro\/news\/wp-content\/uploads\/2026\/04\/df5afe90-00da-4ddb-89c9-5d68544732d7-600x445.jpg\" class=\"attachment-colormag-featured-image size-colormag-featured-image\" alt=\"escalade climbing verdon\" \/><\/a>\n\t\t\t<\/div><\/figure><figure class='gallery-item'>\n\t\t\t<div class='gallery-icon landscape'>\n\t\t\t\t<a title=\"e81893d5-f7dc-49bd-9d60-8bd2fa55d3cc\" href='https:\/\/www.escalade.pro\/news\/wp-content\/uploads\/2026\/04\/e81893d5-f7dc-49bd-9d60-8bd2fa55d3cc.jpg'><img loading=\"lazy\" decoding=\"async\" width=\"800\" height=\"445\" src=\"https:\/\/www.escalade.pro\/news\/wp-content\/uploads\/2026\/04\/e81893d5-f7dc-49bd-9d60-8bd2fa55d3cc-800x445.jpg\" class=\"attachment-colormag-featured-image size-colormag-featured-image\" alt=\"escalade climbing verdon\" \/><\/a>\n\t\t\t<\/div><\/figure><figure class='gallery-item'>\n\t\t\t<div class='gallery-icon landscape'>\n\t\t\t\t<a title=\"f2bd0749-0404-4370-930b-f8120d098fcb\" href='https:\/\/www.escalade.pro\/news\/wp-content\/uploads\/2026\/04\/f2bd0749-0404-4370-930b-f8120d098fcb.jpg'><img loading=\"lazy\" decoding=\"async\" width=\"800\" height=\"445\" src=\"https:\/\/www.escalade.pro\/news\/wp-content\/uploads\/2026\/04\/f2bd0749-0404-4370-930b-f8120d098fcb-800x445.jpg\" class=\"attachment-colormag-featured-image size-colormag-featured-image\" alt=\"escalade climbing verdon\" \/><\/a>\n\t\t\t<\/div><\/figure><figure class='gallery-item'>\n\t\t\t<div class='gallery-icon landscape'>\n\t\t\t\t<a title=\"IMG_5728\" href='https:\/\/www.escalade.pro\/news\/wp-content\/uploads\/2026\/04\/IMG_5728-scaled.jpg'><img loading=\"lazy\" decoding=\"async\" width=\"800\" height=\"445\" src=\"https:\/\/www.escalade.pro\/news\/wp-content\/uploads\/2026\/04\/IMG_5728-800x445.jpg\" class=\"attachment-colormag-featured-image size-colormag-featured-image\" alt=\"escalade climbing verdon\" \/><\/a>\n\t\t\t<\/div><\/figure><figure class='gallery-item'>\n\t\t\t<div class='gallery-icon portrait'>\n\t\t\t\t<a title=\"IMG_6345\" href='https:\/\/www.escalade.pro\/news\/wp-content\/uploads\/2026\/04\/IMG_6345.jpg'><img loading=\"lazy\" decoding=\"async\" width=\"600\" height=\"445\" src=\"https:\/\/www.escalade.pro\/news\/wp-content\/uploads\/2026\/04\/IMG_6345-600x445.jpg\" class=\"attachment-colormag-featured-image size-colormag-featured-image\" alt=\"escalade climbing verdon\" \/><\/a>\n\t\t\t<\/div><\/figure><figure class='gallery-item'>\n\t\t\t<div class='gallery-icon portrait'>\n\t\t\t\t<a title=\"IMG_6351\" href='https:\/\/www.escalade.pro\/news\/wp-content\/uploads\/2026\/04\/IMG_6351.jpg'><img loading=\"lazy\" decoding=\"async\" width=\"703\" height=\"445\" src=\"https:\/\/www.escalade.pro\/news\/wp-content\/uploads\/2026\/04\/IMG_6351-703x445.jpg\" class=\"attachment-colormag-featured-image size-colormag-featured-image\" alt=\"escalade climbing verdon\" \/><\/a>\n\t\t\t<\/div><\/figure><figure class='gallery-item'>\n\t\t\t<div class='gallery-icon portrait'>\n\t\t\t\t<a title=\"IMG_6354\" href='https:\/\/www.escalade.pro\/news\/wp-content\/uploads\/2026\/04\/IMG_6354.jpg'><img loading=\"lazy\" decoding=\"async\" width=\"600\" height=\"445\" src=\"https:\/\/www.escalade.pro\/news\/wp-content\/uploads\/2026\/04\/IMG_6354-600x445.jpg\" class=\"attachment-colormag-featured-image size-colormag-featured-image\" alt=\"escalade climbing verdon\" \/><\/a>\n\t\t\t<\/div><\/figure><figure class='gallery-item'>\n\t\t\t<div class='gallery-icon portrait'>\n\t\t\t\t<a title=\"IMG_6356\" href='https:\/\/www.escalade.pro\/news\/wp-content\/uploads\/2026\/04\/IMG_6356.jpg'><img loading=\"lazy\" decoding=\"async\" width=\"600\" height=\"445\" src=\"https:\/\/www.escalade.pro\/news\/wp-content\/uploads\/2026\/04\/IMG_6356-600x445.jpg\" class=\"attachment-colormag-featured-image size-colormag-featured-image\" alt=\"escalade climbing verdon\" \/><\/a>\n\t\t\t<\/div><\/figure><figure class='gallery-item'>\n\t\t\t<div class='gallery-icon portrait'>\n\t\t\t\t<a title=\"IMG_6376\" href='https:\/\/www.escalade.pro\/news\/wp-content\/uploads\/2026\/04\/IMG_6376.jpg'><img loading=\"lazy\" decoding=\"async\" width=\"600\" height=\"445\" src=\"https:\/\/www.escalade.pro\/news\/wp-content\/uploads\/2026\/04\/IMG_6376-600x445.jpg\" class=\"attachment-colormag-featured-image size-colormag-featured-image\" alt=\"escalade climbing verdon\" \/><\/a>\n\t\t\t<\/div><\/figure><figure class='gallery-item'>\n\t\t\t<div class='gallery-icon landscape'>\n\t\t\t\t<a title=\"IMG_6379\" href='https:\/\/www.escalade.pro\/news\/wp-content\/uploads\/2026\/04\/IMG_6379.jpg'><img loading=\"lazy\" decoding=\"async\" width=\"800\" height=\"445\" src=\"https:\/\/www.escalade.pro\/news\/wp-content\/uploads\/2026\/04\/IMG_6379-800x445.jpg\" class=\"attachment-colormag-featured-image size-colormag-featured-image\" alt=\"escalade climbing verdon\" \/><\/a>\n\t\t\t<\/div><\/figure><figure class='gallery-item'>\n\t\t\t<div class='gallery-icon landscape'>\n\t\t\t\t<a title=\"IMG_6385\" href='https:\/\/www.escalade.pro\/news\/wp-content\/uploads\/2026\/04\/IMG_6385.jpg'><img loading=\"lazy\" decoding=\"async\" width=\"800\" height=\"445\" src=\"https:\/\/www.escalade.pro\/news\/wp-content\/uploads\/2026\/04\/IMG_6385-800x445.jpg\" class=\"attachment-colormag-featured-image size-colormag-featured-image\" alt=\"escalade climbing verdon\" \/><\/a>\n\t\t\t<\/div><\/figure><figure class='gallery-item'>\n\t\t\t<div class='gallery-icon portrait'>\n\t\t\t\t<a title=\"IMG_6388\" href='https:\/\/www.escalade.pro\/news\/wp-content\/uploads\/2026\/04\/IMG_6388.jpg'><img loading=\"lazy\" decoding=\"async\" width=\"636\" height=\"445\" src=\"https:\/\/www.escalade.pro\/news\/wp-content\/uploads\/2026\/04\/IMG_6388-636x445.jpg\" class=\"attachment-colormag-featured-image size-colormag-featured-image\" alt=\"escalade climbing verdon\" srcset=\"https:\/\/www.escalade.pro\/news\/wp-content\/uploads\/2026\/04\/IMG_6388-636x445.jpg 636w, https:\/\/www.escalade.pro\/news\/wp-content\/uploads\/2026\/04\/IMG_6388-130x90.jpg 130w\" sizes=\"auto, (max-width: 636px) 100vw, 636px\" \/><\/a>\n\t\t\t<\/div><\/figure><figure class='gallery-item'>\n\t\t\t<div class='gallery-icon portrait'>\n\t\t\t\t<a title=\"IMG_6392\" href='https:\/\/www.escalade.pro\/news\/wp-content\/uploads\/2026\/04\/IMG_6392.jpg'><img loading=\"lazy\" decoding=\"async\" width=\"600\" height=\"445\" src=\"https:\/\/www.escalade.pro\/news\/wp-content\/uploads\/2026\/04\/IMG_6392-600x445.jpg\" class=\"attachment-colormag-featured-image size-colormag-featured-image\" alt=\"escalade climbing verdon\" \/><\/a>\n\t\t\t<\/div><\/figure><figure class='gallery-item'>\n\t\t\t<div class='gallery-icon portrait'>\n\t\t\t\t<a title=\"IMG_6394\" href='https:\/\/www.escalade.pro\/news\/wp-content\/uploads\/2026\/04\/IMG_6394.jpg'><img loading=\"lazy\" decoding=\"async\" width=\"600\" height=\"445\" src=\"https:\/\/www.escalade.pro\/news\/wp-content\/uploads\/2026\/04\/IMG_6394-600x445.jpg\" class=\"attachment-colormag-featured-image size-colormag-featured-image\" alt=\"escalade climbing verdon\" \/><\/a>\n\t\t\t<\/div><\/figure><figure class='gallery-item'>\n\t\t\t<div class='gallery-icon landscape'>\n\t\t\t\t<a title=\"IMG_6395\" href='https:\/\/www.escalade.pro\/news\/wp-content\/uploads\/2026\/04\/IMG_6395.jpg'><img loading=\"lazy\" decoding=\"async\" width=\"800\" height=\"445\" src=\"https:\/\/www.escalade.pro\/news\/wp-content\/uploads\/2026\/04\/IMG_6395-800x445.jpg\" class=\"attachment-colormag-featured-image size-colormag-featured-image\" alt=\"escalade climbing verdon\" \/><\/a>\n\t\t\t<\/div><\/figure><figure class='gallery-item'>\n\t\t\t<div class='gallery-icon landscape'>\n\t\t\t\t<a title=\"IMG_6397\" href='https:\/\/www.escalade.pro\/news\/wp-content\/uploads\/2026\/04\/IMG_6397.jpg'><img loading=\"lazy\" decoding=\"async\" width=\"800\" height=\"445\" src=\"https:\/\/www.escalade.pro\/news\/wp-content\/uploads\/2026\/04\/IMG_6397-800x445.jpg\" class=\"attachment-colormag-featured-image size-colormag-featured-image\" alt=\"escalade climbing verdon\" \/><\/a>\n\t\t\t<\/div><\/figure><figure class='gallery-item'>\n\t\t\t<div class='gallery-icon landscape'>\n\t\t\t\t<a title=\"IMG_6410\" href='https:\/\/www.escalade.pro\/news\/wp-content\/uploads\/2026\/04\/IMG_6410.jpg'><img loading=\"lazy\" decoding=\"async\" width=\"800\" height=\"445\" src=\"https:\/\/www.escalade.pro\/news\/wp-content\/uploads\/2026\/04\/IMG_6410-800x445.jpg\" class=\"attachment-colormag-featured-image size-colormag-featured-image\" alt=\"escalade climbing verdon\" \/><\/a>\n\t\t\t<\/div><\/figure><figure class='gallery-item'>\n\t\t\t<div class='gallery-icon landscape'>\n\t\t\t\t<a title=\"IMG_6412\" href='https:\/\/www.escalade.pro\/news\/wp-content\/uploads\/2026\/04\/IMG_6412.jpg'><img loading=\"lazy\" decoding=\"async\" width=\"800\" height=\"445\" src=\"https:\/\/www.escalade.pro\/news\/wp-content\/uploads\/2026\/04\/IMG_6412-800x445.jpg\" class=\"attachment-colormag-featured-image size-colormag-featured-image\" alt=\"escalade climbing verdon\" \/><\/a>\n\t\t\t<\/div><\/figure><figure class='gallery-item'>\n\t\t\t<div class='gallery-icon landscape'>\n\t\t\t\t<a title=\"IMG_6415\" href='https:\/\/www.escalade.pro\/news\/wp-content\/uploads\/2026\/04\/IMG_6415.jpg'><img loading=\"lazy\" decoding=\"async\" width=\"800\" height=\"445\" src=\"https:\/\/www.escalade.pro\/news\/wp-content\/uploads\/2026\/04\/IMG_6415-800x445.jpg\" class=\"attachment-colormag-featured-image size-colormag-featured-image\" alt=\"escalade climbing verdon\" \/><\/a>\n\t\t\t<\/div><\/figure><figure class='gallery-item'>\n\t\t\t<div class='gallery-icon landscape'>\n\t\t\t\t<a title=\"IMG_6416\" href='https:\/\/www.escalade.pro\/news\/wp-content\/uploads\/2026\/04\/IMG_6416.jpg'><img loading=\"lazy\" decoding=\"async\" width=\"800\" height=\"445\" src=\"https:\/\/www.escalade.pro\/news\/wp-content\/uploads\/2026\/04\/IMG_6416-800x445.jpg\" class=\"attachment-colormag-featured-image size-colormag-featured-image\" alt=\"escalade climbing verdon\" \/><\/a>\n\t\t\t<\/div><\/figure><figure class='gallery-item'>\n\t\t\t<div class='gallery-icon portrait'>\n\t\t\t\t<a title=\"IMG_6431\" href='https:\/\/www.escalade.pro\/news\/wp-content\/uploads\/2026\/04\/IMG_6431.jpg'><img loading=\"lazy\" decoding=\"async\" width=\"600\" height=\"445\" src=\"https:\/\/www.escalade.pro\/news\/wp-content\/uploads\/2026\/04\/IMG_6431-600x445.jpg\" class=\"attachment-colormag-featured-image size-colormag-featured-image\" alt=\"escalade climbing verdon\" \/><\/a>\n\t\t\t<\/div><\/figure><figure class='gallery-item'>\n\t\t\t<div class='gallery-icon landscape'>\n\t\t\t\t<a title=\"IMG_6446\" href='https:\/\/www.escalade.pro\/news\/wp-content\/uploads\/2026\/04\/IMG_6446.jpg'><img loading=\"lazy\" decoding=\"async\" width=\"800\" height=\"445\" src=\"https:\/\/www.escalade.pro\/news\/wp-content\/uploads\/2026\/04\/IMG_6446-800x445.jpg\" class=\"attachment-colormag-featured-image size-colormag-featured-image\" alt=\"escalade climbing verdon\" \/><\/a>\n\t\t\t<\/div><\/figure><figure class='gallery-item'>\n\t\t\t<div class='gallery-icon portrait'>\n\t\t\t\t<a title=\"IMG_6448\" href='https:\/\/www.escalade.pro\/news\/wp-content\/uploads\/2026\/04\/IMG_6448.jpg'><img loading=\"lazy\" decoding=\"async\" width=\"600\" height=\"445\" src=\"https:\/\/www.escalade.pro\/news\/wp-content\/uploads\/2026\/04\/IMG_6448-600x445.jpg\" class=\"attachment-colormag-featured-image size-colormag-featured-image\" alt=\"escalade climbing verdon\" \/><\/a>\n\t\t\t<\/div><\/figure><figure class='gallery-item'>\n\t\t\t<div class='gallery-icon portrait'>\n\t\t\t\t<a title=\"IMG_6453\" href='https:\/\/www.escalade.pro\/news\/wp-content\/uploads\/2026\/04\/IMG_6453.jpg'><img loading=\"lazy\" decoding=\"async\" width=\"600\" height=\"445\" src=\"https:\/\/www.escalade.pro\/news\/wp-content\/uploads\/2026\/04\/IMG_6453-600x445.jpg\" class=\"attachment-colormag-featured-image size-colormag-featured-image\" alt=\"\" \/><\/a>\n\t\t\t<\/div><\/figure><figure class='gallery-item'>\n\t\t\t<div class='gallery-icon portrait'>\n\t\t\t\t<a title=\"IMG_6454\" href='https:\/\/www.escalade.pro\/news\/wp-content\/uploads\/2026\/04\/IMG_6454.jpg'><img loading=\"lazy\" decoding=\"async\" width=\"600\" height=\"445\" src=\"https:\/\/www.escalade.pro\/news\/wp-content\/uploads\/2026\/04\/IMG_6454-600x445.jpg\" class=\"attachment-colormag-featured-image size-colormag-featured-image\" alt=\"escalade climbing verdon\" \/><\/a>\n\t\t\t<\/div><\/figure>\n\t\t<\/div>\n\n<p><iframe loading=\"lazy\" title=\"Post int\u00e9gr\u00e9\" src=\"https:\/\/www.linkedin.com\/embed\/feed\/update\/urn:li:share:7451554317703991296?collapsed=1\" width=\"504\" height=\"636\" frameborder=\"0\" allowfullscreen=\"allowfullscreen\"><\/iframe><\/p>\n<hr \/>\n<div id='gallery-3' class='gallery galleryid-18007 gallery-columns-3 gallery-size-colormag-featured-image'><figure class='gallery-item'>\n\t\t\t<div class='gallery-icon landscape'>\n\t\t\t\t<a title=\"1DB26620-8871-49DA-913F-700623F66B6D\" href='https:\/\/www.escalade.pro\/news\/wp-content\/uploads\/2026\/03\/1DB26620-8871-49DA-913F-700623F66B6D.jpg'><img loading=\"lazy\" decoding=\"async\" width=\"800\" height=\"445\" src=\"https:\/\/www.escalade.pro\/news\/wp-content\/uploads\/2026\/03\/1DB26620-8871-49DA-913F-700623F66B6D-800x445.jpg\" class=\"attachment-colormag-featured-image size-colormag-featured-image\" alt=\"competition escalade\" aria-describedby=\"gallery-3-29338\" \/><\/a>\n\t\t\t<\/div>\n\t\t\t\t<figcaption class='wp-caption-text gallery-caption' id='gallery-3-29338'>\n\t\t\t\tFinales de la coupe suisse jeunes de bloc avec le <a href=\"https:\/\/www.instagram.com\/cre_valais\/\">Centre Regional du Valais<\/a>. On avance, petit \u00e0 petit. 28 mars 2026.\n\t\t\t\t<\/figcaption><\/figure><figure class='gallery-item'>\n\t\t\t<div class='gallery-icon portrait'>\n\t\t\t\t<a title=\"IMG_6316\" href='https:\/\/www.escalade.pro\/news\/wp-content\/uploads\/2026\/03\/IMG_6316.jpg'><img loading=\"lazy\" decoding=\"async\" width=\"600\" height=\"445\" src=\"https:\/\/www.escalade.pro\/news\/wp-content\/uploads\/2026\/03\/IMG_6316-600x445.jpg\" class=\"attachment-colormag-featured-image size-colormag-featured-image\" alt=\"salle entrainement escalade grimpe arquee libre\" aria-describedby=\"gallery-3-29316\" \/><\/a>\n\t\t\t<\/div>\n\t\t\t\t<figcaption class='wp-caption-text gallery-caption' id='gallery-3-29316'>\n\t\t\t\tVincent est un passionn\u00e9 du Frankenjura: il adore bourriner sur des bis et des monos. On s&rsquo;est amus\u00e9 sur le 45 mais on a aussi r\u00e9alis\u00e9 des tests physiques et beaucoup discut\u00e9 de le planification de son entrainement des 2 prochains mois. Comme d&rsquo;habitude il faut concilier des contraintes en fonction des objectifs. Il m&rsquo;a surpris en n&rsquo;\u00e9tant pas beaucoup plus fort en tri qu&rsquo;en bi! 26 mars 2026.\n\t\t\t\t<\/figcaption><\/figure><figure class='gallery-item'>\n\t\t\t<div class='gallery-icon portrait'>\n\t\t\t\t<a title=\"IMG_6317\" href='https:\/\/www.escalade.pro\/news\/wp-content\/uploads\/2026\/03\/IMG_6317.jpg'><img loading=\"lazy\" decoding=\"async\" width=\"600\" height=\"445\" src=\"https:\/\/www.escalade.pro\/news\/wp-content\/uploads\/2026\/03\/IMG_6317-600x445.jpg\" class=\"attachment-colormag-featured-image size-colormag-featured-image\" alt=\"salle entrainement escalade grimpe arquee libre\" \/><\/a>\n\t\t\t<\/div><\/figure><figure class='gallery-item'>\n\t\t\t<div class='gallery-icon portrait'>\n\t\t\t\t<a title=\"IMG_6314\" href='https:\/\/www.escalade.pro\/news\/wp-content\/uploads\/2026\/03\/IMG_6314.jpg'><img loading=\"lazy\" decoding=\"async\" width=\"600\" height=\"445\" src=\"https:\/\/www.escalade.pro\/news\/wp-content\/uploads\/2026\/03\/IMG_6314-600x445.jpg\" class=\"attachment-colormag-featured-image size-colormag-featured-image\" alt=\"salle entrainement escalade grimpe arquee libre\" \/><\/a>\n\t\t\t<\/div><\/figure><figure class='gallery-item'>\n\t\t\t<div class='gallery-icon portrait'>\n\t\t\t\t<a title=\"IMG_6315\" href='https:\/\/www.escalade.pro\/news\/wp-content\/uploads\/2026\/03\/IMG_6315.jpg'><img loading=\"lazy\" decoding=\"async\" width=\"600\" height=\"445\" src=\"https:\/\/www.escalade.pro\/news\/wp-content\/uploads\/2026\/03\/IMG_6315-600x445.jpg\" class=\"attachment-colormag-featured-image size-colormag-featured-image\" alt=\"salle entrainement escalade grimpe arquee libre\" \/><\/a>\n\t\t\t<\/div><\/figure><figure class='gallery-item'>\n\t\t\t<div class='gallery-icon portrait'>\n\t\t\t\t<a title=\"image site web affiche-forma-mental-fr-printemps2026\" href='https:\/\/www.escalade.pro\/news\/wp-content\/uploads\/2026\/03\/image-site-web-affiche-forma-mental-fr-printemps2026.jpg'><img loading=\"lazy\" decoding=\"async\" width=\"400\" height=\"445\" src=\"https:\/\/www.escalade.pro\/news\/wp-content\/uploads\/2026\/03\/image-site-web-affiche-forma-mental-fr-printemps2026-400x445.jpg\" class=\"attachment-colormag-featured-image size-colormag-featured-image\" alt=\"peur vol escalade\" aria-describedby=\"gallery-3-29288\" \/><\/a>\n\t\t\t<\/div>\n\t\t\t\t<figcaption class='wp-caption-text gallery-caption' id='gallery-3-29288'>\n\t\t\t\tNouvelle formation \u00ab\u00a0entrainement mental\u00a0\u00bb ce printemps \u00e0 Mont Blanc Escalade. Plus d&rsquo;infos <a href=\"https:\/\/www.escalade.pro\/news\/formation-preparation-mentale-escalade\/\">ici<\/a>.\n\t\t\t\t<\/figcaption><\/figure><figure class='gallery-item'>\n\t\t\t<div class='gallery-icon portrait'>\n\t\t\t\t<a title=\"IMG_6298\" href='https:\/\/www.escalade.pro\/news\/wp-content\/uploads\/2026\/03\/IMG_6298.jpg'><img loading=\"lazy\" decoding=\"async\" width=\"600\" height=\"445\" src=\"https:\/\/www.escalade.pro\/news\/wp-content\/uploads\/2026\/03\/IMG_6298-600x445.jpg\" class=\"attachment-colormag-featured-image size-colormag-featured-image\" alt=\"arquee libre salle escalade grimpe\" aria-describedby=\"gallery-3-29290\" \/><\/a>\n\t\t\t<\/div>\n\t\t\t\t<figcaption class='wp-caption-text gallery-caption' id='gallery-3-29290'>\n\t\t\t\tS\u00e9ance \u00e0 l&rsquo;Arqu\u00e9e Libre avec les copains. Un bon dimanche. 22 mars 2026.\n\t\t\t\t<\/figcaption><\/figure><figure class='gallery-item'>\n\t\t\t<div class='gallery-icon portrait'>\n\t\t\t\t<a title=\"IMG_6290\" href='https:\/\/www.escalade.pro\/news\/wp-content\/uploads\/2026\/03\/IMG_6290.jpg'><img loading=\"lazy\" decoding=\"async\" width=\"571\" height=\"445\" src=\"https:\/\/www.escalade.pro\/news\/wp-content\/uploads\/2026\/03\/IMG_6290-571x445.jpg\" class=\"attachment-colormag-featured-image size-colormag-featured-image\" alt=\"\" aria-describedby=\"gallery-3-29289\" \/><\/a>\n\t\t\t<\/div>\n\t\t\t\t<figcaption class='wp-caption-text gallery-caption' id='gallery-3-29289'>\n\t\t\t\tCimeti\u00e8re \u00e0 la falaise&#8230; 21 mars 2026.\n\t\t\t\t<\/figcaption><\/figure><figure class='gallery-item'>\n\t\t\t<div class='gallery-icon portrait'>\n\t\t\t\t<a title=\"IMG_6273\" href='https:\/\/www.escalade.pro\/news\/wp-content\/uploads\/2026\/03\/IMG_6273.jpg'><img loading=\"lazy\" decoding=\"async\" width=\"600\" height=\"445\" src=\"https:\/\/www.escalade.pro\/news\/wp-content\/uploads\/2026\/03\/IMG_6273-600x445.jpg\" class=\"attachment-colormag-featured-image size-colormag-featured-image\" alt=\"salle escalade arquee libre chamonix climbing gym\" aria-describedby=\"gallery-3-29283\" \/><\/a>\n\t\t\t<\/div>\n\t\t\t\t<figcaption class='wp-caption-text gallery-caption' id='gallery-3-29283'>\n\t\t\t\tNouvelles prises et nouveaux volumes \u00e0 l&rsquo;Arqu\u00e9e Libre. 15 mars 2026.\n\t\t\t\t<\/figcaption><\/figure><figure class='gallery-item'>\n\t\t\t<div class='gallery-icon portrait'>\n\t\t\t\t<a title=\"IMG_6271\" href='https:\/\/www.escalade.pro\/news\/wp-content\/uploads\/2026\/03\/IMG_6271.jpg'><img loading=\"lazy\" decoding=\"async\" width=\"600\" height=\"445\" src=\"https:\/\/www.escalade.pro\/news\/wp-content\/uploads\/2026\/03\/IMG_6271-600x445.jpg\" class=\"attachment-colormag-featured-image size-colormag-featured-image\" alt=\"salle escalade arquee libre chamonix climbing gym\" \/><\/a>\n\t\t\t<\/div><\/figure><figure class='gallery-item'>\n\t\t\t<div class='gallery-icon portrait'>\n\t\t\t\t<a title=\"IMG_6272\" href='https:\/\/www.escalade.pro\/news\/wp-content\/uploads\/2026\/03\/IMG_6272.jpg'><img loading=\"lazy\" decoding=\"async\" width=\"600\" height=\"445\" src=\"https:\/\/www.escalade.pro\/news\/wp-content\/uploads\/2026\/03\/IMG_6272-600x445.jpg\" class=\"attachment-colormag-featured-image size-colormag-featured-image\" alt=\"salle escalade arquee libre chamonix climbing gym\" \/><\/a>\n\t\t\t<\/div><\/figure><figure class='gallery-item'>\n\t\t\t<div class='gallery-icon portrait'>\n\t\t\t\t<a title=\"IMG_6261\" href='https:\/\/www.escalade.pro\/news\/wp-content\/uploads\/2026\/03\/IMG_6261.jpg'><img loading=\"lazy\" decoding=\"async\" width=\"600\" height=\"445\" src=\"https:\/\/www.escalade.pro\/news\/wp-content\/uploads\/2026\/03\/IMG_6261-600x445.jpg\" class=\"attachment-colormag-featured-image size-colormag-featured-image\" alt=\"arquee libre salle escalade climbing gym magland chamonix\" aria-describedby=\"gallery-3-29232\" \/><\/a>\n\t\t\t<\/div>\n\t\t\t\t<figcaption class='wp-caption-text gallery-caption' id='gallery-3-29232'>\n\t\t\t\tLes am\u00e9liorations \u00e0 l&rsquo;Arqu\u00e9e Libre se poursuivent, \u00e0 leur rythme&#8230;\n\nCe weekend pause de la protection de sol pour le 45\u00b0 et la zone de force. On va pouvoir penser aux appareils de renfo. En fonction de la place. 8 mars 2026.\n\t\t\t\t<\/figcaption><\/figure><figure class='gallery-item'>\n\t\t\t<div class='gallery-icon portrait'>\n\t\t\t\t<a title=\"IMG_6259\" href='https:\/\/www.escalade.pro\/news\/wp-content\/uploads\/2026\/03\/IMG_6259.jpg'><img loading=\"lazy\" decoding=\"async\" width=\"600\" height=\"445\" src=\"https:\/\/www.escalade.pro\/news\/wp-content\/uploads\/2026\/03\/IMG_6259-600x445.jpg\" class=\"attachment-colormag-featured-image size-colormag-featured-image\" alt=\"arquee libre salle escalade climbing gym magland chamonix\" \/><\/a>\n\t\t\t<\/div><\/figure><figure class='gallery-item'>\n\t\t\t<div class='gallery-icon portrait'>\n\t\t\t\t<a title=\"IMG_6260\" href='https:\/\/www.escalade.pro\/news\/wp-content\/uploads\/2026\/03\/IMG_6260.jpg'><img loading=\"lazy\" decoding=\"async\" width=\"600\" height=\"445\" src=\"https:\/\/www.escalade.pro\/news\/wp-content\/uploads\/2026\/03\/IMG_6260-600x445.jpg\" class=\"attachment-colormag-featured-image size-colormag-featured-image\" alt=\"arquee libre salle escalade climbing gym magland chamonix\" \/><\/a>\n\t\t\t<\/div><\/figure><figure class='gallery-item'>\n\t\t\t<div class='gallery-icon portrait'>\n\t\t\t\t<a title=\"IMG_6258\" href='https:\/\/www.escalade.pro\/news\/wp-content\/uploads\/2026\/03\/IMG_6258.jpg'><img loading=\"lazy\" decoding=\"async\" width=\"600\" height=\"445\" src=\"https:\/\/www.escalade.pro\/news\/wp-content\/uploads\/2026\/03\/IMG_6258-600x445.jpg\" class=\"attachment-colormag-featured-image size-colormag-featured-image\" alt=\"arquee libre salle escalade climbing gym magland chamonix\" \/><\/a>\n\t\t\t<\/div><\/figure><figure class='gallery-item'>\n\t\t\t<div class='gallery-icon portrait'>\n\t\t\t\t<a title=\"IMG_6247\" href='https:\/\/www.escalade.pro\/news\/wp-content\/uploads\/2026\/03\/IMG_6247.jpg'><img loading=\"lazy\" decoding=\"async\" width=\"600\" height=\"445\" src=\"https:\/\/www.escalade.pro\/news\/wp-content\/uploads\/2026\/03\/IMG_6247-600x445.jpg\" class=\"attachment-colormag-featured-image size-colormag-featured-image\" alt=\"escalade anthon haute savoie\" aria-describedby=\"gallery-3-29218\" \/><\/a>\n\t\t\t<\/div>\n\t\t\t\t<figcaption class='wp-caption-text gallery-caption' id='gallery-3-29218'>\n\t\t\t\tAprem de coaching \u00e0 Anthon, le printemps est l\u00e0! 3 mars 2026.\n\t\t\t\t<\/figcaption><\/figure><figure class='gallery-item'>\n\t\t\t<div class='gallery-icon portrait'>\n\t\t\t\t<a title=\"IMG_6240\" href='https:\/\/www.escalade.pro\/news\/wp-content\/uploads\/2026\/03\/IMG_6240.jpg'><img loading=\"lazy\" decoding=\"async\" width=\"600\" height=\"445\" src=\"https:\/\/www.escalade.pro\/news\/wp-content\/uploads\/2026\/03\/IMG_6240-600x445.jpg\" class=\"attachment-colormag-featured-image size-colormag-featured-image\" alt=\"escalade anthon haute savoie\" \/><\/a>\n\t\t\t<\/div><\/figure><figure class='gallery-item'>\n\t\t\t<div class='gallery-icon landscape'>\n\t\t\t\t<a title=\"IMG_6242\" href='https:\/\/www.escalade.pro\/news\/wp-content\/uploads\/2026\/03\/IMG_6242.jpg'><img loading=\"lazy\" decoding=\"async\" width=\"800\" height=\"445\" src=\"https:\/\/www.escalade.pro\/news\/wp-content\/uploads\/2026\/03\/IMG_6242-800x445.jpg\" class=\"attachment-colormag-featured-image size-colormag-featured-image\" alt=\"escalade anthon haute savoie\" \/><\/a>\n\t\t\t<\/div><\/figure>\n\t\t<\/div>\n\n<hr \/>\n<p>On parle entrainement avec <a href=\"https:\/\/ascensiongrimpe.com\/\" target=\"_blank\" rel=\"noopener\">Ascension Grimpe<\/a>.<br \/>\nC&rsquo;\u00e9tait tr\u00e8s plaisant.<\/p>\n<p><iframe loading=\"lazy\" title=\"YouTube video player\" src=\"https:\/\/www.youtube.com\/embed\/1MdobcqVABE?si=zO3P_c-h3KJk1OKy\" width=\"560\" height=\"315\" frameborder=\"0\" allowfullscreen=\"allowfullscreen\"><\/iframe><\/p>\n<hr \/>\n<p>Encore des vacances de roche incroyables \u00e0 Buoux, notre falaise de coeur&#8230; f\u00e9vrier 2026.<br \/>\nPlus d&rsquo;infos sur mes <a href=\"https:\/\/www.escalade.pro\/news\/weekend-progression-escalade-buoux\/\">stages et weekends \u00e0 Buoux ici<\/a>.<\/p>\n<div id='gallery-4' class='gallery galleryid-18007 gallery-columns-3 gallery-size-colormag-featured-image'><figure class='gallery-item'>\n\t\t\t<div class='gallery-icon portrait'>\n\t\t\t\t<a title=\"WhatsApp Image 2026-02-20 at 19.11.00\" href='https:\/\/www.escalade.pro\/news\/wp-content\/uploads\/2026\/03\/WhatsApp-Image-2026-02-20-at-19.11.00.jpg'><img loading=\"lazy\" decoding=\"async\" width=\"600\" height=\"445\" src=\"https:\/\/www.escalade.pro\/news\/wp-content\/uploads\/2026\/03\/WhatsApp-Image-2026-02-20-at-19.11.00-600x445.jpg\" class=\"attachment-colormag-featured-image size-colormag-featured-image\" alt=\"escalade climbing buoux\" \/><\/a>\n\t\t\t<\/div><\/figure><figure class='gallery-item'>\n\t\t\t<div class='gallery-icon portrait'>\n\t\t\t\t<a title=\"WhatsApp Image 2026-02-20 at 19.10.59\" href='https:\/\/www.escalade.pro\/news\/wp-content\/uploads\/2026\/03\/WhatsApp-Image-2026-02-20-at-19.10.59.jpg'><img loading=\"lazy\" decoding=\"async\" width=\"600\" height=\"445\" src=\"https:\/\/www.escalade.pro\/news\/wp-content\/uploads\/2026\/03\/WhatsApp-Image-2026-02-20-at-19.10.59-600x445.jpg\" class=\"attachment-colormag-featured-image size-colormag-featured-image\" alt=\"escalade climbing buoux\" \/><\/a>\n\t\t\t<\/div><\/figure><figure class='gallery-item'>\n\t\t\t<div class='gallery-icon portrait'>\n\t\t\t\t<a title=\"WhatsApp Image 2026-02-20 at 19.08.28 (1)\" href='https:\/\/www.escalade.pro\/news\/wp-content\/uploads\/2026\/03\/WhatsApp-Image-2026-02-20-at-19.08.28-1.jpg'><img loading=\"lazy\" decoding=\"async\" width=\"600\" height=\"445\" src=\"https:\/\/www.escalade.pro\/news\/wp-content\/uploads\/2026\/03\/WhatsApp-Image-2026-02-20-at-19.08.28-1-600x445.jpg\" class=\"attachment-colormag-featured-image size-colormag-featured-image\" alt=\"escalade climbing buoux\" \/><\/a>\n\t\t\t<\/div><\/figure><figure class='gallery-item'>\n\t\t\t<div class='gallery-icon portrait'>\n\t\t\t\t<a title=\"WhatsApp Image 2026-02-20 at 19.08.21\" href='https:\/\/www.escalade.pro\/news\/wp-content\/uploads\/2026\/03\/WhatsApp-Image-2026-02-20-at-19.08.21.jpg'><img loading=\"lazy\" decoding=\"async\" width=\"600\" height=\"445\" src=\"https:\/\/www.escalade.pro\/news\/wp-content\/uploads\/2026\/03\/WhatsApp-Image-2026-02-20-at-19.08.21-600x445.jpg\" class=\"attachment-colormag-featured-image size-colormag-featured-image\" alt=\"escalade climbing buoux\" \/><\/a>\n\t\t\t<\/div><\/figure><figure class='gallery-item'>\n\t\t\t<div class='gallery-icon portrait'>\n\t\t\t\t<a title=\"IMG_6230\" href='https:\/\/www.escalade.pro\/news\/wp-content\/uploads\/2026\/03\/IMG_6230.jpg'><img loading=\"lazy\" decoding=\"async\" width=\"600\" height=\"445\" src=\"https:\/\/www.escalade.pro\/news\/wp-content\/uploads\/2026\/03\/IMG_6230-600x445.jpg\" class=\"attachment-colormag-featured-image size-colormag-featured-image\" alt=\"escalade climbing buoux\" \/><\/a>\n\t\t\t<\/div><\/figure><figure class='gallery-item'>\n\t\t\t<div class='gallery-icon portrait'>\n\t\t\t\t<a title=\"IMG_6229\" href='https:\/\/www.escalade.pro\/news\/wp-content\/uploads\/2026\/03\/IMG_6229.jpg'><img loading=\"lazy\" decoding=\"async\" width=\"600\" height=\"445\" src=\"https:\/\/www.escalade.pro\/news\/wp-content\/uploads\/2026\/03\/IMG_6229-600x445.jpg\" class=\"attachment-colormag-featured-image size-colormag-featured-image\" alt=\"escalade climbing buoux\" \/><\/a>\n\t\t\t<\/div><\/figure><figure class='gallery-item'>\n\t\t\t<div class='gallery-icon portrait'>\n\t\t\t\t<a title=\"IMG_6224\" href='https:\/\/www.escalade.pro\/news\/wp-content\/uploads\/2026\/03\/IMG_6224.jpg'><img loading=\"lazy\" decoding=\"async\" width=\"600\" height=\"445\" src=\"https:\/\/www.escalade.pro\/news\/wp-content\/uploads\/2026\/03\/IMG_6224-600x445.jpg\" class=\"attachment-colormag-featured-image size-colormag-featured-image\" alt=\"escalade climbing buoux\" \/><\/a>\n\t\t\t<\/div><\/figure><figure class='gallery-item'>\n\t\t\t<div class='gallery-icon portrait'>\n\t\t\t\t<a title=\"IMG_6220\" href='https:\/\/www.escalade.pro\/news\/wp-content\/uploads\/2026\/03\/IMG_6220.jpg'><img loading=\"lazy\" decoding=\"async\" width=\"600\" height=\"445\" src=\"https:\/\/www.escalade.pro\/news\/wp-content\/uploads\/2026\/03\/IMG_6220-600x445.jpg\" class=\"attachment-colormag-featured-image size-colormag-featured-image\" alt=\"escalade climbing buoux\" \/><\/a>\n\t\t\t<\/div><\/figure><figure class='gallery-item'>\n\t\t\t<div class='gallery-icon landscape'>\n\t\t\t\t<a title=\"IMG_6218\" href='https:\/\/www.escalade.pro\/news\/wp-content\/uploads\/2026\/03\/IMG_6218.jpg'><img loading=\"lazy\" decoding=\"async\" width=\"800\" height=\"445\" src=\"https:\/\/www.escalade.pro\/news\/wp-content\/uploads\/2026\/03\/IMG_6218-800x445.jpg\" class=\"attachment-colormag-featured-image size-colormag-featured-image\" alt=\"escalade climbing buoux\" \/><\/a>\n\t\t\t<\/div><\/figure><figure class='gallery-item'>\n\t\t\t<div class='gallery-icon portrait'>\n\t\t\t\t<a title=\"IMG_6214\" href='https:\/\/www.escalade.pro\/news\/wp-content\/uploads\/2026\/03\/IMG_6214.jpg'><img loading=\"lazy\" decoding=\"async\" width=\"600\" height=\"445\" src=\"https:\/\/www.escalade.pro\/news\/wp-content\/uploads\/2026\/03\/IMG_6214-600x445.jpg\" class=\"attachment-colormag-featured-image size-colormag-featured-image\" alt=\"escalade climbing buoux\" \/><\/a>\n\t\t\t<\/div><\/figure><figure class='gallery-item'>\n\t\t\t<div class='gallery-icon landscape'>\n\t\t\t\t<a title=\"IMG_6197\" href='https:\/\/www.escalade.pro\/news\/wp-content\/uploads\/2026\/03\/IMG_6197.jpg'><img loading=\"lazy\" decoding=\"async\" width=\"800\" height=\"445\" src=\"https:\/\/www.escalade.pro\/news\/wp-content\/uploads\/2026\/03\/IMG_6197-800x445.jpg\" class=\"attachment-colormag-featured-image size-colormag-featured-image\" alt=\"escalade climbing buoux\" \/><\/a>\n\t\t\t<\/div><\/figure><figure class='gallery-item'>\n\t\t\t<div class='gallery-icon portrait'>\n\t\t\t\t<a title=\"IMG_6196\" href='https:\/\/www.escalade.pro\/news\/wp-content\/uploads\/2026\/03\/IMG_6196.jpg'><img loading=\"lazy\" decoding=\"async\" width=\"600\" height=\"445\" src=\"https:\/\/www.escalade.pro\/news\/wp-content\/uploads\/2026\/03\/IMG_6196-600x445.jpg\" class=\"attachment-colormag-featured-image size-colormag-featured-image\" alt=\"escalade climbing buoux\" \/><\/a>\n\t\t\t<\/div><\/figure><figure class='gallery-item'>\n\t\t\t<div class='gallery-icon landscape'>\n\t\t\t\t<a title=\"IMG_6191\" href='https:\/\/www.escalade.pro\/news\/wp-content\/uploads\/2026\/03\/IMG_6191.jpg'><img loading=\"lazy\" decoding=\"async\" width=\"800\" height=\"445\" src=\"https:\/\/www.escalade.pro\/news\/wp-content\/uploads\/2026\/03\/IMG_6191-800x445.jpg\" class=\"attachment-colormag-featured-image size-colormag-featured-image\" alt=\"escalade climbing buoux\" \/><\/a>\n\t\t\t<\/div><\/figure><figure class='gallery-item'>\n\t\t\t<div class='gallery-icon portrait'>\n\t\t\t\t<a title=\"IMG_6187\" href='https:\/\/www.escalade.pro\/news\/wp-content\/uploads\/2026\/03\/IMG_6187.jpg'><img loading=\"lazy\" decoding=\"async\" width=\"600\" height=\"445\" src=\"https:\/\/www.escalade.pro\/news\/wp-content\/uploads\/2026\/03\/IMG_6187-600x445.jpg\" class=\"attachment-colormag-featured-image size-colormag-featured-image\" alt=\"escalade climbing buoux\" \/><\/a>\n\t\t\t<\/div><\/figure><figure class='gallery-item'>\n\t\t\t<div class='gallery-icon landscape'>\n\t\t\t\t<a title=\"IMG_6180\" href='https:\/\/www.escalade.pro\/news\/wp-content\/uploads\/2026\/03\/IMG_6180.jpg'><img loading=\"lazy\" decoding=\"async\" width=\"800\" height=\"445\" src=\"https:\/\/www.escalade.pro\/news\/wp-content\/uploads\/2026\/03\/IMG_6180-800x445.jpg\" class=\"attachment-colormag-featured-image size-colormag-featured-image\" alt=\"escalade climbing buoux\" \/><\/a>\n\t\t\t<\/div><\/figure><figure class='gallery-item'>\n\t\t\t<div class='gallery-icon portrait'>\n\t\t\t\t<a title=\"IMG_6177\" href='https:\/\/www.escalade.pro\/news\/wp-content\/uploads\/2026\/03\/IMG_6177.jpg'><img loading=\"lazy\" decoding=\"async\" width=\"773\" height=\"445\" src=\"https:\/\/www.escalade.pro\/news\/wp-content\/uploads\/2026\/03\/IMG_6177-773x445.jpg\" class=\"attachment-colormag-featured-image size-colormag-featured-image\" alt=\"escalade climbing buoux\" \/><\/a>\n\t\t\t<\/div><\/figure><figure class='gallery-item'>\n\t\t\t<div class='gallery-icon landscape'>\n\t\t\t\t<a title=\"IMG_6176\" href='https:\/\/www.escalade.pro\/news\/wp-content\/uploads\/2026\/03\/IMG_6176.jpg'><img loading=\"lazy\" decoding=\"async\" width=\"800\" height=\"445\" src=\"https:\/\/www.escalade.pro\/news\/wp-content\/uploads\/2026\/03\/IMG_6176-800x445.jpg\" class=\"attachment-colormag-featured-image size-colormag-featured-image\" alt=\"escalade climbing buoux\" \/><\/a>\n\t\t\t<\/div><\/figure><figure class='gallery-item'>\n\t\t\t<div class='gallery-icon portrait'>\n\t\t\t\t<a title=\"IMG_6175\" href='https:\/\/www.escalade.pro\/news\/wp-content\/uploads\/2026\/03\/IMG_6175.jpg'><img loading=\"lazy\" decoding=\"async\" width=\"600\" height=\"445\" src=\"https:\/\/www.escalade.pro\/news\/wp-content\/uploads\/2026\/03\/IMG_6175-600x445.jpg\" class=\"attachment-colormag-featured-image size-colormag-featured-image\" alt=\"escalade climbing buoux\" \/><\/a>\n\t\t\t<\/div><\/figure><figure class='gallery-item'>\n\t\t\t<div class='gallery-icon portrait'>\n\t\t\t\t<a title=\"IMG_6161\" href='https:\/\/www.escalade.pro\/news\/wp-content\/uploads\/2026\/03\/IMG_6161.jpg'><img loading=\"lazy\" decoding=\"async\" width=\"600\" height=\"445\" src=\"https:\/\/www.escalade.pro\/news\/wp-content\/uploads\/2026\/03\/IMG_6161-600x445.jpg\" class=\"attachment-colormag-featured-image size-colormag-featured-image\" alt=\"escalade climbing buoux\" \/><\/a>\n\t\t\t<\/div><\/figure><figure class='gallery-item'>\n\t\t\t<div class='gallery-icon portrait'>\n\t\t\t\t<a title=\"IMG_6166\" href='https:\/\/www.escalade.pro\/news\/wp-content\/uploads\/2026\/03\/IMG_6166.jpg'><img loading=\"lazy\" decoding=\"async\" width=\"600\" height=\"445\" src=\"https:\/\/www.escalade.pro\/news\/wp-content\/uploads\/2026\/03\/IMG_6166-600x445.jpg\" class=\"attachment-colormag-featured-image size-colormag-featured-image\" alt=\"escalade climbing buoux\" \/><\/a>\n\t\t\t<\/div><\/figure><figure class='gallery-item'>\n\t\t\t<div class='gallery-icon portrait'>\n\t\t\t\t<a title=\"IMG_6167\" href='https:\/\/www.escalade.pro\/news\/wp-content\/uploads\/2026\/03\/IMG_6167.jpg'><img loading=\"lazy\" decoding=\"async\" width=\"600\" height=\"445\" src=\"https:\/\/www.escalade.pro\/news\/wp-content\/uploads\/2026\/03\/IMG_6167-600x445.jpg\" class=\"attachment-colormag-featured-image size-colormag-featured-image\" alt=\"escalade climbing buoux\" \/><\/a>\n\t\t\t<\/div><\/figure><figure class='gallery-item'>\n\t\t\t<div class='gallery-icon portrait'>\n\t\t\t\t<a title=\"IMG_6173\" href='https:\/\/www.escalade.pro\/news\/wp-content\/uploads\/2026\/03\/IMG_6173.jpg'><img loading=\"lazy\" decoding=\"async\" width=\"600\" height=\"445\" src=\"https:\/\/www.escalade.pro\/news\/wp-content\/uploads\/2026\/03\/IMG_6173-600x445.jpg\" class=\"attachment-colormag-featured-image size-colormag-featured-image\" alt=\"escalade climbing buoux\" \/><\/a>\n\t\t\t<\/div><\/figure><figure class='gallery-item'>\n\t\t\t<div class='gallery-icon portrait'>\n\t\t\t\t<a title=\"IMG_6222\" href='https:\/\/www.escalade.pro\/news\/wp-content\/uploads\/2026\/03\/IMG_6222.jpg'><img loading=\"lazy\" decoding=\"async\" width=\"600\" height=\"445\" src=\"https:\/\/www.escalade.pro\/news\/wp-content\/uploads\/2026\/03\/IMG_6222-600x445.jpg\" class=\"attachment-colormag-featured-image size-colormag-featured-image\" alt=\"rocher escalade buoux\" \/><\/a>\n\t\t\t<\/div><\/figure>\n\t\t<\/div>\n\n<hr \/>\n<p>Dr. Keith Baar revient sur le \u00ab\u00a0m\u00e9thode des 10 minutes\u00a0\u00bb, et l&rsquo;importance du travail sur les tissus conjonctifs (tendons, poulies).<br \/>\nJ&rsquo;en avais parl\u00e9 <a href=\"https:\/\/www.escalade.pro\/news\/entrainement-force-doigt-emil-abrahamsson\">ici<\/a>.<\/p>\n<p><iframe loading=\"lazy\" title=\"YouTube video player\" src=\"https:\/\/www.youtube.com\/embed\/73D61P8RnQE?si=DSVcTDFPV_ZAdC6I\" width=\"560\" height=\"315\" frameborder=\"0\" allowfullscreen=\"allowfullscreen\"><\/iframe><\/p>\n<hr \/>\n<p><strong>\u00ab L&rsquo;ESCROQUERIE des PROGRAMMATIONS \u00bb<\/strong> : un titre provocateur comme sait les sortir ce bon <a href=\"https:\/\/www.rudycoia.com\/\">Rudy Coia<\/a> gr\u00e2ce \u00e0 sa libert\u00e9 de parole.<\/p>\n<p>Au-del\u00e0 du c\u00f4t\u00e9 provoc, si l\u2019entrainement et le m\u00e9tier de coach vous int\u00e9ressent, \u00e9coutez ce podcast :<br \/>\n-Cl\u00e9ment Goudin et Rudy vous expliqueront que <strong>payer pour une programmation, c\u2019est une arnaque (suivant le prix \u00e9videmment). Il faut payer pour un SUIVI !<\/strong><br \/>\n-Vous aurez un aper\u00e7u de notre <strong>TRAVAIL de COACH qui sans cesse adapte, modifie, ou remplace les s\u00e9ances pour rectifier le tir et viser l\u2019objectif. C\u2019est un travail quasi quotidien<\/strong>.<\/p>\n<p><iframe loading=\"lazy\" title=\"YouTube video player\" src=\"https:\/\/www.youtube.com\/embed\/kdUE2yZxsoo?si=exnL6L7P6kq1mUjG\" width=\"560\" height=\"315\" frameborder=\"0\" allowfullscreen=\"allowfullscreen\"><\/iframe><\/p>\n<hr \/>\n<div id='gallery-5' class='gallery galleryid-18007 gallery-columns-3 gallery-size-colormag-featured-image'><figure class='gallery-item'>\n\t\t\t<div class='gallery-icon portrait'>\n\t\t\t\t<a title=\"IMG_6133\" href='https:\/\/www.escalade.pro\/news\/wp-content\/uploads\/2026\/02\/IMG_6133.jpg'><img loading=\"lazy\" decoding=\"async\" width=\"600\" height=\"445\" src=\"https:\/\/www.escalade.pro\/news\/wp-content\/uploads\/2026\/02\/IMG_6133-600x445.jpg\" class=\"attachment-colormag-featured-image size-colormag-featured-image\" alt=\"arquee libre salle grimpe escalade paul oudin\" aria-describedby=\"gallery-5-29113\" \/><\/a>\n\t\t\t<\/div>\n\t\t\t\t<figcaption class='wp-caption-text gallery-caption' id='gallery-5-29113'>\n\t\t\t\tGrosse s\u00e9ance de bloc pour Paul Oudin sur le 45\u00b0. 9 f\u00e9vrier 2026.\n\t\t\t\t<\/figcaption><\/figure>\n\t\t<\/div>\n\n<hr \/>\n<p>Via le th\u00e8me de l&rsquo;hypertrophie, <a href=\"https:\/\/hemtonkine.com\/\">Hem Ton Kin\u00e9<\/a>&nbsp;explique les bases de la pr\u00e9paration physique et balaye certaines id\u00e9es re\u00e7ues tr\u00e8s tenaces.<br \/>\nTout \u00e0 fait transf\u00e9rable \u00e0 la pr\u00e9paration physique pour l&rsquo;escalade. Il FAUT d&rsquo;ailleurs, m\u00eame pour l&rsquo;entrainement des doigts qui travaillent en isom\u00e9trique (pour faire court&#8230;).<\/p>\n<p><iframe loading=\"lazy\" title=\"YouTube video player\" src=\"https:\/\/www.youtube.com\/embed\/USOHY7yXl1E?si=5Wk0c19ah2HlQEDq\" width=\"560\" height=\"315\" frameborder=\"0\" allowfullscreen=\"allowfullscreen\"><\/iframe><\/p>\n<hr \/>\n<div id='gallery-6' class='gallery galleryid-18007 gallery-columns-3 gallery-size-colormag-featured-image'><figure class='gallery-item'>\n\t\t\t<div class='gallery-icon landscape'>\n\t\t\t\t<a title=\"IMG_6124\" href='https:\/\/www.escalade.pro\/news\/wp-content\/uploads\/2026\/02\/IMG_6124.jpg'><img loading=\"lazy\" decoding=\"async\" width=\"800\" height=\"445\" src=\"https:\/\/www.escalade.pro\/news\/wp-content\/uploads\/2026\/02\/IMG_6124-800x445.jpg\" class=\"attachment-colormag-featured-image size-colormag-featured-image\" alt=\"ski rando aravis\" aria-describedby=\"gallery-6-29104\" \/><\/a>\n\t\t\t<\/div>\n\t\t\t\t<figcaption class='wp-caption-text gallery-caption' id='gallery-6-29104'>\n\t\t\t\tUne belle rando dans les Aravis. 7 f\u00e9vrier 2026\n\t\t\t\t<\/figcaption><\/figure><figure class='gallery-item'>\n\t\t\t<div class='gallery-icon landscape'>\n\t\t\t\t<a title=\"IMG_6120\" href='https:\/\/www.escalade.pro\/news\/wp-content\/uploads\/2026\/02\/IMG_6120.jpg'><img loading=\"lazy\" decoding=\"async\" width=\"800\" height=\"445\" src=\"https:\/\/www.escalade.pro\/news\/wp-content\/uploads\/2026\/02\/IMG_6120-800x445.jpg\" class=\"attachment-colormag-featured-image size-colormag-featured-image\" alt=\"ski rando aravis\" \/><\/a>\n\t\t\t<\/div><\/figure><figure class='gallery-item'>\n\t\t\t<div class='gallery-icon landscape'>\n\t\t\t\t<a title=\"IMG_6122\" href='https:\/\/www.escalade.pro\/news\/wp-content\/uploads\/2026\/02\/IMG_6122.jpg'><img loading=\"lazy\" decoding=\"async\" width=\"800\" height=\"445\" src=\"https:\/\/www.escalade.pro\/news\/wp-content\/uploads\/2026\/02\/IMG_6122-800x445.jpg\" class=\"attachment-colormag-featured-image size-colormag-featured-image\" alt=\"ski rando aravis\" \/><\/a>\n\t\t\t<\/div><\/figure><figure class='gallery-item'>\n\t\t\t<div class='gallery-icon portrait'>\n\t\t\t\t<a title=\"IMG_6117\" href='https:\/\/www.escalade.pro\/news\/wp-content\/uploads\/2026\/02\/IMG_6117.jpg'><img loading=\"lazy\" decoding=\"async\" width=\"600\" height=\"445\" src=\"https:\/\/www.escalade.pro\/news\/wp-content\/uploads\/2026\/02\/IMG_6117-600x445.jpg\" class=\"attachment-colormag-featured-image size-colormag-featured-image\" alt=\"arqu\u00e9e libre salle escalade magland hautes savoie\" aria-describedby=\"gallery-6-29101\" \/><\/a>\n\t\t\t<\/div>\n\t\t\t\t<figcaption class='wp-caption-text gallery-caption' id='gallery-6-29101'>\n\t\t\t\tEmilie Dupont et Baptiste Rouch en tournage \u00e0 l&rsquo;Arqu\u00e9e Libre vendredi. On a bien discut\u00e9&#8230; et rigol\u00e9!  Vid\u00e9o fin mars. 6 f\u00e9vrier 2026.\n\t\t\t\t<\/figcaption><\/figure><figure class='gallery-item'>\n\t\t\t<div class='gallery-icon portrait'>\n\t\t\t\t<a title=\"IMG_6114\" href='https:\/\/www.escalade.pro\/news\/wp-content\/uploads\/2026\/02\/IMG_6114.jpg'><img loading=\"lazy\" decoding=\"async\" width=\"600\" height=\"445\" src=\"https:\/\/www.escalade.pro\/news\/wp-content\/uploads\/2026\/02\/IMG_6114-600x445.jpg\" class=\"attachment-colormag-featured-image size-colormag-featured-image\" alt=\"\" aria-describedby=\"gallery-6-29093\" \/><\/a>\n\t\t\t<\/div>\n\t\t\t\t<figcaption class='wp-caption-text gallery-caption' id='gallery-6-29093'>\n\t\t\t\tLe d\u00e9but de la saison de comp\u00e9tition approche pour les jeunes du Centre R\u00e9gional&#8230; 4 f\u00e9vrier 2026.\n\t\t\t\t<\/figcaption><\/figure><figure class='gallery-item'>\n\t\t\t<div class='gallery-icon landscape'>\n\t\t\t\t<a title=\"IMG_6108\" href='https:\/\/www.escalade.pro\/news\/wp-content\/uploads\/2026\/02\/IMG_6108.jpg'><img loading=\"lazy\" decoding=\"async\" width=\"800\" height=\"445\" src=\"https:\/\/www.escalade.pro\/news\/wp-content\/uploads\/2026\/02\/IMG_6108-800x445.jpg\" class=\"attachment-colormag-featured-image size-colormag-featured-image\" alt=\"\" aria-describedby=\"gallery-6-29087\" \/><\/a>\n\t\t\t<\/div>\n\t\t\t\t<figcaption class='wp-caption-text gallery-caption' id='gallery-6-29087'>\n\t\t\t\tOups j&rsquo;ai pris mon mardi off&#8230; 3 f\u00e9vrier 2026.\n\t\t\t\t<\/figcaption><\/figure><figure class='gallery-item'>\n\t\t\t<div class='gallery-icon landscape'>\n\t\t\t\t<a title=\"IMG_6109\" href='https:\/\/www.escalade.pro\/news\/wp-content\/uploads\/2026\/02\/IMG_6109.jpg'><img loading=\"lazy\" decoding=\"async\" width=\"800\" height=\"445\" src=\"https:\/\/www.escalade.pro\/news\/wp-content\/uploads\/2026\/02\/IMG_6109-800x445.jpg\" class=\"attachment-colormag-featured-image size-colormag-featured-image\" alt=\"haute savoie montagne\" \/><\/a>\n\t\t\t<\/div><\/figure><figure class='gallery-item'>\n\t\t\t<div class='gallery-icon portrait'>\n\t\t\t\t<a title=\"IMG_6106\" href='https:\/\/www.escalade.pro\/news\/wp-content\/uploads\/2026\/02\/IMG_6106.jpg'><img loading=\"lazy\" decoding=\"async\" width=\"600\" height=\"445\" src=\"https:\/\/www.escalade.pro\/news\/wp-content\/uploads\/2026\/02\/IMG_6106-600x445.jpg\" class=\"attachment-colormag-featured-image size-colormag-featured-image\" alt=\"douleur doigt escalade grimpe\" aria-describedby=\"gallery-6-29089\" \/><\/a>\n\t\t\t<\/div>\n\t\t\t\t<figcaption class='wp-caption-text gallery-caption' id='gallery-6-29089'>\n\t\t\t\tEchanges avec la fameux <a href=\"https:\/\/www.instagram.com\/theclimbingphysio\/\">theclimbingphysio<\/a> pour parler de douleurs aux doigts et d&rsquo;arthrose. 2 f\u00e9vrier 2026.\n\t\t\t\t<\/figcaption><\/figure>\n\t\t<\/div>\n\n<hr \/>\n<p>Une discussion avec <a href=\"https:\/\/www.youtube.com\/tvmountain\">TVmoutain<\/a> qui est pass\u00e9 \u00e0 l&rsquo;Arqu\u00e9e Libre.<\/p>\n<p><iframe loading=\"lazy\" title=\"YouTube video player\" src=\"https:\/\/www.youtube.com\/embed\/bulrZ7Pb5lU?si=1BW8owfbzSEFEISV\" width=\"560\" height=\"315\" frameborder=\"0\" allowfullscreen=\"allowfullscreen\"><\/iframe><\/p>\n<hr \/>\n<div id='gallery-7' class='gallery galleryid-18007 gallery-columns-3 gallery-size-colormag-featured-image'><figure class='gallery-item'>\n\t\t\t<div class='gallery-icon landscape'>\n\t\t\t\t<a title=\"tvm\" href='https:\/\/www.escalade.pro\/news\/wp-content\/uploads\/2026\/01\/tvm.jpg'><img loading=\"lazy\" decoding=\"async\" width=\"800\" height=\"445\" src=\"https:\/\/www.escalade.pro\/news\/wp-content\/uploads\/2026\/01\/tvm-800x445.jpg\" class=\"attachment-colormag-featured-image size-colormag-featured-image\" alt=\"tv mountain arqu\u00e9e libre magland salle escalade interview\" aria-describedby=\"gallery-7-29066\" \/><\/a>\n\t\t\t<\/div>\n\t\t\t\t<figcaption class='wp-caption-text gallery-caption' id='gallery-7-29066'>\n\t\t\t\t<a href=\"https:\/\/www.youtube.com\/tvmountain\">TVmountain<\/a> est pass\u00e9 parler grimpe et entrainement \u00e0 l&rsquo;Arqu\u00e9e Libre. 28 janvier 2026.\n\t\t\t\t<\/figcaption><\/figure><figure class='gallery-item'>\n\t\t\t<div class='gallery-icon landscape'>\n\t\t\t\t<a title=\"IMG_6097\" href='https:\/\/www.escalade.pro\/news\/wp-content\/uploads\/2026\/01\/IMG_6097.jpg'><img loading=\"lazy\" decoding=\"async\" width=\"800\" height=\"445\" src=\"https:\/\/www.escalade.pro\/news\/wp-content\/uploads\/2026\/01\/IMG_6097-800x445.jpg\" class=\"attachment-colormag-featured-image size-colormag-featured-image\" alt=\"tv mountain arqu\u00e9e libre magland salle escalade interview\" \/><\/a>\n\t\t\t<\/div><\/figure><figure class='gallery-item'>\n\t\t\t<div class='gallery-icon landscape'>\n\t\t\t\t<a title=\"IMG_6094\" href='https:\/\/www.escalade.pro\/news\/wp-content\/uploads\/2026\/01\/IMG_6094.jpg'><img loading=\"lazy\" decoding=\"async\" width=\"800\" height=\"445\" src=\"https:\/\/www.escalade.pro\/news\/wp-content\/uploads\/2026\/01\/IMG_6094-800x445.jpg\" class=\"attachment-colormag-featured-image size-colormag-featured-image\" alt=\"gravin magland croix de fer\" aria-describedby=\"gallery-7-29064\" \/><\/a>\n\t\t\t<\/div>\n\t\t\t\t<figcaption class='wp-caption-text gallery-caption' id='gallery-7-29064'>\n\t\t\t\tUne matin magique sur la Croix de Fer. 28 janvier 2025.\n\t\t\t\t<\/figcaption><\/figure><figure class='gallery-item'>\n\t\t\t<div class='gallery-icon portrait'>\n\t\t\t\t<a title=\"IMG_6093\" href='https:\/\/www.escalade.pro\/news\/wp-content\/uploads\/2026\/01\/IMG_6093.jpg'><img loading=\"lazy\" decoding=\"async\" width=\"750\" height=\"445\" src=\"https:\/\/www.escalade.pro\/news\/wp-content\/uploads\/2026\/01\/IMG_6093-750x445.jpg\" class=\"attachment-colormag-featured-image size-colormag-featured-image\" alt=\"arquee libre salle escalade haute savoie climing gym grimpe\" aria-describedby=\"gallery-7-29058\" \/><\/a>\n\t\t\t<\/div>\n\t\t\t\t<figcaption class='wp-caption-text gallery-caption' id='gallery-7-29058'>\n\t\t\t\tLes travaux du lundi 26 janvier 2026. Lumi\u00e8res et matelas.\n\t\t\t\t<\/figcaption><\/figure><figure class='gallery-item'>\n\t\t\t<div class='gallery-icon landscape'>\n\t\t\t\t<a title=\"IMG_6090\" href='https:\/\/www.escalade.pro\/news\/wp-content\/uploads\/2026\/01\/IMG_6090.jpg'><img loading=\"lazy\" decoding=\"async\" width=\"800\" height=\"445\" src=\"https:\/\/www.escalade.pro\/news\/wp-content\/uploads\/2026\/01\/IMG_6090-800x445.jpg\" class=\"attachment-colormag-featured-image size-colormag-featured-image\" alt=\"\" \/><\/a>\n\t\t\t<\/div><\/figure><figure class='gallery-item'>\n\t\t\t<div class='gallery-icon portrait'>\n\t\t\t\t<a title=\"IMG_6081\" href='https:\/\/www.escalade.pro\/news\/wp-content\/uploads\/2026\/01\/IMG_6081.jpg'><img loading=\"lazy\" decoding=\"async\" width=\"600\" height=\"445\" src=\"https:\/\/www.escalade.pro\/news\/wp-content\/uploads\/2026\/01\/IMG_6081-600x445.jpg\" class=\"attachment-colormag-featured-image size-colormag-featured-image\" alt=\"salle escalade haute savoie magland grimpe arquee libre\" aria-describedby=\"gallery-7-29041\" \/><\/a>\n\t\t\t<\/div>\n\t\t\t\t<figcaption class='wp-caption-text gallery-caption' id='gallery-7-29041'>\n\t\t\t\t30 nouvelles r\u00e9gles, pinces et bidoigts \u00e0 l&rsquo;Arqu\u00e9e Libre. Et des nouveaux jouets pour les suspensions. 22 janvier 2026.\n\t\t\t\t<\/figcaption><\/figure><figure class='gallery-item'>\n\t\t\t<div class='gallery-icon portrait'>\n\t\t\t\t<a title=\"IMG_6082\" href='https:\/\/www.escalade.pro\/news\/wp-content\/uploads\/2026\/01\/IMG_6082.jpg'><img loading=\"lazy\" decoding=\"async\" width=\"600\" height=\"445\" src=\"https:\/\/www.escalade.pro\/news\/wp-content\/uploads\/2026\/01\/IMG_6082-600x445.jpg\" class=\"attachment-colormag-featured-image size-colormag-featured-image\" alt=\"salle escalade haute savoie magland grimpe arquee libre\" \/><\/a>\n\t\t\t<\/div><\/figure><figure class='gallery-item'>\n\t\t\t<div class='gallery-icon portrait'>\n\t\t\t\t<a title=\"IMG_6084\" href='https:\/\/www.escalade.pro\/news\/wp-content\/uploads\/2026\/01\/IMG_6084.jpg'><img loading=\"lazy\" decoding=\"async\" width=\"600\" height=\"445\" src=\"https:\/\/www.escalade.pro\/news\/wp-content\/uploads\/2026\/01\/IMG_6084-600x445.jpg\" class=\"attachment-colormag-featured-image size-colormag-featured-image\" alt=\"salle escalade haute savoie magland grimpe arquee libre\" \/><\/a>\n\t\t\t<\/div><\/figure><figure class='gallery-item'>\n\t\t\t<div class='gallery-icon portrait'>\n\t\t\t\t<a title=\"IMG_6075\" href='https:\/\/www.escalade.pro\/news\/wp-content\/uploads\/2026\/01\/IMG_6075.jpg'><img loading=\"lazy\" decoding=\"async\" width=\"600\" height=\"445\" src=\"https:\/\/www.escalade.pro\/news\/wp-content\/uploads\/2026\/01\/IMG_6075-600x445.jpg\" class=\"attachment-colormag-featured-image size-colormag-featured-image\" alt=\"salle escalade haute savoie magland grimpe arquee libre\" \/><\/a>\n\t\t\t<\/div><\/figure><figure class='gallery-item'>\n\t\t\t<div class='gallery-icon portrait'>\n\t\t\t\t<a title=\"IMG_6076\" href='https:\/\/www.escalade.pro\/news\/wp-content\/uploads\/2026\/01\/IMG_6076.jpg'><img loading=\"lazy\" decoding=\"async\" width=\"600\" height=\"445\" src=\"https:\/\/www.escalade.pro\/news\/wp-content\/uploads\/2026\/01\/IMG_6076-600x445.jpg\" class=\"attachment-colormag-featured-image size-colormag-featured-image\" alt=\"salle escalade haute savoie magland grimpe arquee libre\" \/><\/a>\n\t\t\t<\/div><\/figure><figure class='gallery-item'>\n\t\t\t<div class='gallery-icon portrait'>\n\t\t\t\t<a title=\"IMG_6077\" href='https:\/\/www.escalade.pro\/news\/wp-content\/uploads\/2026\/01\/IMG_6077.jpg'><img loading=\"lazy\" decoding=\"async\" width=\"546\" height=\"445\" src=\"https:\/\/www.escalade.pro\/news\/wp-content\/uploads\/2026\/01\/IMG_6077-546x445.jpg\" class=\"attachment-colormag-featured-image size-colormag-featured-image\" alt=\"salle escalade haute savoie magland grimpe arquee libre\" \/><\/a>\n\t\t\t<\/div><\/figure><figure class='gallery-item'>\n\t\t\t<div class='gallery-icon portrait'>\n\t\t\t\t<a title=\"IMG_6078\" href='https:\/\/www.escalade.pro\/news\/wp-content\/uploads\/2026\/01\/IMG_6078.jpg'><img loading=\"lazy\" decoding=\"async\" width=\"600\" height=\"445\" src=\"https:\/\/www.escalade.pro\/news\/wp-content\/uploads\/2026\/01\/IMG_6078-600x445.jpg\" class=\"attachment-colormag-featured-image size-colormag-featured-image\" alt=\"salle escalade haute savoie magland grimpe arquee libre\" \/><\/a>\n\t\t\t<\/div><\/figure><figure class='gallery-item'>\n\t\t\t<div class='gallery-icon portrait'>\n\t\t\t\t<a title=\"IMG_6079\" href='https:\/\/www.escalade.pro\/news\/wp-content\/uploads\/2026\/01\/IMG_6079.jpg'><img loading=\"lazy\" decoding=\"async\" width=\"600\" height=\"445\" src=\"https:\/\/www.escalade.pro\/news\/wp-content\/uploads\/2026\/01\/IMG_6079-600x445.jpg\" class=\"attachment-colormag-featured-image size-colormag-featured-image\" alt=\"salle escalade haute savoie magland grimpe arquee libre\" \/><\/a>\n\t\t\t<\/div><\/figure><figure class='gallery-item'>\n\t\t\t<div class='gallery-icon portrait'>\n\t\t\t\t<a title=\"IMG_6080\" href='https:\/\/www.escalade.pro\/news\/wp-content\/uploads\/2026\/01\/IMG_6080.jpg'><img loading=\"lazy\" decoding=\"async\" width=\"600\" height=\"445\" src=\"https:\/\/www.escalade.pro\/news\/wp-content\/uploads\/2026\/01\/IMG_6080-600x445.jpg\" class=\"attachment-colormag-featured-image size-colormag-featured-image\" alt=\"salle escalade haute savoie magland grimpe arquee libre\" \/><\/a>\n\t\t\t<\/div><\/figure>\n\t\t<\/div>\n\n<hr \/>\n<p><iframe loading=\"lazy\" title=\"YouTube video player\" src=\"https:\/\/www.youtube.com\/embed\/-E6VdLkSyRI?si=av4nIXcrAXl3EvXN\" width=\"560\" height=\"315\" frameborder=\"0\" allowfullscreen=\"allowfullscreen\"><\/iframe><\/p>\n<p>Progression, blessures, entra\u00eenement : j&rsquo;explique ma vision lors d&rsquo;une discussion avec Jocelyn de la <a href=\"https:\/\/lazonedequilibre.fr\/\">Zone d&rsquo;Equilibre<\/a>.<\/p>\n<hr \/>\n<div id='gallery-8' class='gallery galleryid-18007 gallery-columns-3 gallery-size-colormag-featured-image'><figure class='gallery-item'>\n\t\t\t<div class='gallery-icon portrait'>\n\t\t\t\t<a title=\"IMG_6062\" href='https:\/\/www.escalade.pro\/news\/wp-content\/uploads\/2026\/01\/IMG_6062.jpg'><img loading=\"lazy\" decoding=\"async\" width=\"600\" height=\"445\" src=\"https:\/\/www.escalade.pro\/news\/wp-content\/uploads\/2026\/01\/IMG_6062-600x445.jpg\" class=\"attachment-colormag-featured-image size-colormag-featured-image\" alt=\"salle escalade grimpe entrainement arquee libre\" aria-describedby=\"gallery-8-29029\" \/><\/a>\n\t\t\t<\/div>\n\t\t\t\t<figcaption class='wp-caption-text gallery-caption' id='gallery-8-29029'>\n\t\t\t\tBrosses <a href=\"https:\/\/www.dewoodstok.nl\/\">De Woodstock<\/a> \u00e0 l&rsquo;Arqu\u00e9e Libre, haut de gamme! 19 f\u00e9vrier 2026.\n\t\t\t\t<\/figcaption><\/figure><figure class='gallery-item'>\n\t\t\t<div class='gallery-icon portrait'>\n\t\t\t\t<a title=\"IMG_6070\" href='https:\/\/www.escalade.pro\/news\/wp-content\/uploads\/2026\/01\/IMG_6070.jpg'><img loading=\"lazy\" decoding=\"async\" width=\"600\" height=\"445\" src=\"https:\/\/www.escalade.pro\/news\/wp-content\/uploads\/2026\/01\/IMG_6070-600x445.jpg\" class=\"attachment-colormag-featured-image size-colormag-featured-image\" alt=\"salle escalade grimpe entrainement arquee libre\" \/><\/a>\n\t\t\t<\/div><\/figure><figure class='gallery-item'>\n\t\t\t<div class='gallery-icon portrait'>\n\t\t\t\t<a title=\"IMG_6060\" href='https:\/\/www.escalade.pro\/news\/wp-content\/uploads\/2026\/01\/IMG_6060.jpg'><img loading=\"lazy\" decoding=\"async\" width=\"600\" height=\"445\" src=\"https:\/\/www.escalade.pro\/news\/wp-content\/uploads\/2026\/01\/IMG_6060-600x445.jpg\" class=\"attachment-colormag-featured-image size-colormag-featured-image\" alt=\"salle escalade grimpe entrainement arquee libre\" \/><\/a>\n\t\t\t<\/div><\/figure><figure class='gallery-item'>\n\t\t\t<div class='gallery-icon portrait'>\n\t\t\t\t<a title=\"092CB4A1-E5E6-41B1-97B1-745907F55FA0 (1)\" href='https:\/\/www.escalade.pro\/news\/wp-content\/uploads\/2026\/01\/092CB4A1-E5E6-41B1-97B1-745907F55FA0-1.jpg'><img loading=\"lazy\" decoding=\"async\" width=\"450\" height=\"445\" src=\"https:\/\/www.escalade.pro\/news\/wp-content\/uploads\/2026\/01\/092CB4A1-E5E6-41B1-97B1-745907F55FA0-1-450x445.jpg\" class=\"attachment-colormag-featured-image size-colormag-featured-image\" alt=\"coach escalade\" aria-describedby=\"gallery-8-29026\" \/><\/a>\n\t\t\t<\/div>\n\t\t\t\t<figcaption class='wp-caption-text gallery-caption' id='gallery-8-29026'>\n\t\t\t\tUn influenceur d&rsquo;Instagram se prend pour un coach escalade. Une honte&#8230; 19 janvier 2026.\n\t\t\t\t<\/figcaption><\/figure><figure class='gallery-item'>\n\t\t\t<div class='gallery-icon portrait'>\n\t\t\t\t<a title=\"Screenshot\" href='https:\/\/www.escalade.pro\/news\/wp-content\/uploads\/2026\/01\/IMG_6061.jpg'><img loading=\"lazy\" decoding=\"async\" width=\"450\" height=\"445\" src=\"https:\/\/www.escalade.pro\/news\/wp-content\/uploads\/2026\/01\/IMG_6061-450x445.jpg\" class=\"attachment-colormag-featured-image size-colormag-featured-image\" alt=\"coach escalade\" \/><\/a>\n\t\t\t<\/div><\/figure><figure class='gallery-item'>\n\t\t\t<div class='gallery-icon landscape'>\n\t\t\t\t<a title=\"IMG_6050\" href='https:\/\/www.escalade.pro\/news\/wp-content\/uploads\/2026\/01\/IMG_6050.jpg'><img loading=\"lazy\" decoding=\"async\" width=\"800\" height=\"445\" src=\"https:\/\/www.escalade.pro\/news\/wp-content\/uploads\/2026\/01\/IMG_6050-800x445.jpg\" class=\"attachment-colormag-featured-image size-colormag-featured-image\" alt=\"ski rando aravis\" aria-describedby=\"gallery-8-29006\" \/><\/a>\n\t\t\t<\/div>\n\t\t\t\t<figcaption class='wp-caption-text gallery-caption' id='gallery-8-29006'>\n\t\t\t\tInstants mystiques ce matin. Ca devient tellement rare. A savourer! En chaussant devant la porte en plus. 11 janvier 2025.\n\t\t\t\t<\/figcaption><\/figure><figure class='gallery-item'>\n\t\t\t<div class='gallery-icon landscape'>\n\t\t\t\t<a title=\"IMG_6048\" href='https:\/\/www.escalade.pro\/news\/wp-content\/uploads\/2026\/01\/IMG_6048.jpg'><img loading=\"lazy\" decoding=\"async\" width=\"800\" height=\"445\" src=\"https:\/\/www.escalade.pro\/news\/wp-content\/uploads\/2026\/01\/IMG_6048-800x445.jpg\" class=\"attachment-colormag-featured-image size-colormag-featured-image\" alt=\"ski rando aravis\" \/><\/a>\n\t\t\t<\/div><\/figure><figure class='gallery-item'>\n\t\t\t<div class='gallery-icon landscape'>\n\t\t\t\t<a title=\"IMG_6046\" href='https:\/\/www.escalade.pro\/news\/wp-content\/uploads\/2026\/01\/IMG_6046.jpg'><img loading=\"lazy\" decoding=\"async\" width=\"800\" height=\"445\" src=\"https:\/\/www.escalade.pro\/news\/wp-content\/uploads\/2026\/01\/IMG_6046-800x445.jpg\" class=\"attachment-colormag-featured-image size-colormag-featured-image\" alt=\"ski rando aravis\" \/><\/a>\n\t\t\t<\/div><\/figure><figure class='gallery-item'>\n\t\t\t<div class='gallery-icon portrait'>\n\t\t\t\t<a title=\"IMG_6043\" href='https:\/\/www.escalade.pro\/news\/wp-content\/uploads\/2026\/01\/IMG_6043.jpg'><img loading=\"lazy\" decoding=\"async\" width=\"568\" height=\"445\" src=\"https:\/\/www.escalade.pro\/news\/wp-content\/uploads\/2026\/01\/IMG_6043-568x445.jpg\" class=\"attachment-colormag-featured-image size-colormag-featured-image\" alt=\"ski rando aravis\" \/><\/a>\n\t\t\t<\/div><\/figure><figure class='gallery-item'>\n\t\t\t<div class='gallery-icon portrait'>\n\t\t\t\t<a title=\"IMG_6040\" href='https:\/\/www.escalade.pro\/news\/wp-content\/uploads\/2026\/01\/IMG_6040.jpg'><img loading=\"lazy\" decoding=\"async\" width=\"600\" height=\"445\" src=\"https:\/\/www.escalade.pro\/news\/wp-content\/uploads\/2026\/01\/IMG_6040-600x445.jpg\" class=\"attachment-colormag-featured-image size-colormag-featured-image\" alt=\"prises escalade beastmaker climbing hold\" aria-describedby=\"gallery-8-29002\" \/><\/a>\n\t\t\t<\/div>\n\t\t\t\t<figcaption class='wp-caption-text gallery-caption' id='gallery-8-29002'>\n\t\t\t\tLe cadeau de No\u00ebl du groupe entra\u00eenement du jeudi soir. 9 janvier 2026.\n\t\t\t\t<\/figcaption><\/figure>\n\t\t<\/div>\n\n<hr \/>\n<p>Jocelyn \/ <a href=\"https:\/\/lazonedequilibre.fr\/\">La Zone d&rsquo;Equilibre<\/a> fait le point sur les diff\u00e9rentes m\u00e9thodes pour <strong>s&rsquo;entrainer en force doigt<\/strong>.<br \/>\nIl m&rsquo;a \u00e9galement consult\u00e9 pour quelques conseils.<\/p>\n<p><iframe loading=\"lazy\" title=\"YouTube video player\" src=\"https:\/\/www.youtube.com\/embed\/Ptk1xsaEXBU?si=83dy2xaw6FszJd_6\" width=\"560\" height=\"315\" frameborder=\"0\" allowfullscreen=\"allowfullscreen\"><\/iframe><\/p>\n<hr \/>\n<p><a href=\"https:\/\/www.escalade.pro\/news\/reflexion-grimpe-escalade-salles-bloc\/\"><img loading=\"lazy\" decoding=\"async\" class=\"aligncenter wp-image-28989 size-medium\" src=\"https:\/\/www.escalade.pro\/news\/wp-content\/uploads\/2026\/01\/bloc-burger-300x146.jpg\" alt=\"salle escalade bloc arquee libre\" width=\"300\" height=\"146\" srcset=\"https:\/\/www.escalade.pro\/news\/wp-content\/uploads\/2026\/01\/bloc-burger-300x146.jpg 300w, https:\/\/www.escalade.pro\/news\/wp-content\/uploads\/2026\/01\/bloc-burger-768x375.jpg 768w, https:\/\/www.escalade.pro\/news\/wp-content\/uploads\/2026\/01\/bloc-burger-800x392.jpg 800w, https:\/\/www.escalade.pro\/news\/wp-content\/uploads\/2026\/01\/bloc-burger-400x195.jpg 400w, https:\/\/www.escalade.pro\/news\/wp-content\/uploads\/2026\/01\/bloc-burger.jpg 803w\" sizes=\"auto, (max-width: 300px) 100vw, 300px\" \/><\/a><\/p>\n<p><strong>Le mod\u00e8le \u201cbloc burger\u201d des salles de bloc commerciales se casse la gueule<\/strong>. Pas surprenant, rassurant m\u00eame? Et si l&rsquo;activit\u00e9 \u00e9conomique n&rsquo;\u00e9tait pas la seule responsable?<br \/>\nLire l&rsquo;<a href=\"https:\/\/www.escalade.pro\/news\/reflexion-grimpe-escalade-salles-bloc\/\" target=\"_blank\" rel=\"noopener\">article ici<\/a>.<\/p>\n<hr \/>\n<div id='gallery-9' class='gallery galleryid-18007 gallery-columns-3 gallery-size-colormag-featured-image'><figure class='gallery-item'>\n\t\t\t<div class='gallery-icon portrait'>\n\t\t\t\t<a title=\"IMG_6038\" href='https:\/\/www.escalade.pro\/news\/photos-videos\/img_6038\/'><img loading=\"lazy\" decoding=\"async\" width=\"600\" height=\"445\" src=\"https:\/\/www.escalade.pro\/news\/wp-content\/uploads\/2026\/01\/IMG_6038-600x445.jpg\" class=\"attachment-colormag-featured-image size-colormag-featured-image\" alt=\"prise escalade\" aria-describedby=\"gallery-9-28964\" \/><\/a>\n\t\t\t<\/div>\n\t\t\t\t<figcaption class='wp-caption-text gallery-caption' id='gallery-9-28964'>\n\t\t\t\tJe vais bien m&rsquo;amuser aujourd&rsquo;hui! 6 janvier 2026.\n\t\t\t\t<\/figcaption><\/figure><figure class='gallery-item'>\n\t\t\t<div class='gallery-icon landscape'>\n\t\t\t\t<a title=\"01A2CED9-9BF5-46A1-A66E-66D78500D829\" href='https:\/\/www.escalade.pro\/news\/photos-videos\/01a2ced9-9bf5-46a1-a66e-66d78500d829\/'><img loading=\"lazy\" decoding=\"async\" width=\"800\" height=\"445\" src=\"https:\/\/www.escalade.pro\/news\/wp-content\/uploads\/2026\/01\/01A2CED9-9BF5-46A1-A66E-66D78500D829-800x445.jpg\" class=\"attachment-colormag-featured-image size-colormag-featured-image\" alt=\"montagne alpes\" aria-describedby=\"gallery-9-28965\" \/><\/a>\n\t\t\t<\/div>\n\t\t\t\t<figcaption class='wp-caption-text gallery-caption' id='gallery-9-28965'>\n\t\t\t\tUn dimanche au soleil de nos montagnes avant la rentr\u00e9e. 4 janvier 2026.\n\t\t\t\t<\/figcaption><\/figure><figure class='gallery-item'>\n\t\t\t<div class='gallery-icon portrait'>\n\t\t\t\t<a title=\"IMG_6028\" href='https:\/\/www.escalade.pro\/news\/photos-videos\/img_6028\/'><img loading=\"lazy\" decoding=\"async\" width=\"691\" height=\"445\" src=\"https:\/\/www.escalade.pro\/news\/wp-content\/uploads\/2026\/01\/IMG_6028-691x445.jpg\" class=\"attachment-colormag-featured-image size-colormag-featured-image\" alt=\"rocher fossile\" aria-describedby=\"gallery-9-28963\" \/><\/a>\n\t\t\t<\/div>\n\t\t\t\t<figcaption class='wp-caption-text gallery-caption' id='gallery-9-28963'>\n\t\t\t\tUne lumi\u00e8re rasante r\u00e9v\u00e9latrice&#8230; Et bonne ann\u00e9e! 1 janvier 2026\n\t\t\t\t<\/figcaption><\/figure>\n\t\t<\/div>\n\n","protected":false},"excerpt":{"rendered":"<p>Cette page, c&rsquo;est mon compte Instagram, en direct. Pour suivre mon actualit\u00e9 et mes activit\u00e9s au quotidien, ou presque. Je<\/p>\n","protected":false},"author":1,"featured_media":26623,"parent":0,"menu_order":0,"comment_status":"closed","ping_status":"closed","template":"","meta":{"colormag_page_container_layout":"no_sidebar_full_width","colormag_page_sidebar_layout":"no_sidebar","_monsterinsights_skip_tracking":false,"_monsterinsights_sitenote_active":false,"_monsterinsights_sitenote_note":"","_monsterinsights_sitenote_category":0,"ngg_post_thumbnail":0,"jetpack_post_was_ever_published":false,"footnotes":""},"class_list":["post-18007","page","type-page","status-publish","has-post-thumbnail","hentry"],"yoast_head":"<!-- This site is optimized with the Yoast SEO plugin v27.5 - https:\/\/yoast.com\/product\/yoast-seo-wordpress\/ -->\n<title>Mon actu d&#039;entraineur escalade, moniteur, grimpeur - Fred Vionnet<\/title>\n<meta name=\"description\" content=\"Voici notre actualit\u00e9s en photos et vid\u00e9os d&#039;escalade, montagne, ski et autres. On est mieux que sur les r\u00e9seaux sociaux, non?\" \/>\n<meta name=\"robots\" content=\"index, follow, max-snippet:-1, max-image-preview:large, max-video-preview:-1\" \/>\n<link rel=\"canonical\" href=\"https:\/\/www.escalade.pro\/news\/photos-videos\/\" \/>\n<meta property=\"og:locale\" content=\"fr_FR\" \/>\n<meta property=\"og:type\" content=\"article\" \/>\n<meta property=\"og:title\" content=\"Mon actu d&#039;entraineur escalade, moniteur, grimpeur - Fred Vionnet\" \/>\n<meta property=\"og:description\" content=\"Voici notre actualit\u00e9s en photos et vid\u00e9os d&#039;escalade, montagne, ski et autres. On est mieux que sur les r\u00e9seaux sociaux, non?\" \/>\n<meta property=\"og:url\" content=\"https:\/\/www.escalade.pro\/news\/photos-videos\/\" \/>\n<meta property=\"og:site_name\" content=\"L&#039;Arqu\u00e9e Libre - Fred Vionnet entraineur\/moniteur escalade\" \/>\n<meta property=\"article:publisher\" content=\"https:\/\/www.facebook.com\/grimpisme\/\" \/>\n<meta property=\"article:modified_time\" content=\"2026-04-30T09:06:11+00:00\" \/>\n<meta property=\"og:image\" content=\"https:\/\/www.escalade.pro\/news\/wp-content\/uploads\/2024\/12\/IMG_4289.jpg\" \/>\n\t<meta property=\"og:image:width\" content=\"736\" \/>\n\t<meta property=\"og:image:height\" content=\"1000\" \/>\n\t<meta property=\"og:image:type\" content=\"image\/jpeg\" \/>\n<meta name=\"twitter:card\" content=\"summary_large_image\" \/>\n<meta name=\"twitter:label1\" content=\"Dur\u00e9e de lecture estim\u00e9e\" \/>\n\t<meta name=\"twitter:data1\" content=\"4 minutes\" \/>\n<script type=\"application\/ld+json\" class=\"yoast-schema-graph\">{\"@context\":\"https:\\\/\\\/schema.org\",\"@graph\":[{\"@type\":\"WebPage\",\"@id\":\"https:\\\/\\\/www.escalade.pro\\\/news\\\/photos-videos\\\/\",\"url\":\"https:\\\/\\\/www.escalade.pro\\\/news\\\/photos-videos\\\/\",\"name\":\"Mon actu d'entraineur escalade, moniteur, grimpeur - Fred Vionnet\",\"isPartOf\":{\"@id\":\"https:\\\/\\\/www.escalade.pro\\\/news\\\/#website\"},\"primaryImageOfPage\":{\"@id\":\"https:\\\/\\\/www.escalade.pro\\\/news\\\/photos-videos\\\/#primaryimage\"},\"image\":{\"@id\":\"https:\\\/\\\/www.escalade.pro\\\/news\\\/photos-videos\\\/#primaryimage\"},\"thumbnailUrl\":\"https:\\\/\\\/www.escalade.pro\\\/news\\\/wp-content\\\/uploads\\\/2024\\\/12\\\/IMG_4289.jpg\",\"datePublished\":\"2019-05-16T12:11:45+00:00\",\"dateModified\":\"2026-04-30T09:06:11+00:00\",\"description\":\"Voici notre actualit\u00e9s en photos et vid\u00e9os d'escalade, montagne, ski et autres. On est mieux que sur les r\u00e9seaux sociaux, non?\",\"breadcrumb\":{\"@id\":\"https:\\\/\\\/www.escalade.pro\\\/news\\\/photos-videos\\\/#breadcrumb\"},\"inLanguage\":\"fr-FR\",\"potentialAction\":[{\"@type\":\"ReadAction\",\"target\":[\"https:\\\/\\\/www.escalade.pro\\\/news\\\/photos-videos\\\/\"]}]},{\"@type\":\"ImageObject\",\"inLanguage\":\"fr-FR\",\"@id\":\"https:\\\/\\\/www.escalade.pro\\\/news\\\/photos-videos\\\/#primaryimage\",\"url\":\"https:\\\/\\\/www.escalade.pro\\\/news\\\/wp-content\\\/uploads\\\/2024\\\/12\\\/IMG_4289.jpg\",\"contentUrl\":\"https:\\\/\\\/www.escalade.pro\\\/news\\\/wp-content\\\/uploads\\\/2024\\\/12\\\/IMG_4289.jpg\",\"width\":736,\"height\":1000,\"caption\":\"Super s\u00e9ance au Depot Climbing de Nottingham. Des belles prises et des ouvertures vari\u00e9es. 27 d\u00e9cembre 2024.\"},{\"@type\":\"BreadcrumbList\",\"@id\":\"https:\\\/\\\/www.escalade.pro\\\/news\\\/photos-videos\\\/#breadcrumb\",\"itemListElement\":[{\"@type\":\"ListItem\",\"position\":1,\"name\":\"Accueil\",\"item\":\"https:\\\/\\\/www.escalade.pro\\\/news\\\/\"},{\"@type\":\"ListItem\",\"position\":2,\"name\":\"Mon actu d&rsquo;entraineur escalade, moniteur et grimpeur au quotidien\"}]},{\"@type\":\"WebSite\",\"@id\":\"https:\\\/\\\/www.escalade.pro\\\/news\\\/#website\",\"url\":\"https:\\\/\\\/www.escalade.pro\\\/news\\\/\",\"name\":\"L&#039;Arqu\u00e9e Libre - Fred Vionnet entraineur\\\/moniteur escalade\",\"description\":\"Coaching et entrainement escalade. Buoux, C\u00e9\u00fcse et Fontainebleau.\",\"publisher\":{\"@id\":\"https:\\\/\\\/www.escalade.pro\\\/news\\\/#organization\"},\"potentialAction\":[{\"@type\":\"SearchAction\",\"target\":{\"@type\":\"EntryPoint\",\"urlTemplate\":\"https:\\\/\\\/www.escalade.pro\\\/news\\\/?s={search_term_string}\"},\"query-input\":{\"@type\":\"PropertyValueSpecification\",\"valueRequired\":true,\"valueName\":\"search_term_string\"}}],\"inLanguage\":\"fr-FR\"},{\"@type\":\"Organization\",\"@id\":\"https:\\\/\\\/www.escalade.pro\\\/news\\\/#organization\",\"name\":\"L&#039;Arqu\u00e9e Libre - Fred Vionnet entraineur\\\/moniteur escalade\",\"url\":\"https:\\\/\\\/www.escalade.pro\\\/news\\\/\",\"logo\":{\"@type\":\"ImageObject\",\"inLanguage\":\"fr-FR\",\"@id\":\"https:\\\/\\\/www.escalade.pro\\\/news\\\/#\\\/schema\\\/logo\\\/image\\\/\",\"url\":\"https:\\\/\\\/www.escalade.pro\\\/news\\\/wp-content\\\/uploads\\\/2026\\\/04\\\/logo-wp-AL-avril-2026-1.jpg\",\"contentUrl\":\"https:\\\/\\\/www.escalade.pro\\\/news\\\/wp-content\\\/uploads\\\/2026\\\/04\\\/logo-wp-AL-avril-2026-1.jpg\",\"width\":1955,\"height\":902,\"caption\":\"L&#039;Arqu\u00e9e Libre - Fred Vionnet entraineur\\\/moniteur escalade\"},\"image\":{\"@id\":\"https:\\\/\\\/www.escalade.pro\\\/news\\\/#\\\/schema\\\/logo\\\/image\\\/\"},\"sameAs\":[\"https:\\\/\\\/www.facebook.com\\\/grimpisme\\\/\",\"https:\\\/\\\/www.instagram.com\\\/grimpisme\\\/\",\"https:\\\/\\\/www.linkedin.com\\\/in\\\/fred-vionnet-6284b96a\\\/\",\"https:\\\/\\\/fr.pinterest.com\\\/grimpisme\\\/\",\"https:\\\/\\\/www.youtube.com\\\/@grimpisme\"]}]}<\/script>\n<!-- \/ Yoast SEO plugin. -->","yoast_head_json":{"title":"Mon actu d'entraineur escalade, moniteur, grimpeur - Fred Vionnet","description":"Voici notre actualit\u00e9s en photos et vid\u00e9os d'escalade, montagne, ski et autres. On est mieux que sur les r\u00e9seaux sociaux, non?","robots":{"index":"index","follow":"follow","max-snippet":"max-snippet:-1","max-image-preview":"max-image-preview:large","max-video-preview":"max-video-preview:-1"},"canonical":"https:\/\/www.escalade.pro\/news\/photos-videos\/","og_locale":"fr_FR","og_type":"article","og_title":"Mon actu d'entraineur escalade, moniteur, grimpeur - Fred Vionnet","og_description":"Voici notre actualit\u00e9s en photos et vid\u00e9os d'escalade, montagne, ski et autres. On est mieux que sur les r\u00e9seaux sociaux, non?","og_url":"https:\/\/www.escalade.pro\/news\/photos-videos\/","og_site_name":"L&#039;Arqu\u00e9e Libre - Fred Vionnet entraineur\/moniteur escalade","article_publisher":"https:\/\/www.facebook.com\/grimpisme\/","article_modified_time":"2026-04-30T09:06:11+00:00","og_image":[{"width":736,"height":1000,"url":"https:\/\/www.escalade.pro\/news\/wp-content\/uploads\/2024\/12\/IMG_4289.jpg","type":"image\/jpeg"}],"twitter_card":"summary_large_image","twitter_misc":{"Dur\u00e9e de lecture estim\u00e9e":"4 minutes"},"schema":{"@context":"https:\/\/schema.org","@graph":[{"@type":"WebPage","@id":"https:\/\/www.escalade.pro\/news\/photos-videos\/","url":"https:\/\/www.escalade.pro\/news\/photos-videos\/","name":"Mon actu d'entraineur escalade, moniteur, grimpeur - Fred Vionnet","isPartOf":{"@id":"https:\/\/www.escalade.pro\/news\/#website"},"primaryImageOfPage":{"@id":"https:\/\/www.escalade.pro\/news\/photos-videos\/#primaryimage"},"image":{"@id":"https:\/\/www.escalade.pro\/news\/photos-videos\/#primaryimage"},"thumbnailUrl":"https:\/\/www.escalade.pro\/news\/wp-content\/uploads\/2024\/12\/IMG_4289.jpg","datePublished":"2019-05-16T12:11:45+00:00","dateModified":"2026-04-30T09:06:11+00:00","description":"Voici notre actualit\u00e9s en photos et vid\u00e9os d'escalade, montagne, ski et autres. On est mieux que sur les r\u00e9seaux sociaux, non?","breadcrumb":{"@id":"https:\/\/www.escalade.pro\/news\/photos-videos\/#breadcrumb"},"inLanguage":"fr-FR","potentialAction":[{"@type":"ReadAction","target":["https:\/\/www.escalade.pro\/news\/photos-videos\/"]}]},{"@type":"ImageObject","inLanguage":"fr-FR","@id":"https:\/\/www.escalade.pro\/news\/photos-videos\/#primaryimage","url":"https:\/\/www.escalade.pro\/news\/wp-content\/uploads\/2024\/12\/IMG_4289.jpg","contentUrl":"https:\/\/www.escalade.pro\/news\/wp-content\/uploads\/2024\/12\/IMG_4289.jpg","width":736,"height":1000,"caption":"Super s\u00e9ance au Depot Climbing de Nottingham. Des belles prises et des ouvertures vari\u00e9es. 27 d\u00e9cembre 2024."},{"@type":"BreadcrumbList","@id":"https:\/\/www.escalade.pro\/news\/photos-videos\/#breadcrumb","itemListElement":[{"@type":"ListItem","position":1,"name":"Accueil","item":"https:\/\/www.escalade.pro\/news\/"},{"@type":"ListItem","position":2,"name":"Mon actu d&rsquo;entraineur escalade, moniteur et grimpeur au quotidien"}]},{"@type":"WebSite","@id":"https:\/\/www.escalade.pro\/news\/#website","url":"https:\/\/www.escalade.pro\/news\/","name":"L&#039;Arqu\u00e9e Libre - Fred Vionnet entraineur\/moniteur escalade","description":"Coaching et entrainement escalade. Buoux, C\u00e9\u00fcse et Fontainebleau.","publisher":{"@id":"https:\/\/www.escalade.pro\/news\/#organization"},"potentialAction":[{"@type":"SearchAction","target":{"@type":"EntryPoint","urlTemplate":"https:\/\/www.escalade.pro\/news\/?s={search_term_string}"},"query-input":{"@type":"PropertyValueSpecification","valueRequired":true,"valueName":"search_term_string"}}],"inLanguage":"fr-FR"},{"@type":"Organization","@id":"https:\/\/www.escalade.pro\/news\/#organization","name":"L&#039;Arqu\u00e9e Libre - Fred Vionnet entraineur\/moniteur escalade","url":"https:\/\/www.escalade.pro\/news\/","logo":{"@type":"ImageObject","inLanguage":"fr-FR","@id":"https:\/\/www.escalade.pro\/news\/#\/schema\/logo\/image\/","url":"https:\/\/www.escalade.pro\/news\/wp-content\/uploads\/2026\/04\/logo-wp-AL-avril-2026-1.jpg","contentUrl":"https:\/\/www.escalade.pro\/news\/wp-content\/uploads\/2026\/04\/logo-wp-AL-avril-2026-1.jpg","width":1955,"height":902,"caption":"L&#039;Arqu\u00e9e Libre - Fred Vionnet entraineur\/moniteur escalade"},"image":{"@id":"https:\/\/www.escalade.pro\/news\/#\/schema\/logo\/image\/"},"sameAs":["https:\/\/www.facebook.com\/grimpisme\/","https:\/\/www.instagram.com\/grimpisme\/","https:\/\/www.linkedin.com\/in\/fred-vionnet-6284b96a\/","https:\/\/fr.pinterest.com\/grimpisme\/","https:\/\/www.youtube.com\/@grimpisme"]}]}},"jetpack_sharing_enabled":false,"jetpack_shortlink":"https:\/\/wp.me\/P68Rw6-4Gr","jetpack-related-posts":[{"id":27859,"url":"https:\/\/www.escalade.pro\/news\/regles-engagement-coaching-planification\/","url_meta":{"origin":18007,"position":0},"title":"R\u00e8gles et engagements du coaching escalade avec planification","author":"Fred Vionnet","date":"14 juillet 2025","format":false,"excerpt":"Les r\u00e8gles de fonctionnement entre le grimpeur et moi pour un coaching avec planification efficace et \u00e9panouissant.","rel":"","context":"Article similaire","block_context":{"text":"Article similaire","link":""},"img":{"alt_text":"salle escalade arquee libre maglang climbing gym","src":"https:\/\/i0.wp.com\/www.escalade.pro\/news\/wp-content\/uploads\/2025\/07\/IMG_5237-scaled.jpg?resize=350%2C200&ssl=1","width":350,"height":200,"srcset":"https:\/\/i0.wp.com\/www.escalade.pro\/news\/wp-content\/uploads\/2025\/07\/IMG_5237-scaled.jpg?resize=350%2C200&ssl=1 1x, https:\/\/i0.wp.com\/www.escalade.pro\/news\/wp-content\/uploads\/2025\/07\/IMG_5237-scaled.jpg?resize=525%2C300&ssl=1 1.5x, https:\/\/i0.wp.com\/www.escalade.pro\/news\/wp-content\/uploads\/2025\/07\/IMG_5237-scaled.jpg?resize=700%2C400&ssl=1 2x, https:\/\/i0.wp.com\/www.escalade.pro\/news\/wp-content\/uploads\/2025\/07\/IMG_5237-scaled.jpg?resize=1050%2C600&ssl=1 3x, https:\/\/i0.wp.com\/www.escalade.pro\/news\/wp-content\/uploads\/2025\/07\/IMG_5237-scaled.jpg?resize=1400%2C800&ssl=1 4x"},"classes":[]},{"id":24430,"url":"https:\/\/www.escalade.pro\/news\/archives-2023\/","url_meta":{"origin":18007,"position":1},"title":"Archives 2023","author":"Fred Vionnet","date":"4 janvier 2024","format":false,"excerpt":"Les archives de mon actualit\u00e9 sur l'ann\u00e9e 2023. Grimpe, escalade, articles, avis, tests, photos, vid\u00e9os et analyses.","rel":"","context":"Article similaire","block_context":{"text":"Article similaire","link":""},"img":{"alt_text":"escalade climbing saint leger du ventoux","src":"https:\/\/i0.wp.com\/www.escalade.pro\/news\/wp-content\/uploads\/2023\/10\/IMG_2563-scaled.jpg?resize=350%2C200&ssl=1","width":350,"height":200,"srcset":"https:\/\/i0.wp.com\/www.escalade.pro\/news\/wp-content\/uploads\/2023\/10\/IMG_2563-scaled.jpg?resize=350%2C200&ssl=1 1x, https:\/\/i0.wp.com\/www.escalade.pro\/news\/wp-content\/uploads\/2023\/10\/IMG_2563-scaled.jpg?resize=525%2C300&ssl=1 1.5x, https:\/\/i0.wp.com\/www.escalade.pro\/news\/wp-content\/uploads\/2023\/10\/IMG_2563-scaled.jpg?resize=700%2C400&ssl=1 2x, https:\/\/i0.wp.com\/www.escalade.pro\/news\/wp-content\/uploads\/2023\/10\/IMG_2563-scaled.jpg?resize=1050%2C600&ssl=1 3x, https:\/\/i0.wp.com\/www.escalade.pro\/news\/wp-content\/uploads\/2023\/10\/IMG_2563-scaled.jpg?resize=1400%2C800&ssl=1 4x"},"classes":[]},{"id":13624,"url":"https:\/\/www.escalade.pro\/news\/coaching-escalade\/","url_meta":{"origin":18007,"position":2},"title":"Coaching escalade, diff\u00e9rentes formules pour une progression personnalis\u00e9e","author":"Fred Vionnet","date":"6 f\u00e9vrier 2017","format":false,"excerpt":"Progresser en escalade gr\u00e2ce au coaching personnalis\u00e9. Entrainement physique, technique, tactique et mental.","rel":"","context":"Article similaire","block_context":{"text":"Article similaire","link":""},"img":{"alt_text":"salle escalade arquee libre chamonix climbing gym","src":"https:\/\/i0.wp.com\/www.escalade.pro\/news\/wp-content\/uploads\/2025\/04\/WhatsApp-Image-2025-04-20-at-20.45.13-2.jpg?resize=350%2C200&ssl=1","width":350,"height":200,"srcset":"https:\/\/i0.wp.com\/www.escalade.pro\/news\/wp-content\/uploads\/2025\/04\/WhatsApp-Image-2025-04-20-at-20.45.13-2.jpg?resize=350%2C200&ssl=1 1x, https:\/\/i0.wp.com\/www.escalade.pro\/news\/wp-content\/uploads\/2025\/04\/WhatsApp-Image-2025-04-20-at-20.45.13-2.jpg?resize=525%2C300&ssl=1 1.5x, https:\/\/i0.wp.com\/www.escalade.pro\/news\/wp-content\/uploads\/2025\/04\/WhatsApp-Image-2025-04-20-at-20.45.13-2.jpg?resize=700%2C400&ssl=1 2x"},"classes":[]},{"id":26652,"url":"https:\/\/www.escalade.pro\/news\/actualites-archives-2024\/","url_meta":{"origin":18007,"position":3},"title":"Actualit\u00e9s 2024","author":"Fred Vionnet","date":"2 janvier 2025","format":false,"excerpt":"C'est par ici pour les actualit\u00e9s de l'ann\u00e9e en cours. Et via ces liens pour les ann\u00e9es 2023 et pr\u00e9c\u00e9dentes. Nottingham Climbing Center, un salle litt\u00e9ralement dans une ancienne piscine. Avec des vieux pans et des blocs \u00e0 1500\u20ac. Atypique et sympa. 28 d\u00e9cembre 2024. Coach, l'envers du d\u00e9cors. Super\u2026","rel":"","context":"Article similaire","block_context":{"text":"Article similaire","link":""},"img":{"alt_text":"escalade nottingham uk grimpisme","src":"https:\/\/i0.wp.com\/www.escalade.pro\/news\/wp-content\/uploads\/2024\/12\/IMG_4344-150x150.jpg?resize=350%2C200&ssl=1","width":350,"height":200,"srcset":"https:\/\/i0.wp.com\/www.escalade.pro\/news\/wp-content\/uploads\/2024\/12\/IMG_4344-150x150.jpg?resize=350%2C200&ssl=1 1x, https:\/\/i0.wp.com\/www.escalade.pro\/news\/wp-content\/uploads\/2024\/12\/IMG_4344-150x150.jpg?resize=525%2C300&ssl=1 1.5x, https:\/\/i0.wp.com\/www.escalade.pro\/news\/wp-content\/uploads\/2024\/12\/IMG_4344-150x150.jpg?resize=700%2C400&ssl=1 2x"},"classes":[]},{"id":40,"url":"https:\/\/www.escalade.pro\/news\/fred-vionnet\/","url_meta":{"origin":18007,"position":4},"title":"Fred Vionnet, entraineur, coach et moniteur escalade","author":"Fred Vionnet","date":"21 juillet 2013","format":false,"excerpt":"Fred Vionnet, grimpeur de haut niveau (Champion de France junior 2013 de difficult\u00e9), coach et entra\u00eeneur escalade.","rel":"","context":"Avec 4 commentaires","block_context":{"text":"Avec 4 commentaires","link":"https:\/\/www.escalade.pro\/news\/fred-vionnet\/#comments"},"img":{"alt_text":"escalade stage buoux","src":"https:\/\/i0.wp.com\/www.escalade.pro\/news\/wp-content\/uploads\/2022\/04\/DSC00222.jpg?resize=350%2C200&ssl=1","width":350,"height":200,"srcset":"https:\/\/i0.wp.com\/www.escalade.pro\/news\/wp-content\/uploads\/2022\/04\/DSC00222.jpg?resize=350%2C200&ssl=1 1x, https:\/\/i0.wp.com\/www.escalade.pro\/news\/wp-content\/uploads\/2022\/04\/DSC00222.jpg?resize=525%2C300&ssl=1 1.5x, https:\/\/i0.wp.com\/www.escalade.pro\/news\/wp-content\/uploads\/2022\/04\/DSC00222.jpg?resize=700%2C400&ssl=1 2x, https:\/\/i0.wp.com\/www.escalade.pro\/news\/wp-content\/uploads\/2022\/04\/DSC00222.jpg?resize=1050%2C600&ssl=1 3x, https:\/\/i0.wp.com\/www.escalade.pro\/news\/wp-content\/uploads\/2022\/04\/DSC00222.jpg?resize=1400%2C800&ssl=1 4x"},"classes":[]},{"id":28940,"url":"https:\/\/www.escalade.pro\/news\/archives-2025\/","url_meta":{"origin":18007,"position":5},"title":"Archives 2025","author":"Fred Vionnet","date":"5 janvier 2026","format":false,"excerpt":"Les archives 2025 de mes activit\u00e9s de coach et entraineur escalade. Photos, vid\u00e9os, articles, conseils entrainement, etc.","rel":"","context":"Article similaire","block_context":{"text":"Article similaire","link":""},"img":{"alt_text":"escalade haute savoie climbing","src":"https:\/\/i0.wp.com\/www.escalade.pro\/news\/wp-content\/uploads\/2025\/11\/IMG_5833.jpg?resize=350%2C200&ssl=1","width":350,"height":200,"srcset":"https:\/\/i0.wp.com\/www.escalade.pro\/news\/wp-content\/uploads\/2025\/11\/IMG_5833.jpg?resize=350%2C200&ssl=1 1x, https:\/\/i0.wp.com\/www.escalade.pro\/news\/wp-content\/uploads\/2025\/11\/IMG_5833.jpg?resize=525%2C300&ssl=1 1.5x, https:\/\/i0.wp.com\/www.escalade.pro\/news\/wp-content\/uploads\/2025\/11\/IMG_5833.jpg?resize=700%2C400&ssl=1 2x"},"classes":[]}],"_links":{"self":[{"href":"https:\/\/www.escalade.pro\/news\/wp-json\/wp\/v2\/pages\/18007","targetHints":{"allow":["GET"]}}],"collection":[{"href":"https:\/\/www.escalade.pro\/news\/wp-json\/wp\/v2\/pages"}],"about":[{"href":"https:\/\/www.escalade.pro\/news\/wp-json\/wp\/v2\/types\/page"}],"author":[{"embeddable":true,"href":"https:\/\/www.escalade.pro\/news\/wp-json\/wp\/v2\/users\/1"}],"replies":[{"embeddable":true,"href":"https:\/\/www.escalade.pro\/news\/wp-json\/wp\/v2\/comments?post=18007"}],"version-history":[{"count":939,"href":"https:\/\/www.escalade.pro\/news\/wp-json\/wp\/v2\/pages\/18007\/revisions"}],"predecessor-version":[{"id":29531,"href":"https:\/\/www.escalade.pro\/news\/wp-json\/wp\/v2\/pages\/18007\/revisions\/29531"}],"wp:featuredmedia":[{"embeddable":true,"href":"https:\/\/www.escalade.pro\/news\/wp-json\/wp\/v2\/media\/26623"}],"wp:attachment":[{"href":"https:\/\/www.escalade.pro\/news\/wp-json\/wp\/v2\/media?parent=18007"}],"curies":[{"name":"wp","href":"https:\/\/api.w.org\/{rel}","templated":true}]}}