{"id":15579,"date":"2018-03-16T19:11:13","date_gmt":"2018-03-16T18:11:13","guid":{"rendered":"https:\/\/www.escalade.pro\/news\/?page_id=15579"},"modified":"2026-03-27T10:22:29","modified_gmt":"2026-03-27T09:22:29","slug":"planning-cours-stages","status":"publish","type":"page","link":"https:\/\/www.escalade.pro\/news\/planning-cours-stages\/","title":{"rendered":"Weekends et stages escalade"},"content":{"rendered":"<p><strong>Pour moi, il y a en France 4 spots de grimpe majeurs<\/strong> que je devrais visiter une fois par an. Je vous propose donc des stages et weekends d&rsquo;escalade sur ces 4 sites:<\/p>\n<p>&#8211; <strong><a href=\"https:\/\/www.escalade.pro\/news\/weekend-progression-escalade-ceuse\/\">C\u00e9\u00fcse <\/a><\/strong>(pour les grimpeurs de 6a minimum, <strong>perfectionnement avanc\u00e9, entrainement<\/strong>)<br \/>\n&#8211; Les <strong><a href=\"https:\/\/www.escalade.pro\/news\/weekend-progression-escalade-buoux\/\">Gorges du Verdon<\/a><\/strong> (pour les <strong>grandes voies<\/strong>)<br \/>\n&#8211; <strong><a href=\"https:\/\/www.escalade.pro\/news\/weekend-progression-escalade-buoux\/\">Buoux<\/a><\/strong> (pour le <strong>perfectionnement falaise<\/strong>, niveau mini 5c, mais aussi <strong>entrainement<\/strong>)<br \/>\n&#8211; <a href=\"https:\/\/www.escalade.pro\/news\/weekend-entrainement-bloc-fontainebleau\/\"><strong>Fontainebleau<\/strong><\/a> (pour le <strong>bloc, perfectionnement et entrainement<\/strong>).<\/p>\n<p>A cela, je rajoute <strong>Saint L\u00e9ger du Ventoux et les falaises de la r\u00e9gion des Baronnies<\/strong> (Mollans sur Ouv\u00e8ze, Le Rocher Saint Julien, Baume Rousse, etc). Des stages d\u2019initiation, perfectionnement et entrainement sont possibles dans cette r\u00e9gion truff\u00e9e de belle falaises. <a href=\"https:\/\/www.escalade.pro\/news\/saint-leger-ventoux-stage-escalade\/\">La page est en construction<\/a>.<\/p>\n<p>En cliquant sur les liens ci-dessus, vous trouverez les caract\u00e9ristiques des stages. Elles peuvent dans une certaine mesure \u00eatre adaptables. <strong>D&rsquo;autres lieux sont possibles \u00e9videmment<\/strong>, <a href=\"https:\/\/www.escalade.pro\/news\/contact-2\/\">contactez-moi<\/a>. Je pense aux <strong>falaises de Catalogne (Espagne), de <a href=\"https:\/\/www.escalade.pro\/news\/stage-escalade-wadi-rum\/\">Wadi Rum<\/a> (Jordanie), Gr\u00e8ce (Kalymnos, <a href=\"https:\/\/www.escalade.pro\/news\/trip-escalade-peloponese-grece-leonidio\/\">Leonidio<\/a>, &#8230;), Turquie (<a href=\"https:\/\/www.escalade.pro\/news\/datca-turquie\/\">Dat\u00e7a<\/a>, <a href=\"https:\/\/www.escalade.pro\/news\/bloc-bafa-golu-turquie\/\">Bafa G\u00f6l\u00fc<\/a>, <a href=\"https:\/\/www.escalade.pro\/news\/grimpe-turquie-massif-aladaglar\/\">Aladaglar<\/a>)<\/strong>, etc. Sans aller si loin nous avons aussi <strong>les <a href=\"https:\/\/www.escalade.pro\/news\/cap-canaille-calanques-stage-escalade\/\">Calanques<\/a>,&nbsp; la Saint Victoire<\/strong>, et beaucoup d&rsquo;autres. <br \/>\nJe vais probablement ajouter prochainement un cinqui\u00e8me choix avec <a href=\"https:\/\/www.escalade.pro\/news\/saint-leger-ventoux-stage-escalade\/\"><strong>la r\u00e9gion du Mont Ventoux \/ Buis les Baronnies (Saint L\u00e9ger du Ventoux, Mollans sur Ouv\u00e8ze, Le Rocher Saint Julien, Beaume Rousse, etc)<\/strong><\/a>. Des stages d&rsquo;initiation, perfectionnement et entrainement y sont facilement faisables. Le sixi\u00e8me choix pouvant ensuite \u00eatre <strong>les falaises du Royans (Vercors<\/strong> avec Presles, Pierrot Beach, etc).<br \/>\nEt \u00e9videmment je peux facilement organiser un <strong>stage sur les falaises de Haute Savoie<\/strong>, \u00e9tant donn\u00e9 que j&rsquo;y vis.<\/p>\n<p>Selon l&rsquo;envie, l&rsquo;\u00e9nergie et le temps disponible, nous pouvons \u00e9changer le soir ou le matin sur des th\u00e8mes annexes. Sous formes de petits ateliers.<br \/>\nPar exemple :<br \/>\n&#8211; Peur du vol, confiance et concentration.<br \/>\n&#8211; Pr\u00e9vention des blessures.<br \/>\n&#8211; Organisation de l&rsquo;entra\u00eenement.<\/p>\n<p><span style=\"color: #ff0000;\">Mais attention, il s&rsquo;agit de stages (cours) collectifs. Chacun doit \u00eatre compl\u00e8tement autonome (voir <a style=\"color: #ff0000;\" href=\"https:\/\/www.escalade.pro\/news\/definir-autonomie-falaise\/\"><span style=\"text-decoration: underline;\">ici ma d\u00e9finition de l&rsquo;autonomie qui est exigeante<\/span><\/a>) pour la pratique de l&rsquo;escalade en falaise. Il faudra s&rsquo;adapter au niveau du ou des plus faibles. Cela peut modifier le programme du stage. <span style=\"text-decoration: underline;\">En cas de doute, il pourra s&rsquo;av\u00e9rer n\u00e9cessaire de r\u00e9aliser une demi-journ\u00e9e ou une journ\u00e9e de \u00ab\u00a0r\u00e9glages\u00a0\u00bb avant le stage.<\/span><br \/>\nPour des contenus compl\u00e8tements personnalis\u00e9s \u00e0 vos attentes, il faut organiser un stage priv\u00e9, et\/ou voir la <span style=\"text-decoration: underline;\"><a style=\"color: #ff0000; text-decoration: underline;\" href=\"https:\/\/www.escalade.pro\/news\/coaching-escalade\/\">page coaching<\/a><\/span> (1 ou 2 personnes).<\/span><\/p>\n<p>Par contre, <strong>je ne propose pas de dates fixes avec un planning pr\u00e9\u00e9tabli<\/strong>, c&rsquo;est trop compliqu\u00e9 \u00e0 g\u00e9rer quand on travaille seul. <strong>Contactez-moi avec vos dates, en vous y prenant le plus longtemps possible \u00e0 l&rsquo;avance<\/strong>. Si vous avez besoin d&rsquo;autres participants pour partager les frais d&rsquo;encadrement, nous pourrons utiliser ce site web (newsletter) et les r\u00e9seaux sociaux afin d&rsquo;en recruter.<br \/>\n<strong>Vous remarquerez que je suis pr\u00eat \u00e0 me d\u00e9placer pour une seule journ\u00e9e d&rsquo;encadrement <\/strong>hors du Pays de Savoie et de la Suisse Romande.<strong> Il faut dans ce cas que mon planning me permette de rester plusieurs jours sur place afin de grimper pour moi ou de coacher d&rsquo;autres clients, de rentabiliser le d\u00e9placement, et de limiter l&rsquo;impact \u00e9cologique de mes d\u00e9placements<\/strong>. Globalement, je ne peux pas assumer moralement de me d\u00e9placer sur de telles distances pour moins de trois jours.<br \/>\nPour la m\u00eame raison, <strong>n&rsquo;h\u00e9sitez pas \u00e0 envisager un d\u00e9placement en train ou bus<\/strong>. Je peux vous r\u00e9cup\u00e9rer \u00e0 une gare, m\u00eame si cela nous contraindra \u00e0 une organisation plus anticip\u00e9e, et r\u00e9duira la rentabilit\u00e9 de mon c\u00f4t\u00e9.<\/p>\n<p>Derni\u00e8re chose \u00e0 pr\u00e9ciser : <br \/>\n<strong>je ne m&rsquo;occupe \u00ab\u00a0que\u00a0\u00bb de l&rsquo;encadrement des s\u00e9ances d&rsquo;escalade, des marches d&rsquo;approche et de retour, des briefing et d\u00e9briefing. Je ne g\u00e8re pas le logement, ni les courses, ni les repas.<\/strong><\/p>\n<p><u>Tarifs encadrement (\u00e0 partager entre les inscrits, 6 au maximum dans tous les cas): <\/u><\/p>\n<table style=\"border-collapse: collapse; width: 100%;\">\n<tbody>\n<tr>\n<td style=\"width: 14.2857%;\">Nb de jours<\/td>\n<td style=\"width: 14.2857%;\">2 jours<\/td>\n<td style=\"width: 14.2857%;\">3 jours<\/td>\n<td style=\"width: 14.2857%;\">4 jours<\/td>\n<td style=\"width: 14.2857%;\">5 jours<\/td>\n<td style=\"width: 14.2857%;\">&nbsp;+ de 5 jours<\/td>\n<\/tr>\n<tr>\n<td style=\"width: 14.2857%;\">Tarifs (\u00e0 partir de)<\/td>\n<td style=\"width: 14.2857%;\">650\u20ac<\/td>\n<td style=\"width: 14.2857%;\">960\u20ac<\/td>\n<td style=\"width: 14.2857%;\">1250\u20ac<\/td>\n<td style=\"width: 14.2857%;\">1550\u20ac<\/td>\n<td style=\"width: 14.2857%;\">sur devis<\/td>\n<\/tr>\n<\/tbody>\n<\/table>\n<p>Voir les <a href=\"https:\/\/www.escalade.pro\/news\/autres-2\/conditions-generales-vente\/\">conditions g\u00e9n\u00e9rales de vente<\/a> pour plus d&rsquo;informations.<\/p>\n<p><a href=\"https:\/\/www.escalade.pro\/news\/wp-content\/uploads\/2016\/10\/P1090436-2-1000.jpg\"><img loading=\"lazy\" decoding=\"async\" class=\"aligncenter wp-image-13001 size-full\" src=\"https:\/\/www.escalade.pro\/news\/wp-content\/uploads\/2016\/10\/P1090436-2-1000.jpg\" alt=\"ceuse escalade\" width=\"1000\" height=\"750\" srcset=\"https:\/\/www.escalade.pro\/news\/wp-content\/uploads\/2016\/10\/P1090436-2-1000.jpg 1000w, https:\/\/www.escalade.pro\/news\/wp-content\/uploads\/2016\/10\/P1090436-2-1000-300x225.jpg 300w, https:\/\/www.escalade.pro\/news\/wp-content\/uploads\/2016\/10\/P1090436-2-1000-768x576.jpg 768w, https:\/\/www.escalade.pro\/news\/wp-content\/uploads\/2016\/10\/P1090436-2-1000-600x450.jpg 600w, https:\/\/www.escalade.pro\/news\/wp-content\/uploads\/2016\/10\/P1090436-2-1000-200x150.jpg 200w\" sizes=\"auto, (max-width: 1000px) 100vw, 1000px\" \/><\/a><\/p>\n","protected":false},"excerpt":{"rendered":"<p>D\u00e9couvrez le planning des stages et weekends d&rsquo;escalade de Grimpisme. Buoux, Fontainebleau, C\u00e9\u00fcse, gorges du Verdon, &#8230;<\/p>\n","protected":false},"author":1,"featured_media":17482,"parent":0,"menu_order":0,"comment_status":"closed","ping_status":"closed","template":"","meta":{"colormag_page_container_layout":"no_sidebar_full_width","colormag_page_sidebar_layout":"no_sidebar","_monsterinsights_skip_tracking":false,"_monsterinsights_sitenote_active":false,"_monsterinsights_sitenote_note":"","_monsterinsights_sitenote_category":0,"ngg_post_thumbnail":0,"jetpack_post_was_ever_published":false,"footnotes":""},"class_list":["post-15579","page","type-page","status-publish","has-post-thumbnail","hentry"],"yoast_head":"<!-- This site is optimized with the Yoast SEO plugin v27.5 - https:\/\/yoast.com\/product\/yoast-seo-wordpress\/ -->\n<title>Weekends et stages escalade - Grimpisme, entrainement coaching<\/title>\n<meta name=\"description\" content=\"D\u00e9couvrez le planning des stages et weekends d&#039;escalade de Grimpisme. Buoux, Fontainebleau, C\u00e9\u00fcse, gorges du Verdon, ...\" \/>\n<meta name=\"robots\" content=\"index, follow, max-snippet:-1, max-image-preview:large, max-video-preview:-1\" \/>\n<link rel=\"canonical\" href=\"https:\/\/www.escalade.pro\/news\/planning-cours-stages\/\" \/>\n<meta property=\"og:locale\" content=\"fr_FR\" \/>\n<meta property=\"og:type\" content=\"article\" \/>\n<meta property=\"og:title\" content=\"Weekends et stages escalade - Grimpisme, entrainement coaching\" \/>\n<meta property=\"og:description\" content=\"D\u00e9couvrez le planning des stages et weekends d&#039;escalade de Grimpisme. Buoux, Fontainebleau, C\u00e9\u00fcse, gorges du Verdon, ...\" \/>\n<meta property=\"og:url\" content=\"https:\/\/www.escalade.pro\/news\/planning-cours-stages\/\" \/>\n<meta property=\"og:site_name\" content=\"L&#039;Arqu\u00e9e Libre - Fred Vionnet entraineur\/moniteur escalade\" \/>\n<meta property=\"article:publisher\" content=\"https:\/\/www.facebook.com\/grimpisme\/\" \/>\n<meta property=\"article:modified_time\" content=\"2026-03-27T09:22:29+00:00\" \/>\n<meta property=\"og:image\" content=\"https:\/\/www.escalade.pro\/news\/wp-content\/uploads\/2019\/01\/planning.jpg\" \/>\n\t<meta property=\"og:image:width\" content=\"885\" \/>\n\t<meta property=\"og:image:height\" content=\"740\" \/>\n\t<meta property=\"og:image:type\" content=\"image\/jpeg\" \/>\n<meta name=\"twitter:card\" content=\"summary_large_image\" \/>\n<meta name=\"twitter:label1\" content=\"Dur\u00e9e de lecture estim\u00e9e\" \/>\n\t<meta name=\"twitter:data1\" content=\"4 minutes\" \/>\n<script type=\"application\/ld+json\" class=\"yoast-schema-graph\">{\"@context\":\"https:\\\/\\\/schema.org\",\"@graph\":[{\"@type\":\"WebPage\",\"@id\":\"https:\\\/\\\/www.escalade.pro\\\/news\\\/planning-cours-stages\\\/\",\"url\":\"https:\\\/\\\/www.escalade.pro\\\/news\\\/planning-cours-stages\\\/\",\"name\":\"Weekends et stages escalade - Grimpisme, entrainement coaching\",\"isPartOf\":{\"@id\":\"https:\\\/\\\/www.escalade.pro\\\/news\\\/#website\"},\"primaryImageOfPage\":{\"@id\":\"https:\\\/\\\/www.escalade.pro\\\/news\\\/planning-cours-stages\\\/#primaryimage\"},\"image\":{\"@id\":\"https:\\\/\\\/www.escalade.pro\\\/news\\\/planning-cours-stages\\\/#primaryimage\"},\"thumbnailUrl\":\"https:\\\/\\\/www.escalade.pro\\\/news\\\/wp-content\\\/uploads\\\/2019\\\/01\\\/planning.jpg\",\"datePublished\":\"2018-03-16T18:11:13+00:00\",\"dateModified\":\"2026-03-27T09:22:29+00:00\",\"description\":\"D\u00e9couvrez le planning des stages et weekends d'escalade de Grimpisme. Buoux, Fontainebleau, C\u00e9\u00fcse, gorges du Verdon, ...\",\"breadcrumb\":{\"@id\":\"https:\\\/\\\/www.escalade.pro\\\/news\\\/planning-cours-stages\\\/#breadcrumb\"},\"inLanguage\":\"fr-FR\",\"potentialAction\":[{\"@type\":\"ReadAction\",\"target\":[\"https:\\\/\\\/www.escalade.pro\\\/news\\\/planning-cours-stages\\\/\"]}]},{\"@type\":\"ImageObject\",\"inLanguage\":\"fr-FR\",\"@id\":\"https:\\\/\\\/www.escalade.pro\\\/news\\\/planning-cours-stages\\\/#primaryimage\",\"url\":\"https:\\\/\\\/www.escalade.pro\\\/news\\\/wp-content\\\/uploads\\\/2019\\\/01\\\/planning.jpg\",\"contentUrl\":\"https:\\\/\\\/www.escalade.pro\\\/news\\\/wp-content\\\/uploads\\\/2019\\\/01\\\/planning.jpg\",\"width\":885,\"height\":740,\"caption\":\"planning stages escalade\"},{\"@type\":\"BreadcrumbList\",\"@id\":\"https:\\\/\\\/www.escalade.pro\\\/news\\\/planning-cours-stages\\\/#breadcrumb\",\"itemListElement\":[{\"@type\":\"ListItem\",\"position\":1,\"name\":\"Accueil\",\"item\":\"https:\\\/\\\/www.escalade.pro\\\/news\\\/\"},{\"@type\":\"ListItem\",\"position\":2,\"name\":\"Weekends et stages escalade\"}]},{\"@type\":\"WebSite\",\"@id\":\"https:\\\/\\\/www.escalade.pro\\\/news\\\/#website\",\"url\":\"https:\\\/\\\/www.escalade.pro\\\/news\\\/\",\"name\":\"L&#039;Arqu\u00e9e Libre - Fred Vionnet entraineur\\\/moniteur escalade\",\"description\":\"Coaching et entrainement escalade. Buoux, C\u00e9\u00fcse et Fontainebleau.\",\"publisher\":{\"@id\":\"https:\\\/\\\/www.escalade.pro\\\/news\\\/#organization\"},\"potentialAction\":[{\"@type\":\"SearchAction\",\"target\":{\"@type\":\"EntryPoint\",\"urlTemplate\":\"https:\\\/\\\/www.escalade.pro\\\/news\\\/?s={search_term_string}\"},\"query-input\":{\"@type\":\"PropertyValueSpecification\",\"valueRequired\":true,\"valueName\":\"search_term_string\"}}],\"inLanguage\":\"fr-FR\"},{\"@type\":\"Organization\",\"@id\":\"https:\\\/\\\/www.escalade.pro\\\/news\\\/#organization\",\"name\":\"L&#039;Arqu\u00e9e Libre - Fred Vionnet entraineur\\\/moniteur escalade\",\"url\":\"https:\\\/\\\/www.escalade.pro\\\/news\\\/\",\"logo\":{\"@type\":\"ImageObject\",\"inLanguage\":\"fr-FR\",\"@id\":\"https:\\\/\\\/www.escalade.pro\\\/news\\\/#\\\/schema\\\/logo\\\/image\\\/\",\"url\":\"https:\\\/\\\/www.escalade.pro\\\/news\\\/wp-content\\\/uploads\\\/2026\\\/04\\\/logo-wp-AL-avril-2026-1.jpg\",\"contentUrl\":\"https:\\\/\\\/www.escalade.pro\\\/news\\\/wp-content\\\/uploads\\\/2026\\\/04\\\/logo-wp-AL-avril-2026-1.jpg\",\"width\":1955,\"height\":902,\"caption\":\"L&#039;Arqu\u00e9e Libre - Fred Vionnet entraineur\\\/moniteur escalade\"},\"image\":{\"@id\":\"https:\\\/\\\/www.escalade.pro\\\/news\\\/#\\\/schema\\\/logo\\\/image\\\/\"},\"sameAs\":[\"https:\\\/\\\/www.facebook.com\\\/grimpisme\\\/\",\"https:\\\/\\\/www.instagram.com\\\/grimpisme\\\/\",\"https:\\\/\\\/www.linkedin.com\\\/in\\\/fred-vionnet-6284b96a\\\/\",\"https:\\\/\\\/fr.pinterest.com\\\/grimpisme\\\/\",\"https:\\\/\\\/www.youtube.com\\\/@grimpisme\"]}]}<\/script>\n<!-- \/ Yoast SEO plugin. -->","yoast_head_json":{"title":"Weekends et stages escalade - Grimpisme, entrainement coaching","description":"D\u00e9couvrez le planning des stages et weekends d'escalade de Grimpisme. Buoux, Fontainebleau, C\u00e9\u00fcse, gorges du Verdon, ...","robots":{"index":"index","follow":"follow","max-snippet":"max-snippet:-1","max-image-preview":"max-image-preview:large","max-video-preview":"max-video-preview:-1"},"canonical":"https:\/\/www.escalade.pro\/news\/planning-cours-stages\/","og_locale":"fr_FR","og_type":"article","og_title":"Weekends et stages escalade - Grimpisme, entrainement coaching","og_description":"D\u00e9couvrez le planning des stages et weekends d'escalade de Grimpisme. Buoux, Fontainebleau, C\u00e9\u00fcse, gorges du Verdon, ...","og_url":"https:\/\/www.escalade.pro\/news\/planning-cours-stages\/","og_site_name":"L&#039;Arqu\u00e9e Libre - Fred Vionnet entraineur\/moniteur escalade","article_publisher":"https:\/\/www.facebook.com\/grimpisme\/","article_modified_time":"2026-03-27T09:22:29+00:00","og_image":[{"width":885,"height":740,"url":"https:\/\/www.escalade.pro\/news\/wp-content\/uploads\/2019\/01\/planning.jpg","type":"image\/jpeg"}],"twitter_card":"summary_large_image","twitter_misc":{"Dur\u00e9e de lecture estim\u00e9e":"4 minutes"},"schema":{"@context":"https:\/\/schema.org","@graph":[{"@type":"WebPage","@id":"https:\/\/www.escalade.pro\/news\/planning-cours-stages\/","url":"https:\/\/www.escalade.pro\/news\/planning-cours-stages\/","name":"Weekends et stages escalade - Grimpisme, entrainement coaching","isPartOf":{"@id":"https:\/\/www.escalade.pro\/news\/#website"},"primaryImageOfPage":{"@id":"https:\/\/www.escalade.pro\/news\/planning-cours-stages\/#primaryimage"},"image":{"@id":"https:\/\/www.escalade.pro\/news\/planning-cours-stages\/#primaryimage"},"thumbnailUrl":"https:\/\/www.escalade.pro\/news\/wp-content\/uploads\/2019\/01\/planning.jpg","datePublished":"2018-03-16T18:11:13+00:00","dateModified":"2026-03-27T09:22:29+00:00","description":"D\u00e9couvrez le planning des stages et weekends d'escalade de Grimpisme. Buoux, Fontainebleau, C\u00e9\u00fcse, gorges du Verdon, ...","breadcrumb":{"@id":"https:\/\/www.escalade.pro\/news\/planning-cours-stages\/#breadcrumb"},"inLanguage":"fr-FR","potentialAction":[{"@type":"ReadAction","target":["https:\/\/www.escalade.pro\/news\/planning-cours-stages\/"]}]},{"@type":"ImageObject","inLanguage":"fr-FR","@id":"https:\/\/www.escalade.pro\/news\/planning-cours-stages\/#primaryimage","url":"https:\/\/www.escalade.pro\/news\/wp-content\/uploads\/2019\/01\/planning.jpg","contentUrl":"https:\/\/www.escalade.pro\/news\/wp-content\/uploads\/2019\/01\/planning.jpg","width":885,"height":740,"caption":"planning stages escalade"},{"@type":"BreadcrumbList","@id":"https:\/\/www.escalade.pro\/news\/planning-cours-stages\/#breadcrumb","itemListElement":[{"@type":"ListItem","position":1,"name":"Accueil","item":"https:\/\/www.escalade.pro\/news\/"},{"@type":"ListItem","position":2,"name":"Weekends et stages escalade"}]},{"@type":"WebSite","@id":"https:\/\/www.escalade.pro\/news\/#website","url":"https:\/\/www.escalade.pro\/news\/","name":"L&#039;Arqu\u00e9e Libre - Fred Vionnet entraineur\/moniteur escalade","description":"Coaching et entrainement escalade. Buoux, C\u00e9\u00fcse et Fontainebleau.","publisher":{"@id":"https:\/\/www.escalade.pro\/news\/#organization"},"potentialAction":[{"@type":"SearchAction","target":{"@type":"EntryPoint","urlTemplate":"https:\/\/www.escalade.pro\/news\/?s={search_term_string}"},"query-input":{"@type":"PropertyValueSpecification","valueRequired":true,"valueName":"search_term_string"}}],"inLanguage":"fr-FR"},{"@type":"Organization","@id":"https:\/\/www.escalade.pro\/news\/#organization","name":"L&#039;Arqu\u00e9e Libre - Fred Vionnet entraineur\/moniteur escalade","url":"https:\/\/www.escalade.pro\/news\/","logo":{"@type":"ImageObject","inLanguage":"fr-FR","@id":"https:\/\/www.escalade.pro\/news\/#\/schema\/logo\/image\/","url":"https:\/\/www.escalade.pro\/news\/wp-content\/uploads\/2026\/04\/logo-wp-AL-avril-2026-1.jpg","contentUrl":"https:\/\/www.escalade.pro\/news\/wp-content\/uploads\/2026\/04\/logo-wp-AL-avril-2026-1.jpg","width":1955,"height":902,"caption":"L&#039;Arqu\u00e9e Libre - Fred Vionnet entraineur\/moniteur escalade"},"image":{"@id":"https:\/\/www.escalade.pro\/news\/#\/schema\/logo\/image\/"},"sameAs":["https:\/\/www.facebook.com\/grimpisme\/","https:\/\/www.instagram.com\/grimpisme\/","https:\/\/www.linkedin.com\/in\/fred-vionnet-6284b96a\/","https:\/\/fr.pinterest.com\/grimpisme\/","https:\/\/www.youtube.com\/@grimpisme"]}]}},"jetpack_sharing_enabled":true,"jetpack_shortlink":"https:\/\/wp.me\/P68Rw6-43h","jetpack-related-posts":[{"id":18007,"url":"https:\/\/www.escalade.pro\/news\/photos-videos\/","url_meta":{"origin":15579,"position":0},"title":"Mon actu d&rsquo;entraineur escalade, moniteur et grimpeur au quotidien","author":"Fred Vionnet","date":"16 mai 2019","format":false,"excerpt":"Cette page, c'est mon compte Instagram, en direct. Pour suivre mon actualit\u00e9 et mes activit\u00e9s au quotidien, ou presque. Je partage aussi des vid\u00e9os ou autres contenus qui m'int\u00e9ressent. C'est donc plus personnel que le \"politiquement correct\/incorrect\" des r\u00e9seaux sociaux. Actus 2025 via ce lien, 2024 ici, 2023 par l\u00e0.\u2026","rel":"","context":"Article similaire","block_context":{"text":"Article similaire","link":""},"img":{"alt_text":"escalade bloc entrainement","src":"https:\/\/i0.wp.com\/www.escalade.pro\/news\/wp-content\/uploads\/2024\/12\/IMG_4289.jpg?resize=350%2C200&ssl=1","width":350,"height":200,"srcset":"https:\/\/i0.wp.com\/www.escalade.pro\/news\/wp-content\/uploads\/2024\/12\/IMG_4289.jpg?resize=350%2C200&ssl=1 1x, https:\/\/i0.wp.com\/www.escalade.pro\/news\/wp-content\/uploads\/2024\/12\/IMG_4289.jpg?resize=525%2C300&ssl=1 1.5x, https:\/\/i0.wp.com\/www.escalade.pro\/news\/wp-content\/uploads\/2024\/12\/IMG_4289.jpg?resize=700%2C400&ssl=1 2x"},"classes":[]},{"id":22953,"url":"https:\/\/www.escalade.pro\/news\/archives-actus-2022\/","url_meta":{"origin":15579,"position":1},"title":"Archives actus 2022, et ann\u00e9es pr\u00e9c\u00e9dentes","author":"Fred Vionnet","date":"7 juin 2023","format":false,"excerpt":"Les archives de mes actus sur l\u2019ann\u00e9e 2022 et les ann\u00e9es pr\u00e9c\u00e9dentes.","rel":"","context":"Article similaire","block_context":{"text":"Article similaire","link":""},"img":{"alt_text":"escalade buoux climbing stage weekend","src":"https:\/\/i0.wp.com\/www.escalade.pro\/news\/wp-content\/uploads\/2023\/04\/WhatsApp-Image-2023-04-12-at-20.09.17.jpg?resize=350%2C200&ssl=1","width":350,"height":200,"srcset":"https:\/\/i0.wp.com\/www.escalade.pro\/news\/wp-content\/uploads\/2023\/04\/WhatsApp-Image-2023-04-12-at-20.09.17.jpg?resize=350%2C200&ssl=1 1x, https:\/\/i0.wp.com\/www.escalade.pro\/news\/wp-content\/uploads\/2023\/04\/WhatsApp-Image-2023-04-12-at-20.09.17.jpg?resize=525%2C300&ssl=1 1.5x, https:\/\/i0.wp.com\/www.escalade.pro\/news\/wp-content\/uploads\/2023\/04\/WhatsApp-Image-2023-04-12-at-20.09.17.jpg?resize=700%2C400&ssl=1 2x, https:\/\/i0.wp.com\/www.escalade.pro\/news\/wp-content\/uploads\/2023\/04\/WhatsApp-Image-2023-04-12-at-20.09.17.jpg?resize=1050%2C600&ssl=1 3x, https:\/\/i0.wp.com\/www.escalade.pro\/news\/wp-content\/uploads\/2023\/04\/WhatsApp-Image-2023-04-12-at-20.09.17.jpg?resize=1400%2C800&ssl=1 4x"},"classes":[]},{"id":26652,"url":"https:\/\/www.escalade.pro\/news\/actualites-archives-2024\/","url_meta":{"origin":15579,"position":2},"title":"Actualit\u00e9s 2024","author":"Fred Vionnet","date":"2 janvier 2025","format":false,"excerpt":"C'est par ici pour les actualit\u00e9s de l'ann\u00e9e en cours. Et via ces liens pour les ann\u00e9es 2023 et pr\u00e9c\u00e9dentes. Nottingham Climbing Center, un salle litt\u00e9ralement dans une ancienne piscine. Avec des vieux pans et des blocs \u00e0 1500\u20ac. Atypique et sympa. 28 d\u00e9cembre 2024. Coach, l'envers du d\u00e9cors. Super\u2026","rel":"","context":"Article similaire","block_context":{"text":"Article similaire","link":""},"img":{"alt_text":"escalade nottingham uk grimpisme","src":"https:\/\/i0.wp.com\/www.escalade.pro\/news\/wp-content\/uploads\/2024\/12\/IMG_4344-150x150.jpg?resize=350%2C200&ssl=1","width":350,"height":200,"srcset":"https:\/\/i0.wp.com\/www.escalade.pro\/news\/wp-content\/uploads\/2024\/12\/IMG_4344-150x150.jpg?resize=350%2C200&ssl=1 1x, https:\/\/i0.wp.com\/www.escalade.pro\/news\/wp-content\/uploads\/2024\/12\/IMG_4344-150x150.jpg?resize=525%2C300&ssl=1 1.5x, https:\/\/i0.wp.com\/www.escalade.pro\/news\/wp-content\/uploads\/2024\/12\/IMG_4344-150x150.jpg?resize=700%2C400&ssl=1 2x"},"classes":[]},{"id":40,"url":"https:\/\/www.escalade.pro\/news\/fred-vionnet\/","url_meta":{"origin":15579,"position":3},"title":"Fred Vionnet, entraineur, coach et moniteur escalade","author":"Fred Vionnet","date":"21 juillet 2013","format":false,"excerpt":"Fred Vionnet, grimpeur de haut niveau (Champion de France junior 2013 de difficult\u00e9), coach et entra\u00eeneur escalade.","rel":"","context":"Avec 4 commentaires","block_context":{"text":"Avec 4 commentaires","link":"https:\/\/www.escalade.pro\/news\/fred-vionnet\/#comments"},"img":{"alt_text":"escalade stage buoux","src":"https:\/\/i0.wp.com\/www.escalade.pro\/news\/wp-content\/uploads\/2022\/04\/DSC00222.jpg?resize=350%2C200&ssl=1","width":350,"height":200,"srcset":"https:\/\/i0.wp.com\/www.escalade.pro\/news\/wp-content\/uploads\/2022\/04\/DSC00222.jpg?resize=350%2C200&ssl=1 1x, https:\/\/i0.wp.com\/www.escalade.pro\/news\/wp-content\/uploads\/2022\/04\/DSC00222.jpg?resize=525%2C300&ssl=1 1.5x, https:\/\/i0.wp.com\/www.escalade.pro\/news\/wp-content\/uploads\/2022\/04\/DSC00222.jpg?resize=700%2C400&ssl=1 2x, https:\/\/i0.wp.com\/www.escalade.pro\/news\/wp-content\/uploads\/2022\/04\/DSC00222.jpg?resize=1050%2C600&ssl=1 3x, https:\/\/i0.wp.com\/www.escalade.pro\/news\/wp-content\/uploads\/2022\/04\/DSC00222.jpg?resize=1400%2C800&ssl=1 4x"},"classes":[]},{"id":28940,"url":"https:\/\/www.escalade.pro\/news\/archives-2025\/","url_meta":{"origin":15579,"position":4},"title":"Archives 2025","author":"Fred Vionnet","date":"5 janvier 2026","format":false,"excerpt":"Les archives 2025 de mes activit\u00e9s de coach et entraineur escalade. Photos, vid\u00e9os, articles, conseils entrainement, etc.","rel":"","context":"Article similaire","block_context":{"text":"Article similaire","link":""},"img":{"alt_text":"escalade haute savoie climbing","src":"https:\/\/i0.wp.com\/www.escalade.pro\/news\/wp-content\/uploads\/2025\/11\/IMG_5833.jpg?resize=350%2C200&ssl=1","width":350,"height":200,"srcset":"https:\/\/i0.wp.com\/www.escalade.pro\/news\/wp-content\/uploads\/2025\/11\/IMG_5833.jpg?resize=350%2C200&ssl=1 1x, https:\/\/i0.wp.com\/www.escalade.pro\/news\/wp-content\/uploads\/2025\/11\/IMG_5833.jpg?resize=525%2C300&ssl=1 1.5x, https:\/\/i0.wp.com\/www.escalade.pro\/news\/wp-content\/uploads\/2025\/11\/IMG_5833.jpg?resize=700%2C400&ssl=1 2x"},"classes":[]},{"id":24430,"url":"https:\/\/www.escalade.pro\/news\/archives-2023\/","url_meta":{"origin":15579,"position":5},"title":"Archives 2023","author":"Fred Vionnet","date":"4 janvier 2024","format":false,"excerpt":"Les archives de mon actualit\u00e9 sur l'ann\u00e9e 2023. Grimpe, escalade, articles, avis, tests, photos, vid\u00e9os et analyses.","rel":"","context":"Article similaire","block_context":{"text":"Article similaire","link":""},"img":{"alt_text":"escalade climbing saint leger du ventoux","src":"https:\/\/i0.wp.com\/www.escalade.pro\/news\/wp-content\/uploads\/2023\/10\/IMG_2563-scaled.jpg?resize=350%2C200&ssl=1","width":350,"height":200,"srcset":"https:\/\/i0.wp.com\/www.escalade.pro\/news\/wp-content\/uploads\/2023\/10\/IMG_2563-scaled.jpg?resize=350%2C200&ssl=1 1x, https:\/\/i0.wp.com\/www.escalade.pro\/news\/wp-content\/uploads\/2023\/10\/IMG_2563-scaled.jpg?resize=525%2C300&ssl=1 1.5x, https:\/\/i0.wp.com\/www.escalade.pro\/news\/wp-content\/uploads\/2023\/10\/IMG_2563-scaled.jpg?resize=700%2C400&ssl=1 2x, https:\/\/i0.wp.com\/www.escalade.pro\/news\/wp-content\/uploads\/2023\/10\/IMG_2563-scaled.jpg?resize=1050%2C600&ssl=1 3x, https:\/\/i0.wp.com\/www.escalade.pro\/news\/wp-content\/uploads\/2023\/10\/IMG_2563-scaled.jpg?resize=1400%2C800&ssl=1 4x"},"classes":[]}],"_links":{"self":[{"href":"https:\/\/www.escalade.pro\/news\/wp-json\/wp\/v2\/pages\/15579","targetHints":{"allow":["GET"]}}],"collection":[{"href":"https:\/\/www.escalade.pro\/news\/wp-json\/wp\/v2\/pages"}],"about":[{"href":"https:\/\/www.escalade.pro\/news\/wp-json\/wp\/v2\/types\/page"}],"author":[{"embeddable":true,"href":"https:\/\/www.escalade.pro\/news\/wp-json\/wp\/v2\/users\/1"}],"replies":[{"embeddable":true,"href":"https:\/\/www.escalade.pro\/news\/wp-json\/wp\/v2\/comments?post=15579"}],"version-history":[{"count":91,"href":"https:\/\/www.escalade.pro\/news\/wp-json\/wp\/v2\/pages\/15579\/revisions"}],"predecessor-version":[{"id":29320,"href":"https:\/\/www.escalade.pro\/news\/wp-json\/wp\/v2\/pages\/15579\/revisions\/29320"}],"wp:featuredmedia":[{"embeddable":true,"href":"https:\/\/www.escalade.pro\/news\/wp-json\/wp\/v2\/media\/17482"}],"wp:attachment":[{"href":"https:\/\/www.escalade.pro\/news\/wp-json\/wp\/v2\/media?parent=15579"}],"curies":[{"name":"wp","href":"https:\/\/api.w.org\/{rel}","templated":true}]}}