{"version":"1.0","provider_name":"L&#039;Arqu\u00e9e Libre - Fred Vionnet entraineur\/moniteur escalade","provider_url":"https:\/\/www.escalade.pro\/news","title":"Avalanche \u00e0 Bostan, t\u00e9moignage - Grimpisme","type":"rich","width":600,"height":338,"html":"<blockquote class=\"wp-embedded-content\" data-secret=\"I2h6yl2mfK\"><a href=\"https:\/\/www.escalade.pro\/news\/avalanche-bostan\/\">Avalanche \u00e0 Bostan, t\u00e9moignage<\/a><\/blockquote><iframe sandbox=\"allow-scripts\" security=\"restricted\" src=\"https:\/\/www.escalade.pro\/news\/avalanche-bostan\/embed\/#?secret=I2h6yl2mfK\" width=\"600\" height=\"338\" title=\"\u00ab\u00a0Avalanche \u00e0 Bostan, t\u00e9moignage\u00a0\u00bb &#8212; L&#039;Arqu\u00e9e Libre - Fred Vionnet entraineur\/moniteur escalade\" data-secret=\"I2h6yl2mfK\" frameborder=\"0\" marginwidth=\"0\" marginheight=\"0\" scrolling=\"no\" class=\"wp-embedded-content\"><\/iframe><script type=\"text\/javascript\">\n\/* <![CDATA[ *\/\n\/*! This file is auto-generated *\/\n!function(d,l){\"use strict\";l.querySelector&&d.addEventListener&&\"undefined\"!=typeof URL&&(d.wp=d.wp||{},d.wp.receiveEmbedMessage||(d.wp.receiveEmbedMessage=function(e){var t=e.data;if((t||t.secret||t.message||t.value)&&!\/[^a-zA-Z0-9]\/.test(t.secret)){for(var s,r,n,a=l.querySelectorAll('iframe[data-secret=\"'+t.secret+'\"]'),o=l.querySelectorAll('blockquote[data-secret=\"'+t.secret+'\"]'),c=new RegExp(\"^https?:$\",\"i\"),i=0;i<o.length;i++)o[i].style.display=\"none\";for(i=0;i<a.length;i++)s=a[i],e.source===s.contentWindow&&(s.removeAttribute(\"style\"),\"height\"===t.message?(1e3<(r=parseInt(t.value,10))?r=1e3:~~r<200&&(r=200),s.height=r):\"link\"===t.message&&(r=new URL(s.getAttribute(\"src\")),n=new URL(t.value),c.test(n.protocol))&&n.host===r.host&&l.activeElement===s&&(d.top.location.href=t.value))}},d.addEventListener(\"message\",d.wp.receiveEmbedMessage,!1),l.addEventListener(\"DOMContentLoaded\",function(){for(var e,t,s=l.querySelectorAll(\"iframe.wp-embedded-content\"),r=0;r<s.length;r++)(t=(e=s[r]).getAttribute(\"data-secret\"))||(t=Math.random().toString(36).substring(2,12),e.src+=\"#?secret=\"+t,e.setAttribute(\"data-secret\",t)),e.contentWindow.postMessage({message:\"ready\",secret:t},\"*\")},!1)))}(window,document);\n\/\/# sourceURL=https:\/\/www.escalade.pro\/news\/wp-includes\/js\/wp-embed.min.js\n\/* ]]> *\/\n<\/script>\n","thumbnail_url":"https:\/\/www.escalade.pro\/news\/wp-content\/uploads\/2018\/03\/P1110416-1024x768.jpg","thumbnail_width":1024,"thumbnail_height":768,"description":"Hier, dimanche, nous \u00e9tions parmi les nombreux t\u00e9moins qui ont assist\u00e9 \u00e0 l\u2019accident dans la combe de Bostan. L\u2019avalanche a co\u00fbt\u00e9 la vie \u00e0 une personne. L\u2019id\u00e9e de ce post n\u2019est pas de donner des le\u00e7ons, mais de partager ce que nous sommes nombreux \u00e0 avoir vu et compris (ou pas) depuis l\u2019autre versant de la combe."}